{"id":3754,"date":"2019-09-13T07:05:55","date_gmt":"2019-09-13T07:05:55","guid":{"rendered":"https:\/\/glynisgermancelebrant.com\/?page_id=3754"},"modified":"2025-12-31T11:10:36","modified_gmt":"2025-12-31T11:10:36","slug":"testimonios","status":"publish","type":"page","link":"https:\/\/glynisgermancelebrant.com\/es\/testimonios\/","title":{"rendered":"Testimonios"},"content":{"rendered":"<p>[et_pb_section fb_built=\u00bb1&#8243; _builder_version=\u00bb4.16&#8243; background_image=\u00bbhttps:\/\/glynisgermancelebrant.com\/wp-content\/uploads\/2019\/07\/wedding-ceremonies-celebrant-mallorca-spain59.jpg\u00bb custom_padding=\u00bb150px||150px||true|false\u00bb global_colors_info=\u00bb{}\u00bb][et_pb_row _builder_version=\u00bb4.16&#8243; global_colors_info=\u00bb{}\u00bb][et_pb_column type=\u00bb4_4&#8243; _builder_version=\u00bb4.16&#8243; global_colors_info=\u00bb{}\u00bb][et_pb_text _builder_version=\u00bb4.16&#8243; background_layout=\u00bbdark\u00bb text_text_shadow_style=\u00bbpreset3&#8243; global_colors_info=\u00bb{}\u00bb]<\/p>\n<h1>Testimonios<\/h1>\n<p>[\/et_pb_text][\/et_pb_column][\/et_pb_row][\/et_pb_section][et_pb_section fb_built=\u00bb1&#8243; _builder_version=\u00bb4.16&#8243; background_image=\u00bbhttps:\/\/glynisgermancelebrant.com\/wp-content\/uploads\/2019\/06\/logo03.png\u00bb background_size=\u00bbinitial\u00bb custom_margin=\u00bb||||false|false\u00bb custom_padding=\u00bb||||false|false\u00bb global_colors_info=\u00bb{}\u00bb][et_pb_row column_structure=\u00bb1_2,1_2&#8243; make_equal=\u00bbon\u00bb padding_top_bottom_link_2=\u00bbtrue\u00bb padding_left_right_link_2=\u00bbtrue\u00bb module_class=\u00bbcolumn-border\u00bb _builder_version=\u00bb4.27.5&#8243; custom_margin=\u00bb||||false|false\u00bb global_colors_info=\u00bb{}\u00bb][et_pb_column type=\u00bb1_2&#8243; _builder_version=\u00bb4.27.5&#8243; background_image=\u00bbhttps:\/\/glynisgermancelebrant.com\/wp-content\/uploads\/2025\/12\/Aimee-K-Samantha-Griffin-Elopement-312-scaled.jpg\u00bb custom_padding=\u00bb150px||150px||false|false\u00bb global_colors_info=\u00bb{}\u00bb custom_padding__hover=\u00bb|||\u00bb][\/et_pb_column][et_pb_column type=\u00bb1_2&#8243; _builder_version=\u00bb4.27.5&#8243; background_color=\u00bbrgba(255,255,255,0.76)\u00bb custom_padding=\u00bb100px|40px|100px|40px\u00bb global_colors_info=\u00bb{}\u00bb custom_padding__hover=\u00bb|||\u00bb][et_pb_text _builder_version=\u00bb4.16&#8243; text_font=\u00bb||||||||\u00bb text_orientation=\u00bbcenter\u00bb global_colors_info=\u00bb{}\u00bb]<\/p>\n<h2>Boda \u00edntima de Sami y Griffin<\/h2>\n<p>Glynis fue la oficiante de nuestra boda y fue absolutamente incre\u00edble. Hizo que todo fuera muy especial y personalizado. Fue realmente un d\u00eda perfecto. \u00a1La recomendamos al 100 %!<\/p>\n<p>[\/et_pb_text][\/et_pb_column][\/et_pb_row][\/et_pb_section][et_pb_section fb_built=\u00bb1&#8243; _builder_version=\u00bb4.16&#8243; background_color=\u00bb#feb386&#8243; background_enable_image=\u00bboff\u00bb background_size=\u00bbinitial\u00bb background_position=\u00bbbottom_center\u00bb custom_margin=\u00bb||||false|false\u00bb custom_padding=\u00bb||||false|false\u00bb global_colors_info=\u00bb{}\u00bb][et_pb_row column_structure=\u00bb1_2,1_2&#8243; make_equal=\u00bbon\u00bb padding_top_bottom_link_2=\u00bbtrue\u00bb padding_left_right_link_2=\u00bbtrue\u00bb module_class=\u00bbcolumn-border custom_row\u00bb _builder_version=\u00bb4.27.5&#8243; custom_margin=\u00bb||||false|false\u00bb global_colors_info=\u00bb{}\u00bb][et_pb_column type=\u00bb1_2&#8243; module_class=\u00bbsecond-on-mobile\u00bb _builder_version=\u00bb4.27.5&#8243; background_color=\u00bbrgba(255,255,255,0.89)\u00bb background_enable_image=\u00bboff\u00bb custom_padding=\u00bb100px|40px|100px|40px|true|true\u00bb global_colors_info=\u00bb{}\u00bb custom_padding__hover=\u00bb|||\u00bb][et_pb_text _builder_version=\u00bb4.16&#8243; text_font=\u00bb||||||||\u00bb text_orientation=\u00bbcenter\u00bb global_colors_info=\u00bb{}\u00bb]<\/p>\n<h2>Renovaci\u00f3n Votos de Natalie y Alec<\/h2>\n<p>Desde la consulta inicial a trav\u00e9s de Zoom hasta el d\u00eda final, todo fue brillante. Glynis se asegur\u00f3 de hacernos todas las preguntas adecuadas para conocernos realmente a nosotros y nuestra historia.<\/p>\n<p>Su presencia durante toda la ceremonia de renovaci\u00f3n de votos fue sincera y captur\u00f3 nuestra historia a la perfecci\u00f3n, \u00a1con algunos momentos realmente divertidos! Un 10\/10 en todos los sentidos.<\/p>\n<p>[\/et_pb_text][\/et_pb_column][et_pb_column type=\u00bb1_2&#8243; module_class=\u00bbfirst-on-mobile\u00bb _builder_version=\u00bb4.27.5&#8243; background_color=\u00bb#ffffff\u00bb background_image=\u00bbhttps:\/\/glynisgermancelebrant.com\/wp-content\/uploads\/2025\/12\/Ceremony-1.jpeg\u00bb custom_padding=\u00bb150px||150px||false|false\u00bb global_colors_info=\u00bb{}\u00bb custom_padding__hover=\u00bb|||\u00bb][\/et_pb_column][\/et_pb_row][\/et_pb_section][et_pb_section fb_built=\u00bb1&#8243; _builder_version=\u00bb4.16&#8243; background_image=\u00bbhttps:\/\/glynisgermancelebrant.com\/wp-content\/uploads\/2019\/06\/logo03.png\u00bb background_size=\u00bbinitial\u00bb custom_margin=\u00bb||||false|false\u00bb custom_padding=\u00bb||||false|false\u00bb global_colors_info=\u00bb{}\u00bb][et_pb_row column_structure=\u00bb1_2,1_2&#8243; make_equal=\u00bbon\u00bb padding_top_bottom_link_2=\u00bbtrue\u00bb padding_left_right_link_2=\u00bbtrue\u00bb module_class=\u00bbcolumn-border\u00bb _builder_version=\u00bb4.27.5&#8243; custom_margin=\u00bb||||false|false\u00bb global_colors_info=\u00bb{}\u00bb][et_pb_column type=\u00bb1_2&#8243; _builder_version=\u00bb4.27.5&#8243; background_image=\u00bbhttps:\/\/glynisgermancelebrant.com\/wp-content\/uploads\/2025\/12\/HannahandDeclan_0085_websize.jpg\u00bb custom_padding=\u00bb150px||150px||false|false\u00bb global_colors_info=\u00bb{}\u00bb custom_padding__hover=\u00bb|||\u00bb][\/et_pb_column][et_pb_column type=\u00bb1_2&#8243; _builder_version=\u00bb4.27.5&#8243; background_color=\u00bbrgba(255,255,255,0.76)\u00bb custom_padding=\u00bb100px|40px|100px|40px\u00bb global_colors_info=\u00bb{}\u00bb custom_padding__hover=\u00bb|||\u00bb][et_pb_text _builder_version=\u00bb4.16&#8243; text_font=\u00bb||||||||\u00bb text_orientation=\u00bbcenter\u00bb global_colors_info=\u00bb{}\u00bb]<\/p>\n<h2>Boda de Hannah y Declan<\/h2>\n<p>\u00a1Glynis tiene un alma preciosa que irradia luz!<span class=\"Apple-converted-space\">\u00a0 <\/span>Desde la primera charla por Zoom, supimos que hab\u00edamos encontrado a la oficiante adecuada. Hizo que nuestra peque\u00f1a e \u00edntima boda fuera muy relajada y personal. Glynis te hace sentir c\u00f3modo al instante y te recuerda que te diviertas. \u00a1Gracias de nuevo por hacer que el d\u00eda de nuestra boda fuera tan especial!<\/p>\n<p>[\/et_pb_text][\/et_pb_column][\/et_pb_row][\/et_pb_section][et_pb_section fb_built=\u00bb1&#8243; _builder_version=\u00bb4.16&#8243; background_color=\u00bb#feb386&#8243; background_enable_image=\u00bboff\u00bb background_size=\u00bbinitial\u00bb background_position=\u00bbbottom_center\u00bb custom_margin=\u00bb||||false|false\u00bb custom_padding=\u00bb||||false|false\u00bb global_colors_info=\u00bb{}\u00bb][et_pb_row column_structure=\u00bb1_2,1_2&#8243; make_equal=\u00bbon\u00bb padding_top_bottom_link_2=\u00bbtrue\u00bb padding_left_right_link_2=\u00bbtrue\u00bb module_class=\u00bbcolumn-border custom_row\u00bb _builder_version=\u00bb4.27.5&#8243; custom_margin=\u00bb||||false|false\u00bb global_colors_info=\u00bb{}\u00bb][et_pb_column type=\u00bb1_2&#8243; module_class=\u00bbsecond-on-mobile\u00bb _builder_version=\u00bb4.16&#8243; background_color=\u00bbrgba(255,255,255,0.89)\u00bb background_enable_image=\u00bboff\u00bb custom_padding=\u00bb100px|40px|100px|40px|true|true\u00bb global_colors_info=\u00bb{}\u00bb custom_padding__hover=\u00bb|||\u00bb][et_pb_text _builder_version=\u00bb4.16&#8243; text_font=\u00bb||||||||\u00bb text_orientation=\u00bbcenter\u00bb global_colors_info=\u00bb{}\u00bb]<\/p>\n<h2>Boda de Rhian y Johan<\/h2>\n<p>Glynis fue una oficiante maravillosa para nosotros! Aporta mucha energ\u00eda positiva y amabilidad, y te hace sentir muy c\u00f3modo y seguro en el camino hacia el matrimonio y en el d\u00eda de la boda. Su ceremonia personalizada fue perfecta, con momentos de alegr\u00eda, profundidad emocional y humor, y fue perfecta para nosotros. A nuestros invitados tambi\u00e9n les encant\u00f3 y pensaron que era estupenda. La recomendamos encarecidamente, har\u00e1 que tu d\u00eda sea m\u00e1s especial de lo que puedas imaginar.<\/p>\n<p>[\/et_pb_text][\/et_pb_column][et_pb_column type=\u00bb1_2&#8243; module_class=\u00bbfirst-on-mobile\u00bb _builder_version=\u00bb4.27.5&#8243; background_color=\u00bb#ffffff\u00bb background_image=\u00bbhttps:\/\/glynisgermancelebrant.com\/wp-content\/uploads\/2025\/12\/WhatsApp-Image-2025-12-22-at-20.11.18.jpeg\u00bb custom_padding=\u00bb150px||150px||false|false\u00bb global_colors_info=\u00bb{}\u00bb custom_padding__hover=\u00bb|||\u00bb][\/et_pb_column][\/et_pb_row][\/et_pb_section][et_pb_section fb_built=\u00bb1&#8243; _builder_version=\u00bb4.16&#8243; background_image=\u00bbhttps:\/\/glynisgermancelebrant.com\/wp-content\/uploads\/2019\/06\/logo03.png\u00bb background_size=\u00bbinitial\u00bb custom_margin=\u00bb||||false|false\u00bb custom_padding=\u00bb||||false|false\u00bb global_colors_info=\u00bb{}\u00bb][et_pb_row column_structure=\u00bb1_2,1_2&#8243; make_equal=\u00bbon\u00bb padding_top_bottom_link_2=\u00bbtrue\u00bb padding_left_right_link_2=\u00bbtrue\u00bb module_class=\u00bbcolumn-border\u00bb _builder_version=\u00bb4.27.5&#8243; custom_margin=\u00bb||||false|false\u00bb global_colors_info=\u00bb{}\u00bb][et_pb_column type=\u00bb1_2&#8243; _builder_version=\u00bb4.27.5&#8243; background_image=\u00bbhttps:\/\/glynisgermancelebrant.com\/wp-content\/uploads\/2025\/12\/0526-HarriettRossJune6th2025-scaled.jpg\u00bb custom_padding=\u00bb150px||150px||false|false\u00bb global_colors_info=\u00bb{}\u00bb custom_padding__hover=\u00bb|||\u00bb][\/et_pb_column][et_pb_column type=\u00bb1_2&#8243; _builder_version=\u00bb4.27.5&#8243; background_color=\u00bbrgba(255,255,255,0.76)\u00bb custom_padding=\u00bb100px|40px|100px|40px\u00bb global_colors_info=\u00bb{}\u00bb custom_padding__hover=\u00bb|||\u00bb][et_pb_text _builder_version=\u00bb4.16&#8243; text_font=\u00bb||||||||\u00bb text_orientation=\u00bbcenter\u00bb global_colors_info=\u00bb{}\u00bb]<\/p>\n<h2>Boda de Harriett y Ross<\/h2>\n<p>\u00bfQu\u00e9 puedo decir? Glynis estuvo incre\u00edble en nuestra boda y fue lo m\u00e1s destacado, \u00a1es absolutamente fabulosa!<\/p>\n<p>Nuestra boda fue muy especial y \u00fanica para nosotros. Le dimos a Glynis los datos y ella nos regal\u00f3 una historia. Glynis es incre\u00edble respondiendo r\u00e1pido y entreg\u00e1ndote todo lo antes posible. Nos encant\u00f3 su puntualidad, c\u00f3mo se mezcl\u00f3 con nuestros invitados y lo impecable que iba vestida.<\/p>\n<p>Contrata a Glynis para tu boda, \u00a1no te arrepentir\u00e1s!<\/p>\n<p>[\/et_pb_text][\/et_pb_column][\/et_pb_row][\/et_pb_section][et_pb_section fb_built=\u00bb1&#8243; _builder_version=\u00bb4.16&#8243; background_color=\u00bb#feb386&#8243; background_enable_image=\u00bboff\u00bb background_size=\u00bbinitial\u00bb background_position=\u00bbbottom_center\u00bb custom_margin=\u00bb||||false|false\u00bb custom_padding=\u00bb||||false|false\u00bb global_colors_info=\u00bb{}\u00bb][et_pb_row column_structure=\u00bb1_2,1_2&#8243; make_equal=\u00bbon\u00bb padding_top_bottom_link_2=\u00bbtrue\u00bb padding_left_right_link_2=\u00bbtrue\u00bb module_class=\u00bbcolumn-border custom_row\u00bb _builder_version=\u00bb4.27.5&#8243; custom_margin=\u00bb||||false|false\u00bb global_colors_info=\u00bb{}\u00bb][et_pb_column type=\u00bb1_2&#8243; module_class=\u00bbsecond-on-mobile\u00bb _builder_version=\u00bb4.16&#8243; background_color=\u00bbrgba(255,255,255,0.89)\u00bb background_enable_image=\u00bboff\u00bb custom_padding=\u00bb100px|40px|100px|40px|true|true\u00bb global_colors_info=\u00bb{}\u00bb custom_padding__hover=\u00bb|||\u00bb][et_pb_text _builder_version=\u00bb4.16&#8243; text_font=\u00bb||||||||\u00bb text_orientation=\u00bbcenter\u00bb global_colors_info=\u00bb{}\u00bb]<\/p>\n<h2>Boda de Jordanna y Max<\/h2>\n<p>Glynis cre\u00f3 la ceremonia de nuestros sue\u00f1os. Para nosotros era muy importante lograr un equilibrio entre el romanticismo y la emoci\u00f3n, pero tambi\u00e9n divertirnos un poco, y ella lo consigui\u00f3 a la perfecci\u00f3n. Habl\u00f3 desde la perspectiva de una amiga que nos conoc\u00eda desde siempre, cont\u00f3 nuestra historia de una manera preciosa e hizo que nuestros invitados se sintieran muy bienvenidos al mezclarse con ellos antes y despu\u00e9s. Muchos de nuestros amigos y familiares dijeron que fue la mejor ceremonia a la que hab\u00edan asistido y (aunque quiz\u00e1 seamos un poco parciales) no podr\u00edamos estar m\u00e1s de acuerdo.<\/p>\n<p>[\/et_pb_text][\/et_pb_column][et_pb_column type=\u00bb1_2&#8243; module_class=\u00bbfirst-on-mobile\u00bb _builder_version=\u00bb4.27.5&#8243; background_color=\u00bb#ffffff\u00bb background_image=\u00bbhttps:\/\/glynisgermancelebrant.com\/wp-content\/uploads\/2025\/12\/Giggles-1-scaled.jpeg\u00bb custom_padding=\u00bb150px||150px||false|false\u00bb global_colors_info=\u00bb{}\u00bb custom_padding__hover=\u00bb|||\u00bb][\/et_pb_column][\/et_pb_row][\/et_pb_section][et_pb_section fb_built=\u00bb1&#8243; _builder_version=\u00bb4.16&#8243; background_image=\u00bbhttps:\/\/glynisgermancelebrant.com\/wp-content\/uploads\/2019\/06\/logo03.png\u00bb background_size=\u00bbinitial\u00bb custom_margin=\u00bb||||false|false\u00bb custom_padding=\u00bb||||false|false\u00bb global_colors_info=\u00bb{}\u00bb][et_pb_row column_structure=\u00bb1_2,1_2&#8243; make_equal=\u00bbon\u00bb padding_top_bottom_link_2=\u00bbtrue\u00bb padding_left_right_link_2=\u00bbtrue\u00bb module_class=\u00bbcolumn-border\u00bb _builder_version=\u00bb4.27.5&#8243; custom_margin=\u00bb||||false|false\u00bb global_colors_info=\u00bb{}\u00bb][et_pb_column type=\u00bb1_2&#8243; _builder_version=\u00bb4.27.5&#8243; background_image=\u00bbhttps:\/\/glynisgermancelebrant.com\/wp-content\/uploads\/2025\/12\/Ceremony-1-1.jpeg\u00bb custom_padding=\u00bb150px||150px||false|false\u00bb global_colors_info=\u00bb{}\u00bb custom_padding__hover=\u00bb|||\u00bb][\/et_pb_column][et_pb_column type=\u00bb1_2&#8243; _builder_version=\u00bb4.27.5&#8243; background_color=\u00bbrgba(255,255,255,0.76)\u00bb custom_padding=\u00bb100px|40px|100px|40px\u00bb global_colors_info=\u00bb{}\u00bb custom_padding__hover=\u00bb|||\u00bb][et_pb_text _builder_version=\u00bb4.16&#8243; text_font=\u00bb||||||||\u00bb text_orientation=\u00bbcenter\u00bb global_colors_info=\u00bb{}\u00bb]<\/p>\n<h2>Boda de Courtney y Joel<\/h2>\n<p>Nuestra ceremonia fue tal y como esper\u00e1bamos, y por eso estamos realmente agradecidos. La atenci\u00f3n al detalle <span>de Glynis<\/span>, su disposici\u00f3n a aprender y a conocernos como pareja y su experiencia realmente lo completaron todo. No nos arrepentimos en absoluto de haber elegido a Glynis para casarnos.<\/p>\n<p>[\/et_pb_text][\/et_pb_column][\/et_pb_row][\/et_pb_section][et_pb_section fb_built=\u00bb1&#8243; _builder_version=\u00bb4.16&#8243; background_color=\u00bb#feb386&#8243; background_enable_image=\u00bboff\u00bb background_size=\u00bbinitial\u00bb background_position=\u00bbbottom_center\u00bb custom_margin=\u00bb||||false|false\u00bb custom_padding=\u00bb||||false|false\u00bb global_colors_info=\u00bb{}\u00bb][et_pb_row column_structure=\u00bb1_2,1_2&#8243; make_equal=\u00bbon\u00bb padding_top_bottom_link_2=\u00bbtrue\u00bb padding_left_right_link_2=\u00bbtrue\u00bb module_class=\u00bbcolumn-border custom_row\u00bb _builder_version=\u00bb4.27.5&#8243; custom_margin=\u00bb||||false|false\u00bb global_colors_info=\u00bb{}\u00bb][et_pb_column type=\u00bb1_2&#8243; module_class=\u00bbsecond-on-mobile\u00bb _builder_version=\u00bb4.16&#8243; background_color=\u00bbrgba(255,255,255,0.89)\u00bb background_enable_image=\u00bboff\u00bb custom_padding=\u00bb100px|40px|100px|40px|true|true\u00bb global_colors_info=\u00bb{}\u00bb custom_padding__hover=\u00bb|||\u00bb][et_pb_text _builder_version=\u00bb4.16&#8243; text_font=\u00bb||||||||\u00bb text_orientation=\u00bbcenter\u00bb global_colors_info=\u00bb{}\u00bb]<\/p>\n<h2>Renovaci\u00f3n Votos de Talia y Paul<\/h2>\n<p>La ceremonia fue fant\u00e1stica y, aunque ten\u00edamos nuestras expectativas, el esfuerzo de Glynis por personalizarla para nosotros super\u00f3 con creces lo que hab\u00edamos imaginado. Glynis fue muy amable y c\u00e1lida. Nos pareci\u00f3 que la conoc\u00edamos desde hac\u00eda mucho tiempo.<\/p>\n<p>Si quieres asegurarte una ceremonia perfecta, personalizada seg\u00fan tus necesidades y adaptada a c\u00f3mo quieres que sea el servicio, informal, formal, divertida, tradicional, etc., ella lo adaptar\u00e1 exactamente como t\u00fa quieras. \u00a1De primera clase!<\/p>\n<p>[\/et_pb_text][\/et_pb_column][et_pb_column type=\u00bb1_2&#8243; module_class=\u00bbfirst-on-mobile\u00bb _builder_version=\u00bb4.27.5&#8243; background_color=\u00bb#ffffff\u00bb background_image=\u00bbhttps:\/\/glynisgermancelebrant.com\/wp-content\/uploads\/2025\/12\/unnamed.jpeg\u00bb custom_padding=\u00bb150px||150px||false|false\u00bb global_colors_info=\u00bb{}\u00bb custom_padding__hover=\u00bb|||\u00bb][\/et_pb_column][\/et_pb_row][\/et_pb_section][et_pb_section fb_built=\u00bb1&#8243; _builder_version=\u00bb4.16&#8243; background_image=\u00bbhttps:\/\/glynisgermancelebrant.com\/wp-content\/uploads\/2019\/06\/logo03.png\u00bb background_size=\u00bbinitial\u00bb custom_margin=\u00bb||||false|false\u00bb custom_padding=\u00bb||||false|false\u00bb global_colors_info=\u00bb{}\u00bb][et_pb_row column_structure=\u00bb1_2,1_2&#8243; make_equal=\u00bbon\u00bb padding_top_bottom_link_2=\u00bbtrue\u00bb padding_left_right_link_2=\u00bbtrue\u00bb module_class=\u00bbcolumn-border\u00bb _builder_version=\u00bb4.27.5&#8243; custom_margin=\u00bb||||false|false\u00bb global_colors_info=\u00bb{}\u00bb][et_pb_column type=\u00bb1_2&#8243; _builder_version=\u00bb4.27.5&#8243; background_image=\u00bbhttps:\/\/glynisgermancelebrant.com\/wp-content\/uploads\/2025\/12\/20250722-Ana-Adriana-Photography-19Sneak-Peek_websize.jpg\u00bb custom_padding=\u00bb150px||150px||false|false\u00bb global_colors_info=\u00bb{}\u00bb custom_padding__hover=\u00bb|||\u00bb][\/et_pb_column][et_pb_column type=\u00bb1_2&#8243; _builder_version=\u00bb4.16&#8243; background_color=\u00bbrgba(255,255,255,0.76)\u00bb custom_padding=\u00bb100px|40px|100px|40px\u00bb global_colors_info=\u00bb{}\u00bb custom_padding__hover=\u00bb|||\u00bb][et_pb_text _builder_version=\u00bb4.16&#8243; text_font=\u00bb||||||||\u00bb text_orientation=\u00bbcenter\u00bb global_colors_info=\u00bb{}\u00bb]<\/p>\n<h2>Boda \u00edntima de Sam y Jake<\/h2>\n<p>\u00a1Glynis estuvo absolutamente incre\u00edble de principio a fin!<\/p>\n<p>Lo pasamos de maravilla en nuestra boda con ella, aport\u00f3 energ\u00eda, bromas y nos hizo sentir a todos incre\u00edblemente c\u00f3modos.<\/p>\n<p>\u00a1Recomendar\u00eda a Glynis sin dudarlo a todo el mundo!<\/p>\n<p>[\/et_pb_text][\/et_pb_column][\/et_pb_row][\/et_pb_section][et_pb_section fb_built=\u00bb1&#8243; _builder_version=\u00bb4.16&#8243; background_color=\u00bb#feb386&#8243; background_enable_image=\u00bboff\u00bb background_size=\u00bbinitial\u00bb background_position=\u00bbbottom_center\u00bb custom_margin=\u00bb||||false|false\u00bb custom_padding=\u00bb||||false|false\u00bb global_colors_info=\u00bb{}\u00bb][et_pb_row column_structure=\u00bb1_2,1_2&#8243; make_equal=\u00bbon\u00bb padding_top_bottom_link_2=\u00bbtrue\u00bb padding_left_right_link_2=\u00bbtrue\u00bb module_class=\u00bbcolumn-border custom_row\u00bb _builder_version=\u00bb4.27.5&#8243; custom_margin=\u00bb||||false|false\u00bb global_colors_info=\u00bb{}\u00bb][et_pb_column type=\u00bb1_2&#8243; module_class=\u00bbsecond-on-mobile\u00bb _builder_version=\u00bb4.16&#8243; background_color=\u00bbrgba(255,255,255,0.89)\u00bb background_enable_image=\u00bboff\u00bb custom_padding=\u00bb100px|40px|100px|40px|true|true\u00bb global_colors_info=\u00bb{}\u00bb custom_padding__hover=\u00bb|||\u00bb][et_pb_text _builder_version=\u00bb4.16&#8243; text_font=\u00bb||||||||\u00bb text_orientation=\u00bbcenter\u00bb global_colors_info=\u00bb{}\u00bb]<\/p>\n<h2>Boda de Emma y Jonathan<\/h2>\n<p>Glynis tiene mucho talento en lo que hace y siempre recordaremos con cari\u00f1o los recuerdos que nos ayud\u00f3 a crear. Estamos muy agradecidos de haber tenido a Glynis a nuestro lado en nuestro d\u00eda especial y esperamos seguir en contacto con ella durante muchos a\u00f1os.<\/p>\n<p>[\/et_pb_text][\/et_pb_column][et_pb_column type=\u00bb1_2&#8243; module_class=\u00bbfirst-on-mobile\u00bb _builder_version=\u00bb4.27.5&#8243; background_color=\u00bb#ffffff\u00bb background_image=\u00bbhttps:\/\/glynisgermancelebrant.com\/wp-content\/uploads\/2025\/12\/WhatsApp-Image-2025-12-23-at-06.52.21.jpeg\u00bb custom_padding=\u00bb150px||150px||false|false\u00bb global_colors_info=\u00bb{}\u00bb custom_padding__hover=\u00bb|||\u00bb][\/et_pb_column][\/et_pb_row][\/et_pb_section][et_pb_section fb_built=\u00bb1&#8243; _builder_version=\u00bb4.16&#8243; background_image=\u00bbhttps:\/\/glynisgermancelebrant.com\/wp-content\/uploads\/2019\/06\/logo03.png\u00bb background_size=\u00bbinitial\u00bb custom_margin=\u00bb||||false|false\u00bb custom_padding=\u00bb||||false|false\u00bb global_colors_info=\u00bb{}\u00bb][et_pb_row column_structure=\u00bb1_2,1_2&#8243; make_equal=\u00bbon\u00bb padding_top_bottom_link_2=\u00bbtrue\u00bb padding_left_right_link_2=\u00bbtrue\u00bb module_class=\u00bbcolumn-border\u00bb _builder_version=\u00bb4.27.5&#8243; custom_margin=\u00bb||||false|false\u00bb global_colors_info=\u00bb{}\u00bb][et_pb_column type=\u00bb1_2&#8243; _builder_version=\u00bb4.27.5&#8243; background_image=\u00bbhttps:\/\/glynisgermancelebrant.com\/wp-content\/uploads\/2025\/12\/WhatsApp-Image-2025-12-29-at-20.51.54.jpeg\u00bb background_position=\u00bbtop_center\u00bb custom_padding=\u00bb150px||150px||false|false\u00bb global_colors_info=\u00bb{}\u00bb custom_padding__hover=\u00bb|||\u00bb][\/et_pb_column][et_pb_column type=\u00bb1_2&#8243; _builder_version=\u00bb4.16&#8243; background_color=\u00bbrgba(255,255,255,0.76)\u00bb custom_padding=\u00bb100px|40px|100px|40px\u00bb global_colors_info=\u00bb{}\u00bb custom_padding__hover=\u00bb|||\u00bb][et_pb_text _builder_version=\u00bb4.16&#8243; text_font=\u00bb||||||||\u00bb text_orientation=\u00bbcenter\u00bb global_colors_info=\u00bb{}\u00bb]<\/p>\n<h2>Boda de Holly y Luke<\/h2>\n<p data-start=\"147\" data-end=\"535\">Desde el primer momento en que hablamos contigo, supimos que eras la persona perfecta para casarnos. Trabajar contigo fue un sue\u00f1o: tranquila, amable, comprensiva y tan atenta en la manera en que nos guiaste durante todo el proceso. Te tomaste el tiempo de conocernos de verdad y de conocer nuestra historia, y luego supiste entrelazarlo todo de una manera tan bonita y significativa.<\/p>\n<p data-start=\"537\" data-end=\"925\">El d\u00eda de la boda creaste una atm\u00f3sfera exactamente como la hab\u00edamos imaginado: cercana, personal, emotiva y llena de amor. Nuestra familia y amigos no han dejado de comentar lo much\u00edsimo que les encant\u00f3 la ceremonia. Todos dijeron lo maravillosamente que contaste nuestra historia y lo especial y \u00fanico que se sinti\u00f3 el servicio. Eso fue gracias a ti, y te lo agradecemos de coraz\u00f3n.<\/p>\n<p data-start=\"927\" data-end=\"1156\">Nos sentimos realmente honrados de haberte tenido all\u00ed con nosotros en uno de los momentos m\u00e1s importantes de nuestras vidas. Fue un privilegio compartirlo contigo. Siempre tendr\u00e1s un lugar muy especial en nuestros corazones.<\/p>\n<p data-start=\"1158\" data-end=\"1212\">Gracias, de todo coraz\u00f3n, por todo lo que hiciste.<\/p>\n<p>[\/et_pb_text][\/et_pb_column][\/et_pb_row][\/et_pb_section][et_pb_section fb_built=\u00bb1&#8243; _builder_version=\u00bb4.16&#8243; background_color=\u00bb#feb386&#8243; background_enable_image=\u00bboff\u00bb background_size=\u00bbinitial\u00bb background_position=\u00bbbottom_center\u00bb custom_margin=\u00bb||||false|false\u00bb custom_padding=\u00bb||||false|false\u00bb global_colors_info=\u00bb{}\u00bb][et_pb_row column_structure=\u00bb1_2,1_2&#8243; make_equal=\u00bbon\u00bb padding_top_bottom_link_2=\u00bbtrue\u00bb padding_left_right_link_2=\u00bbtrue\u00bb module_class=\u00bbcolumn-border custom_row\u00bb _builder_version=\u00bb4.27.5&#8243; custom_margin=\u00bb||||false|false\u00bb global_colors_info=\u00bb{}\u00bb][et_pb_column type=\u00bb1_2&#8243; module_class=\u00bbsecond-on-mobile\u00bb _builder_version=\u00bb4.16&#8243; background_color=\u00bbrgba(255,255,255,0.89)\u00bb background_enable_image=\u00bboff\u00bb custom_padding=\u00bb100px|40px|100px|40px|true|true\u00bb global_colors_info=\u00bb{}\u00bb custom_padding__hover=\u00bb|||\u00bb][et_pb_text _builder_version=\u00bb4.16&#8243; text_font=\u00bb||||||||\u00bb text_orientation=\u00bbcenter\u00bb global_colors_info=\u00bb{}\u00bb]<\/p>\n<h2>Boda de Vienna y Jehan<\/h2>\n<p>Muchas gracias de nuevo por la ceremonia tan impresionante, \u00a1estamos encantados con las palabras y con lo bonita que fue gracias a ti! No podr\u00edamos haber deseado nada m\u00e1s, fue tan personal, sagrada y especial. Gracias, gracias, gracias, gracias por hacer posible un d\u00eda tan bonito.<span class=\"Apple-converted-space\">\u00a0<\/span><\/p>\n<p>[\/et_pb_text][\/et_pb_column][et_pb_column type=\u00bb1_2&#8243; module_class=\u00bbfirst-on-mobile\u00bb _builder_version=\u00bb4.27.5&#8243; background_color=\u00bb#ffffff\u00bb background_image=\u00bbhttps:\/\/glynisgermancelebrant.com\/wp-content\/uploads\/2025\/12\/Ceremony-3.jpg\u00bb custom_padding=\u00bb150px||150px||false|false\u00bb global_colors_info=\u00bb{}\u00bb custom_padding__hover=\u00bb|||\u00bb][\/et_pb_column][\/et_pb_row][\/et_pb_section][et_pb_section fb_built=\u00bb1&#8243; _builder_version=\u00bb4.16&#8243; background_image=\u00bbhttps:\/\/glynisgermancelebrant.com\/wp-content\/uploads\/2019\/06\/logo03.png\u00bb background_size=\u00bbinitial\u00bb custom_margin=\u00bb||||false|false\u00bb custom_padding=\u00bb||||false|false\u00bb global_colors_info=\u00bb{}\u00bb][et_pb_row column_structure=\u00bb1_2,1_2&#8243; make_equal=\u00bbon\u00bb padding_top_bottom_link_2=\u00bbtrue\u00bb padding_left_right_link_2=\u00bbtrue\u00bb module_class=\u00bbcolumn-border\u00bb _builder_version=\u00bb4.27.5&#8243; custom_margin=\u00bb||||false|false\u00bb global_colors_info=\u00bb{}\u00bb][et_pb_column type=\u00bb1_2&#8243; _builder_version=\u00bb4.27.5&#8243; background_image=\u00bbhttps:\/\/glynisgermancelebrant.com\/wp-content\/uploads\/2025\/12\/Ceremony.jpg\u00bb custom_padding=\u00bb150px||150px||false|false\u00bb global_colors_info=\u00bb{}\u00bb custom_padding__hover=\u00bb|||\u00bb][\/et_pb_column][et_pb_column type=\u00bb1_2&#8243; _builder_version=\u00bb4.16&#8243; background_color=\u00bbrgba(255,255,255,0.76)\u00bb custom_padding=\u00bb100px|40px|100px|40px\u00bb global_colors_info=\u00bb{}\u00bb custom_padding__hover=\u00bb|||\u00bb][et_pb_text _builder_version=\u00bb4.16&#8243; text_font=\u00bb||||||||\u00bb text_orientation=\u00bbcenter\u00bb global_colors_info=\u00bb{}\u00bb]<\/p>\n<h2>Boda de Nina y Beau<\/h2>\n<p>Glynis siempre ocupar\u00e1 un lugar especial en nuestros corazones como celebrante de nuestra peque\u00f1a e \u00edntima boda este a\u00f1o. No solo hizo que la preparaci\u00f3n de la ceremonia fuera divertida y participativa para nosotros, sino que cre\u00f3 una ceremonia tan bonita y personal que hizo que todos lloraran de emoci\u00f3n y se rieran a carcajadas. Desde nuestra primera reuni\u00f3n, nos hizo sentir c\u00f3modos y sentimos como si fuera parte de la familia desde el primer momento. Realmente no hay ninguna oficiante como ella, \u00a1es la mejor!<\/p>\n<p>[\/et_pb_text][\/et_pb_column][\/et_pb_row][\/et_pb_section][et_pb_section fb_built=\u00bb1&#8243; _builder_version=\u00bb4.16&#8243; background_color=\u00bb#feb386&#8243; background_enable_image=\u00bboff\u00bb background_size=\u00bbinitial\u00bb background_position=\u00bbbottom_center\u00bb custom_margin=\u00bb||||false|false\u00bb custom_padding=\u00bb||||false|false\u00bb global_colors_info=\u00bb{}\u00bb][et_pb_row column_structure=\u00bb1_2,1_2&#8243; make_equal=\u00bbon\u00bb padding_top_bottom_link_2=\u00bbtrue\u00bb padding_left_right_link_2=\u00bbtrue\u00bb module_class=\u00bbcolumn-border custom_row\u00bb _builder_version=\u00bb4.27.5&#8243; custom_margin=\u00bb||||false|false\u00bb global_colors_info=\u00bb{}\u00bb][et_pb_column type=\u00bb1_2&#8243; module_class=\u00bbsecond-on-mobile\u00bb _builder_version=\u00bb4.16&#8243; background_color=\u00bbrgba(255,255,255,0.89)\u00bb background_enable_image=\u00bboff\u00bb custom_padding=\u00bb100px|40px|100px|40px|true|true\u00bb global_colors_info=\u00bb{}\u00bb custom_padding__hover=\u00bb|||\u00bb][et_pb_text _builder_version=\u00bb4.16&#8243; text_orientation=\u00bbcenter\u00bb global_colors_info=\u00bb{}\u00bb]<\/p>\n<h2>Boda de Morgan y Fernando<\/h2>\n<p>Glynis fue la oficiante de nuestra boda y cre\u00f3 una ceremonia preciosa y muy personal para nosotros. Tuvimos una boda muy peque\u00f1a con la familia m\u00e1s cercana y Glynis ofici\u00f3 una ceremonia biling\u00fce en espa\u00f1ol e ingl\u00e9s para que todos pudieran entenderlo todo. Ayud\u00f3 a crear un ambiente \u00edntimo y un d\u00eda lleno de amor. \u00a1No puedo recomendar a Glynis lo suficiente!<\/p>\n<p>[\/et_pb_text][\/et_pb_column][et_pb_column type=\u00bb1_2&#8243; module_class=\u00bbfirst-on-mobile\u00bb _builder_version=\u00bb4.27.5&#8243; background_color=\u00bb#ffffff\u00bb background_image=\u00bbhttps:\/\/glynisgermancelebrant.com\/wp-content\/uploads\/2025\/12\/Glynis-Ceremony-scaled.jpeg\u00bb custom_padding=\u00bb150px||150px||false|false\u00bb global_colors_info=\u00bb{}\u00bb custom_padding__hover=\u00bb|||\u00bb][\/et_pb_column][\/et_pb_row][\/et_pb_section][et_pb_section fb_built=\u00bb1&#8243; _builder_version=\u00bb4.16&#8243; background_image=\u00bbhttps:\/\/glynisgermancelebrant.com\/wp-content\/uploads\/2019\/06\/logo03.png\u00bb background_size=\u00bbinitial\u00bb custom_margin=\u00bb||||false|false\u00bb custom_padding=\u00bb||||false|false\u00bb global_colors_info=\u00bb{}\u00bb][et_pb_row column_structure=\u00bb1_2,1_2&#8243; make_equal=\u00bbon\u00bb padding_top_bottom_link_2=\u00bbtrue\u00bb padding_left_right_link_2=\u00bbtrue\u00bb module_class=\u00bbcolumn-border\u00bb _builder_version=\u00bb4.27.5&#8243; custom_margin=\u00bb||||false|false\u00bb global_colors_info=\u00bb{}\u00bb][et_pb_column type=\u00bb1_2&#8243; _builder_version=\u00bb4.27.5&#8243; background_image=\u00bbhttps:\/\/glynisgermancelebrant.com\/wp-content\/uploads\/2025\/12\/Ceremony-1.jpg\u00bb custom_padding=\u00bb150px||150px||false|false\u00bb global_colors_info=\u00bb{}\u00bb custom_padding__hover=\u00bb|||\u00bb][\/et_pb_column][et_pb_column type=\u00bb1_2&#8243; _builder_version=\u00bb4.16&#8243; background_color=\u00bbrgba(255,255,255,0.76)\u00bb custom_padding=\u00bb100px|40px|100px|40px\u00bb global_colors_info=\u00bb{}\u00bb custom_padding__hover=\u00bb|||\u00bb][et_pb_text _builder_version=\u00bb4.16&#8243; text_font=\u00bb||||||||\u00bb text_orientation=\u00bbcenter\u00bb global_colors_info=\u00bb{}\u00bb]<\/p>\n<h2>Boda de Beth y Dafydd<\/h2>\n<p>\u00a1La ceremonia fue incre\u00edble!<span class=\"Apple-converted-space\">\u00a0 <\/span>\u00a1Me re\u00ed, llor\u00e9, me re\u00ed, llor\u00e9 durante toda la ceremonia!<\/p>\n<p>[\/et_pb_text][\/et_pb_column][\/et_pb_row][\/et_pb_section][et_pb_section fb_built=\u00bb1&#8243; _builder_version=\u00bb4.27.5&#8243; background_image=\u00bbhttps:\/\/glynisgermancelebrant.com\/wp-content\/uploads\/2019\/05\/CREDIT-Pere-Lliteras.jpg\u00bb parallax=\u00bbon\u00bb min_height=\u00bb400px\u00bb custom_margin=\u00bb0px||||false|false\u00bb hover_enabled=\u00bb0&#8243; global_colors_info=\u00bb{}\u00bb title_text=\u00bbCREDIT Pere Lliteras\u00bb sticky_enabled=\u00bb0&#8243;][et_pb_row _builder_version=\u00bb4.16&#8243; global_colors_info=\u00bb{}\u00bb][et_pb_column type=\u00bb4_4&#8243; _builder_version=\u00bb4.16&#8243; custom_padding=\u00bb|||\u00bb global_colors_info=\u00bb{}\u00bb custom_padding__hover=\u00bb|||\u00bb][et_pb_text _builder_version=\u00bb4.16&#8243; text_font=\u00bb||||||||\u00bb text_orientation=\u00bbcenter\u00bb background_layout=\u00bbdark\u00bb global_colors_info=\u00bb{}\u00bb]<\/p>\n<h2>\u00bfListos para crear una ceremonia completamente \u00fanica?<\/h2>\n<p>[\/et_pb_text][et_pb_button button_url=\u00bbhttps:\/\/calendly.com\/glynisgermancelebrant\/lets-talk\u00bb url_new_window=\u00bbon\u00bb button_text=\u00bbPregunta\u00bb button_alignment=\u00bbcenter\u00bb _builder_version=\u00bb4.16&#8243; background_layout=\u00bbdark\u00bb global_colors_info=\u00bb{}\u00bb][\/et_pb_button][\/et_pb_column][\/et_pb_row][\/et_pb_section][et_pb_section fb_built=\u00bb1&#8243; _builder_version=\u00bb4.16&#8243; saved_tabs=\u00bball\u00bb global_colors_info=\u00bb{}\u00bb][et_pb_row _builder_version=\u00bb4.16&#8243; global_colors_info=\u00bb{}\u00bb][et_pb_column type=\u00bb4_4&#8243; _builder_version=\u00bb4.16&#8243; custom_padding=\u00bb|||\u00bb global_colors_info=\u00bb{}\u00bb custom_padding__hover=\u00bb|||\u00bb][et_pb_text _builder_version=\u00bb4.16&#8243; text_font=\u00bb||||||||\u00bb text_orientation=\u00bbcenter\u00bb global_colors_info=\u00bb{}\u00bb]<\/p>\n<h2>S\u00edgueme en Instagram<\/h2>\n<p>[\/et_pb_text][et_pb_text admin_label=\u00bbInstagram feed\u00bb _builder_version=\u00bb4.16&#8243; global_colors_info=\u00bb{}\u00bb]<\/p>\n\n<div id=\"sb_instagram\"  class=\"sbi sbi_mob_col_1 sbi_tab_col_2 sbi_col_4 sbi_disable_mobile\" style=\"padding-bottom: 10px; width: 100%;\"\t data-feedid=\"*1\"  data-res=\"auto\" data-cols=\"4\" data-colsmobile=\"1\" data-colstablet=\"2\" data-num=\"4\" data-nummobile=\"\" data-item-padding=\"5\"\t data-shortcode-atts=\"{}\"  data-postid=\"3754\" data-locatornonce=\"b28615b58a\" data-imageaspectratio=\"1:1\" data-sbi-flags=\"favorLocal\">\n\t\n\t<div id=\"sbi_images\"  style=\"gap: 10px;\">\n\t\t<div class=\"sbi_item sbi_type_carousel sbi_new sbi_transition\"\n\tid=\"sbi_17982193179074176\" data-date=\"1788513680\">\n\t<div class=\"sbi_photo_wrap\">\n\t\t<a class=\"sbi_photo\" href=\"https:\/\/www.instagram.com\/p\/Dc3DXHQjeAL\/\" target=\"_blank\" rel=\"noopener nofollow\"\n\t\t\tdata-full-res=\"https:\/\/scontent-lhr11-1.cdninstagram.com\/v\/t51.82787-15\/793337051_18427415209183318_7815406175690054802_n.webp?stp=dst-jpg_e35_tt6&#038;_nc_cat=106&#038;ccb=7-5&#038;_nc_sid=18de74&#038;efg=eyJlZmdfdGFnIjoiQ0FST1VTRUxfSVRFTS5iZXN0X2ltYWdlX3VybGdlbi5DMyJ9&#038;_nc_ohc=VSLeyMgNYakQ7kNvwG0yFFy&#038;_nc_oc=AdpHYxgeuy8qSooC7Hj9AsdLRxPgYYYjU5TIe-_jvAvLnmjcUY0Ke6xTtd6kCaqIq1nak1HHR5TSpf5cenK-w2wH&#038;_nc_zt=23&#038;_nc_ht=scontent-lhr11-1.cdninstagram.com&#038;edm=ANo9K5cEAAAA&#038;_nc_gid=pC-dG-IBb4kFF0J2ip_BfQ&#038;_nc_tpa=Q5bMBQLMk76LtEMrX6cNDQHk94seHaXdNYz-Ah4qx6A4CEEYU_OU301DpaJs1kGNpSWPxPLgJ3sNRCfWlw&#038;oh=00_AQICSs9WxQSLPQHKKWRKqF8DHSYdgLx5dvr31xITmw4UCg&#038;oe=6AA27599\"\n\t\t\tdata-img-src-set=\"{&quot;d&quot;:&quot;https:\\\/\\\/scontent-lhr11-1.cdninstagram.com\\\/v\\\/t51.82787-15\\\/793337051_18427415209183318_7815406175690054802_n.webp?stp=dst-jpg_e35_tt6&amp;_nc_cat=106&amp;ccb=7-5&amp;_nc_sid=18de74&amp;efg=eyJlZmdfdGFnIjoiQ0FST1VTRUxfSVRFTS5iZXN0X2ltYWdlX3VybGdlbi5DMyJ9&amp;_nc_ohc=VSLeyMgNYakQ7kNvwG0yFFy&amp;_nc_oc=AdpHYxgeuy8qSooC7Hj9AsdLRxPgYYYjU5TIe-_jvAvLnmjcUY0Ke6xTtd6kCaqIq1nak1HHR5TSpf5cenK-w2wH&amp;_nc_zt=23&amp;_nc_ht=scontent-lhr11-1.cdninstagram.com&amp;edm=ANo9K5cEAAAA&amp;_nc_gid=pC-dG-IBb4kFF0J2ip_BfQ&amp;_nc_tpa=Q5bMBQLMk76LtEMrX6cNDQHk94seHaXdNYz-Ah4qx6A4CEEYU_OU301DpaJs1kGNpSWPxPLgJ3sNRCfWlw&amp;oh=00_AQICSs9WxQSLPQHKKWRKqF8DHSYdgLx5dvr31xITmw4UCg&amp;oe=6AA27599&quot;,&quot;150&quot;:&quot;https:\\\/\\\/scontent-lhr11-1.cdninstagram.com\\\/v\\\/t51.82787-15\\\/793337051_18427415209183318_7815406175690054802_n.webp?stp=dst-jpg_e35_tt6&amp;_nc_cat=106&amp;ccb=7-5&amp;_nc_sid=18de74&amp;efg=eyJlZmdfdGFnIjoiQ0FST1VTRUxfSVRFTS5iZXN0X2ltYWdlX3VybGdlbi5DMyJ9&amp;_nc_ohc=VSLeyMgNYakQ7kNvwG0yFFy&amp;_nc_oc=AdpHYxgeuy8qSooC7Hj9AsdLRxPgYYYjU5TIe-_jvAvLnmjcUY0Ke6xTtd6kCaqIq1nak1HHR5TSpf5cenK-w2wH&amp;_nc_zt=23&amp;_nc_ht=scontent-lhr11-1.cdninstagram.com&amp;edm=ANo9K5cEAAAA&amp;_nc_gid=pC-dG-IBb4kFF0J2ip_BfQ&amp;_nc_tpa=Q5bMBQLMk76LtEMrX6cNDQHk94seHaXdNYz-Ah4qx6A4CEEYU_OU301DpaJs1kGNpSWPxPLgJ3sNRCfWlw&amp;oh=00_AQICSs9WxQSLPQHKKWRKqF8DHSYdgLx5dvr31xITmw4UCg&amp;oe=6AA27599&quot;,&quot;320&quot;:&quot;https:\\\/\\\/scontent-lhr11-1.cdninstagram.com\\\/v\\\/t51.82787-15\\\/793337051_18427415209183318_7815406175690054802_n.webp?stp=dst-jpg_e35_tt6&amp;_nc_cat=106&amp;ccb=7-5&amp;_nc_sid=18de74&amp;efg=eyJlZmdfdGFnIjoiQ0FST1VTRUxfSVRFTS5iZXN0X2ltYWdlX3VybGdlbi5DMyJ9&amp;_nc_ohc=VSLeyMgNYakQ7kNvwG0yFFy&amp;_nc_oc=AdpHYxgeuy8qSooC7Hj9AsdLRxPgYYYjU5TIe-_jvAvLnmjcUY0Ke6xTtd6kCaqIq1nak1HHR5TSpf5cenK-w2wH&amp;_nc_zt=23&amp;_nc_ht=scontent-lhr11-1.cdninstagram.com&amp;edm=ANo9K5cEAAAA&amp;_nc_gid=pC-dG-IBb4kFF0J2ip_BfQ&amp;_nc_tpa=Q5bMBQLMk76LtEMrX6cNDQHk94seHaXdNYz-Ah4qx6A4CEEYU_OU301DpaJs1kGNpSWPxPLgJ3sNRCfWlw&amp;oh=00_AQICSs9WxQSLPQHKKWRKqF8DHSYdgLx5dvr31xITmw4UCg&amp;oe=6AA27599&quot;,&quot;640&quot;:&quot;https:\\\/\\\/scontent-lhr11-1.cdninstagram.com\\\/v\\\/t51.82787-15\\\/793337051_18427415209183318_7815406175690054802_n.webp?stp=dst-jpg_e35_tt6&amp;_nc_cat=106&amp;ccb=7-5&amp;_nc_sid=18de74&amp;efg=eyJlZmdfdGFnIjoiQ0FST1VTRUxfSVRFTS5iZXN0X2ltYWdlX3VybGdlbi5DMyJ9&amp;_nc_ohc=VSLeyMgNYakQ7kNvwG0yFFy&amp;_nc_oc=AdpHYxgeuy8qSooC7Hj9AsdLRxPgYYYjU5TIe-_jvAvLnmjcUY0Ke6xTtd6kCaqIq1nak1HHR5TSpf5cenK-w2wH&amp;_nc_zt=23&amp;_nc_ht=scontent-lhr11-1.cdninstagram.com&amp;edm=ANo9K5cEAAAA&amp;_nc_gid=pC-dG-IBb4kFF0J2ip_BfQ&amp;_nc_tpa=Q5bMBQLMk76LtEMrX6cNDQHk94seHaXdNYz-Ah4qx6A4CEEYU_OU301DpaJs1kGNpSWPxPLgJ3sNRCfWlw&amp;oh=00_AQICSs9WxQSLPQHKKWRKqF8DHSYdgLx5dvr31xITmw4UCg&amp;oe=6AA27599&quot;}\">\n\t\t\t<span class=\"sbi-screenreader\">What a wedding!  The couple were of Jamaican and I<\/span>\n\t\t\t<svg class=\"svg-inline--fa fa-clone fa-w-16 sbi_lightbox_carousel_icon\" aria-hidden=\"true\" aria-label=\"Clone\" data-fa-pro\u0192cessed=\"\" data-prefix=\"far\" data-icon=\"clone\" role=\"img\" xmlns=\"http:\/\/www.w3.org\/2000\/svg\" viewBox=\"0 0 512 512\">\n                    <path fill=\"currentColor\" d=\"M464 0H144c-26.51 0-48 21.49-48 48v48H48c-26.51 0-48 21.49-48 48v320c0 26.51 21.49 48 48 48h320c26.51 0 48-21.49 48-48v-48h48c26.51 0 48-21.49 48-48V48c0-26.51-21.49-48-48-48zM362 464H54a6 6 0 0 1-6-6V150a6 6 0 0 1 6-6h42v224c0 26.51 21.49 48 48 48h224v42a6 6 0 0 1-6 6zm96-96H150a6 6 0 0 1-6-6V54a6 6 0 0 1 6-6h308a6 6 0 0 1 6 6v308a6 6 0 0 1-6 6z\"><\/path>\n                <\/svg>\t\t\t\t\t\t<img decoding=\"async\" src=\"https:\/\/glynisgermancelebrant.com\/wp-content\/plugins\/instagram-feed\/img\/placeholder.png\" alt=\"What a wedding!  The couple were of Jamaican and Irish heritage and that was where we gelled, sharing a cultural background which made our journey so much fun over this past year of preparing their ceremony.\ud83e\udd42\n\nAnd what a team of vendors they chose to celebrate their special day at the wonderful Finca Son Termes!  I was filled with such emotion and moved to tears by the Upper Room Gospel Choir who sang in the ceremony and afterwards too - book them!  You won&#039;t be disappointed.\ud83c\udfb6\n\nCongratulations Sarah and Richard, I miss you already and hope to see you again soon.\ud83d\udc96\n\n\u00a1Qu\u00e9 boda!\n\nLa pareja tiene ra\u00edces jamaicanas e irlandesas, y ah\u00ed fue donde conectamos desde el principio, compartiendo un trasfondo cultural que hizo que nuestro viaje juntos durante este \u00faltimo a\u00f1o, preparando su ceremonia, fuera tan divertido y especial.\ud83d\udc4f\ud83c\udffe\n\n\u00a1Y qu\u00e9 equipo de profesionales eligieron para celebrar su gran d\u00eda en la fant\u00e1stica Finca Son Termes! Me emocion\u00e9 much\u00edsimo y hasta se me escaparon las l\u00e1grimas con el Upper Room Gospel Choir, que cant\u00f3 durante la ceremonia y tambi\u00e9n despu\u00e9s. \u00a1Contratadlos! No os decepcionar\u00e1n.\ud83c\udfb6\n\nEnhorabuena, Sarah y Richard. Ya os echo de menos y espero volver a veros muy pronto.\ud83d\udc9d\n\n#mallorcaweddingcelebrant #weddingsmallorca #mallorcaweddingvendors #bodasendestinomallorca\" aria-hidden=\"true\">\n\t\t<\/a>\n\t<\/div>\n<\/div><div class=\"sbi_item sbi_type_carousel sbi_new sbi_transition\"\n\tid=\"sbi_18226127236325010\" data-date=\"1787744111\">\n\t<div class=\"sbi_photo_wrap\">\n\t\t<a class=\"sbi_photo\" href=\"https:\/\/www.instagram.com\/p\/DcgHhqujXim\/\" target=\"_blank\" rel=\"noopener nofollow\"\n\t\t\tdata-full-res=\"https:\/\/scontent-lhr11-1.cdninstagram.com\/v\/t51.82787-15\/786656684_18425924308183318_2412248841244960251_n.webp?stp=dst-jpg_e35_tt6&#038;_nc_cat=110&#038;ccb=7-5&#038;_nc_sid=18de74&#038;efg=eyJlZmdfdGFnIjoiQ0FST1VTRUxfSVRFTS5iZXN0X2ltYWdlX3VybGdlbi5DMyJ9&#038;_nc_ohc=361emTIxB5gQ7kNvwHBETgW&#038;_nc_oc=AdoDG1qejNBnZRdU61MTt93wX9qwDVjqI5WIJ67WBENtRviqIpQvyhxcK8XG5Dj-0r4CE0vEJTv3j8ktOZh0MatO&#038;_nc_zt=23&#038;_nc_ht=scontent-lhr11-1.cdninstagram.com&#038;edm=ANo9K5cEAAAA&#038;_nc_gid=pC-dG-IBb4kFF0J2ip_BfQ&#038;_nc_tpa=Q5bMBQJyuWgn4I77O6463clDJ_-KDbRHLMCO3PleyANER9YeVt87Rv_JsKqhLeNFbQ4uWPHTgSnmvSUMVQ&#038;oh=00_AQIwVQS25xeL4ELHuUnfM54ea64TtmT1_CjhYJVhYM2ClQ&#038;oe=6AA272FD\"\n\t\t\tdata-img-src-set=\"{&quot;d&quot;:&quot;https:\\\/\\\/scontent-lhr11-1.cdninstagram.com\\\/v\\\/t51.82787-15\\\/786656684_18425924308183318_2412248841244960251_n.webp?stp=dst-jpg_e35_tt6&amp;_nc_cat=110&amp;ccb=7-5&amp;_nc_sid=18de74&amp;efg=eyJlZmdfdGFnIjoiQ0FST1VTRUxfSVRFTS5iZXN0X2ltYWdlX3VybGdlbi5DMyJ9&amp;_nc_ohc=361emTIxB5gQ7kNvwHBETgW&amp;_nc_oc=AdoDG1qejNBnZRdU61MTt93wX9qwDVjqI5WIJ67WBENtRviqIpQvyhxcK8XG5Dj-0r4CE0vEJTv3j8ktOZh0MatO&amp;_nc_zt=23&amp;_nc_ht=scontent-lhr11-1.cdninstagram.com&amp;edm=ANo9K5cEAAAA&amp;_nc_gid=pC-dG-IBb4kFF0J2ip_BfQ&amp;_nc_tpa=Q5bMBQJyuWgn4I77O6463clDJ_-KDbRHLMCO3PleyANER9YeVt87Rv_JsKqhLeNFbQ4uWPHTgSnmvSUMVQ&amp;oh=00_AQIwVQS25xeL4ELHuUnfM54ea64TtmT1_CjhYJVhYM2ClQ&amp;oe=6AA272FD&quot;,&quot;150&quot;:&quot;https:\\\/\\\/scontent-lhr11-1.cdninstagram.com\\\/v\\\/t51.82787-15\\\/786656684_18425924308183318_2412248841244960251_n.webp?stp=dst-jpg_e35_tt6&amp;_nc_cat=110&amp;ccb=7-5&amp;_nc_sid=18de74&amp;efg=eyJlZmdfdGFnIjoiQ0FST1VTRUxfSVRFTS5iZXN0X2ltYWdlX3VybGdlbi5DMyJ9&amp;_nc_ohc=361emTIxB5gQ7kNvwHBETgW&amp;_nc_oc=AdoDG1qejNBnZRdU61MTt93wX9qwDVjqI5WIJ67WBENtRviqIpQvyhxcK8XG5Dj-0r4CE0vEJTv3j8ktOZh0MatO&amp;_nc_zt=23&amp;_nc_ht=scontent-lhr11-1.cdninstagram.com&amp;edm=ANo9K5cEAAAA&amp;_nc_gid=pC-dG-IBb4kFF0J2ip_BfQ&amp;_nc_tpa=Q5bMBQJyuWgn4I77O6463clDJ_-KDbRHLMCO3PleyANER9YeVt87Rv_JsKqhLeNFbQ4uWPHTgSnmvSUMVQ&amp;oh=00_AQIwVQS25xeL4ELHuUnfM54ea64TtmT1_CjhYJVhYM2ClQ&amp;oe=6AA272FD&quot;,&quot;320&quot;:&quot;https:\\\/\\\/scontent-lhr11-1.cdninstagram.com\\\/v\\\/t51.82787-15\\\/786656684_18425924308183318_2412248841244960251_n.webp?stp=dst-jpg_e35_tt6&amp;_nc_cat=110&amp;ccb=7-5&amp;_nc_sid=18de74&amp;efg=eyJlZmdfdGFnIjoiQ0FST1VTRUxfSVRFTS5iZXN0X2ltYWdlX3VybGdlbi5DMyJ9&amp;_nc_ohc=361emTIxB5gQ7kNvwHBETgW&amp;_nc_oc=AdoDG1qejNBnZRdU61MTt93wX9qwDVjqI5WIJ67WBENtRviqIpQvyhxcK8XG5Dj-0r4CE0vEJTv3j8ktOZh0MatO&amp;_nc_zt=23&amp;_nc_ht=scontent-lhr11-1.cdninstagram.com&amp;edm=ANo9K5cEAAAA&amp;_nc_gid=pC-dG-IBb4kFF0J2ip_BfQ&amp;_nc_tpa=Q5bMBQJyuWgn4I77O6463clDJ_-KDbRHLMCO3PleyANER9YeVt87Rv_JsKqhLeNFbQ4uWPHTgSnmvSUMVQ&amp;oh=00_AQIwVQS25xeL4ELHuUnfM54ea64TtmT1_CjhYJVhYM2ClQ&amp;oe=6AA272FD&quot;,&quot;640&quot;:&quot;https:\\\/\\\/scontent-lhr11-1.cdninstagram.com\\\/v\\\/t51.82787-15\\\/786656684_18425924308183318_2412248841244960251_n.webp?stp=dst-jpg_e35_tt6&amp;_nc_cat=110&amp;ccb=7-5&amp;_nc_sid=18de74&amp;efg=eyJlZmdfdGFnIjoiQ0FST1VTRUxfSVRFTS5iZXN0X2ltYWdlX3VybGdlbi5DMyJ9&amp;_nc_ohc=361emTIxB5gQ7kNvwHBETgW&amp;_nc_oc=AdoDG1qejNBnZRdU61MTt93wX9qwDVjqI5WIJ67WBENtRviqIpQvyhxcK8XG5Dj-0r4CE0vEJTv3j8ktOZh0MatO&amp;_nc_zt=23&amp;_nc_ht=scontent-lhr11-1.cdninstagram.com&amp;edm=ANo9K5cEAAAA&amp;_nc_gid=pC-dG-IBb4kFF0J2ip_BfQ&amp;_nc_tpa=Q5bMBQJyuWgn4I77O6463clDJ_-KDbRHLMCO3PleyANER9YeVt87Rv_JsKqhLeNFbQ4uWPHTgSnmvSUMVQ&amp;oh=00_AQIwVQS25xeL4ELHuUnfM54ea64TtmT1_CjhYJVhYM2ClQ&amp;oe=6AA272FD&quot;}\">\n\t\t\t<span class=\"sbi-screenreader\">What can I say but... what a wedding!  A gorgeous<\/span>\n\t\t\t<svg class=\"svg-inline--fa fa-clone fa-w-16 sbi_lightbox_carousel_icon\" aria-hidden=\"true\" aria-label=\"Clone\" data-fa-pro\u0192cessed=\"\" data-prefix=\"far\" data-icon=\"clone\" role=\"img\" xmlns=\"http:\/\/www.w3.org\/2000\/svg\" viewBox=\"0 0 512 512\">\n                    <path fill=\"currentColor\" d=\"M464 0H144c-26.51 0-48 21.49-48 48v48H48c-26.51 0-48 21.49-48 48v320c0 26.51 21.49 48 48 48h320c26.51 0 48-21.49 48-48v-48h48c26.51 0 48-21.49 48-48V48c0-26.51-21.49-48-48-48zM362 464H54a6 6 0 0 1-6-6V150a6 6 0 0 1 6-6h42v224c0 26.51 21.49 48 48 48h224v42a6 6 0 0 1-6 6zm96-96H150a6 6 0 0 1-6-6V54a6 6 0 0 1 6-6h308a6 6 0 0 1 6 6v308a6 6 0 0 1-6 6z\"><\/path>\n                <\/svg>\t\t\t\t\t\t<img decoding=\"async\" src=\"https:\/\/glynisgermancelebrant.com\/wp-content\/plugins\/instagram-feed\/img\/placeholder.png\" alt=\"What can I say but... what a wedding!  A gorgeous couple, fabulous guests, exquisite planning and all in all, it was a wonderful wedding celebrated at the lovely Finca Son Sampol - and in the little woods to boot!\n\nCongratulations Gemma and Rob, you did a great wedding, and Rob&#039;s brother&#039;s debut with a standing ovation was awesome too!  You have so many beautiful memories to last a lifetime, well done!\ud83d\udc4f\ud83c\udffe\ud83d\udc9d\ud83e\udd42\ud83d\udc8d\ud83c\udf89\n\n\u00bfQu\u00e9 puedo decir salvo\u2026 \u00a1menuda boda! Una pareja preciosa, unos invitados fabulosos, una organizaci\u00f3n exquisita y, en definitiva, una boda maravillosa celebrada en la encantadora Finca Son Sampol\u2026 \u00a1y, para rematar, tambi\u00e9n en el peque\u00f1o bosque!\n\n\u00a1Enhorabuena, Gemma y Rob! Hicisteis una boda fant\u00e1stica, y el debut del hermano de Rob, con ovaci\u00f3n de pie incluida, \u00a1fue incre\u00edble!\n\nTen\u00e9is por delante toda una vida llena de recuerdos preciosos. \u00a1Enhorabuena y bravo por vosotros!\u2728\ufe0f\ud83d\udc8d\ud83c\udfb6\ud83d\ude18\" aria-hidden=\"true\">\n\t\t<\/a>\n\t<\/div>\n<\/div><div class=\"sbi_item sbi_type_image sbi_new sbi_transition\"\n\tid=\"sbi_18391927195167528\" data-date=\"1787400161\">\n\t<div class=\"sbi_photo_wrap\">\n\t\t<a class=\"sbi_photo\" href=\"https:\/\/www.instagram.com\/p\/DcV3fD9t7gN\/\" target=\"_blank\" rel=\"noopener nofollow\"\n\t\t\tdata-full-res=\"https:\/\/scontent-lhr6-1.cdninstagram.com\/v\/t51.82787-15\/780748551_18425280871183318_4413606525730061127_n.webp?stp=dst-jpg_e35_tt6&#038;_nc_cat=103&#038;ccb=7-5&#038;_nc_sid=18de74&#038;efg=eyJlZmdfdGFnIjoiRkVFRC5iZXN0X2ltYWdlX3VybGdlbi5DMyJ9&#038;_nc_ohc=mqsw4p4yPyYQ7kNvwFFzRQ7&#038;_nc_oc=AdqImc1Ea2Rw0leyhuvyjw7Ae72zvdNiQHtBMGKy_2Nlpr4XLJ_f8QbNA2Gh4shPPA_-opkyB4rOdEgDAaPF6181&#038;_nc_zt=23&#038;_nc_ht=scontent-lhr6-1.cdninstagram.com&#038;edm=ANo9K5cEAAAA&#038;_nc_gid=pC-dG-IBb4kFF0J2ip_BfQ&#038;_nc_tpa=Q5bMBQK8EW6RT0g-Em-OZkOl3CKvoc2bTC0GVs851Hj5aVudq13ehciduHKs4sjv4ARzv3SPtcnOYa10jA&#038;oh=00_AQL6AIMMeJK907XTHa4EE3jMfE-0ojGzlh-oXcMsekaFaA&#038;oe=6AA275EA\"\n\t\t\tdata-img-src-set=\"{&quot;d&quot;:&quot;https:\\\/\\\/scontent-lhr6-1.cdninstagram.com\\\/v\\\/t51.82787-15\\\/780748551_18425280871183318_4413606525730061127_n.webp?stp=dst-jpg_e35_tt6&amp;_nc_cat=103&amp;ccb=7-5&amp;_nc_sid=18de74&amp;efg=eyJlZmdfdGFnIjoiRkVFRC5iZXN0X2ltYWdlX3VybGdlbi5DMyJ9&amp;_nc_ohc=mqsw4p4yPyYQ7kNvwFFzRQ7&amp;_nc_oc=AdqImc1Ea2Rw0leyhuvyjw7Ae72zvdNiQHtBMGKy_2Nlpr4XLJ_f8QbNA2Gh4shPPA_-opkyB4rOdEgDAaPF6181&amp;_nc_zt=23&amp;_nc_ht=scontent-lhr6-1.cdninstagram.com&amp;edm=ANo9K5cEAAAA&amp;_nc_gid=pC-dG-IBb4kFF0J2ip_BfQ&amp;_nc_tpa=Q5bMBQK8EW6RT0g-Em-OZkOl3CKvoc2bTC0GVs851Hj5aVudq13ehciduHKs4sjv4ARzv3SPtcnOYa10jA&amp;oh=00_AQL6AIMMeJK907XTHa4EE3jMfE-0ojGzlh-oXcMsekaFaA&amp;oe=6AA275EA&quot;,&quot;150&quot;:&quot;https:\\\/\\\/scontent-lhr6-1.cdninstagram.com\\\/v\\\/t51.82787-15\\\/780748551_18425280871183318_4413606525730061127_n.webp?stp=dst-jpg_e35_tt6&amp;_nc_cat=103&amp;ccb=7-5&amp;_nc_sid=18de74&amp;efg=eyJlZmdfdGFnIjoiRkVFRC5iZXN0X2ltYWdlX3VybGdlbi5DMyJ9&amp;_nc_ohc=mqsw4p4yPyYQ7kNvwFFzRQ7&amp;_nc_oc=AdqImc1Ea2Rw0leyhuvyjw7Ae72zvdNiQHtBMGKy_2Nlpr4XLJ_f8QbNA2Gh4shPPA_-opkyB4rOdEgDAaPF6181&amp;_nc_zt=23&amp;_nc_ht=scontent-lhr6-1.cdninstagram.com&amp;edm=ANo9K5cEAAAA&amp;_nc_gid=pC-dG-IBb4kFF0J2ip_BfQ&amp;_nc_tpa=Q5bMBQK8EW6RT0g-Em-OZkOl3CKvoc2bTC0GVs851Hj5aVudq13ehciduHKs4sjv4ARzv3SPtcnOYa10jA&amp;oh=00_AQL6AIMMeJK907XTHa4EE3jMfE-0ojGzlh-oXcMsekaFaA&amp;oe=6AA275EA&quot;,&quot;320&quot;:&quot;https:\\\/\\\/scontent-lhr6-1.cdninstagram.com\\\/v\\\/t51.82787-15\\\/780748551_18425280871183318_4413606525730061127_n.webp?stp=dst-jpg_e35_tt6&amp;_nc_cat=103&amp;ccb=7-5&amp;_nc_sid=18de74&amp;efg=eyJlZmdfdGFnIjoiRkVFRC5iZXN0X2ltYWdlX3VybGdlbi5DMyJ9&amp;_nc_ohc=mqsw4p4yPyYQ7kNvwFFzRQ7&amp;_nc_oc=AdqImc1Ea2Rw0leyhuvyjw7Ae72zvdNiQHtBMGKy_2Nlpr4XLJ_f8QbNA2Gh4shPPA_-opkyB4rOdEgDAaPF6181&amp;_nc_zt=23&amp;_nc_ht=scontent-lhr6-1.cdninstagram.com&amp;edm=ANo9K5cEAAAA&amp;_nc_gid=pC-dG-IBb4kFF0J2ip_BfQ&amp;_nc_tpa=Q5bMBQK8EW6RT0g-Em-OZkOl3CKvoc2bTC0GVs851Hj5aVudq13ehciduHKs4sjv4ARzv3SPtcnOYa10jA&amp;oh=00_AQL6AIMMeJK907XTHa4EE3jMfE-0ojGzlh-oXcMsekaFaA&amp;oe=6AA275EA&quot;,&quot;640&quot;:&quot;https:\\\/\\\/scontent-lhr6-1.cdninstagram.com\\\/v\\\/t51.82787-15\\\/780748551_18425280871183318_4413606525730061127_n.webp?stp=dst-jpg_e35_tt6&amp;_nc_cat=103&amp;ccb=7-5&amp;_nc_sid=18de74&amp;efg=eyJlZmdfdGFnIjoiRkVFRC5iZXN0X2ltYWdlX3VybGdlbi5DMyJ9&amp;_nc_ohc=mqsw4p4yPyYQ7kNvwFFzRQ7&amp;_nc_oc=AdqImc1Ea2Rw0leyhuvyjw7Ae72zvdNiQHtBMGKy_2Nlpr4XLJ_f8QbNA2Gh4shPPA_-opkyB4rOdEgDAaPF6181&amp;_nc_zt=23&amp;_nc_ht=scontent-lhr6-1.cdninstagram.com&amp;edm=ANo9K5cEAAAA&amp;_nc_gid=pC-dG-IBb4kFF0J2ip_BfQ&amp;_nc_tpa=Q5bMBQK8EW6RT0g-Em-OZkOl3CKvoc2bTC0GVs851Hj5aVudq13ehciduHKs4sjv4ARzv3SPtcnOYa10jA&amp;oh=00_AQL6AIMMeJK907XTHa4EE3jMfE-0ojGzlh-oXcMsekaFaA&amp;oe=6AA275EA&quot;}\">\n\t\t\t<span class=\"sbi-screenreader\">Whilst I am an independent celebrant in Mallorca o<\/span>\n\t\t\t\t\t\t\t\t\t<img decoding=\"async\" src=\"https:\/\/glynisgermancelebrant.com\/wp-content\/plugins\/instagram-feed\/img\/placeholder.png\" alt=\"Whilst I am an independent celebrant in Mallorca offering weddings and funerals, I do have a lovely past!  I was the singer for a London ska band who are still going strong, long after I left them at the end of the 80s!\ud83c\udfb6\n\nThanks to Maroon Town, I fell in love with Spain after gigging here in 1986.  I went back to university in the autumn and asked to combine Spanish with the theatre studies I was already doing.\n\nI left with a BA Honours degree in Drama and Spanish, hoping to be a Spanish actress but instead becoming a mother to Spanish kids, which is almost the same kind of drama!\ud83c\uddea\ud83c\udde6\n\nThis autumn, I am treating myself by signing up to do an intensive course in &quot;clown&quot;. I feel a pull towards this figure and I&#039;m sure this will end up taking me on another journey, deeper within.\ud83e\udd21\n\nAunque ahora soy una celebrante independiente en Mallorca, donde oficio bodas y funerales, \u00a1tengo una historia estupenda detr\u00e1s! Fui la cantante de un grupo de ska londinense que sigue en plena forma, \u00a1mucho despu\u00e9s de que yo lo dejara a finales de los 80!\ud83c\udfa4\n\nGracias a Maroon Town, me enamor\u00e9 de Espa\u00f1a despu\u00e9s de dar unos conciertos aqu\u00ed en 1986. Volv\u00ed a la universidad aquel oto\u00f1o y ped\u00ed poder combinar mis estudios de espa\u00f1ol con los de teatro que ya estaba cursando.\ud83d\ude4f\ud83c\udffe\n\nMe licenci\u00e9 con honores en Arte Dram\u00e1tico y Espa\u00f1ol, con la esperanza de convertirme en actriz en Espa\u00f1a, pero en su lugar acab\u00e9 siendo madre de unos ni\u00f1os espa\u00f1oles, \u00a1lo cual es casi el mismo tipo de drama!\ud83d\ude01\n\nEste oto\u00f1o, me voy a dar un capricho apunt\u00e1ndome a un curso intensivo de clown. Siento una gran atracci\u00f3n por este personaje y estoy segura de que esto acabar\u00e1 llev\u00e1ndome a otro viaje, a\u00fan m\u00e1s profundo hacia mi interior.\ud83c\udf89\n\n#CelebranteMallorca #MallorcaCelebrant #Clown #TheatreLife #SkaMusic.\" aria-hidden=\"true\">\n\t\t<\/a>\n\t<\/div>\n<\/div><div class=\"sbi_item sbi_type_carousel sbi_new sbi_transition\"\n\tid=\"sbi_18103057273910945\" data-date=\"1786874022\">\n\t<div class=\"sbi_photo_wrap\">\n\t\t<a class=\"sbi_photo\" href=\"https:\/\/www.instagram.com\/p\/DcGL9nUjdZi\/\" target=\"_blank\" rel=\"noopener nofollow\"\n\t\t\tdata-full-res=\"https:\/\/scontent-lhr11-1.cdninstagram.com\/v\/t51.82787-15\/774105788_18424135987183318_7002529566893900287_n.webp?stp=dst-jpg_e35_tt6&#038;_nc_cat=104&#038;ccb=7-5&#038;_nc_sid=18de74&#038;efg=eyJlZmdfdGFnIjoiQ0FST1VTRUxfSVRFTS5iZXN0X2ltYWdlX3VybGdlbi5DMyJ9&#038;_nc_ohc=vW9ECzPKtaQQ7kNvwF5NTIs&#038;_nc_oc=Adqfy0CWyMFA729dzJz6lRb3pregCO84OQ4Fk7st0oKWpDQjApBiLiphbbinZiR49Ke3HS6dIDDQLP2XzJ4L0LSy&#038;_nc_zt=23&#038;_nc_ht=scontent-lhr11-1.cdninstagram.com&#038;edm=ANo9K5cEAAAA&#038;_nc_gid=pC-dG-IBb4kFF0J2ip_BfQ&#038;_nc_tpa=Q5bMBQIUbiVUAF2XiodunL_iF4XVQTtiVGmGt1ug5aA3l0e0JMaz8cAqEAGH1a2fgXXz4ujS5-8OSOiIyg&#038;oh=00_AQIp3PUvvwRVBIlrF6UX84Ob8i0gwNProIaBDLOi0GtHuw&#038;oe=6AA2806A\"\n\t\t\tdata-img-src-set=\"{&quot;d&quot;:&quot;https:\\\/\\\/scontent-lhr11-1.cdninstagram.com\\\/v\\\/t51.82787-15\\\/774105788_18424135987183318_7002529566893900287_n.webp?stp=dst-jpg_e35_tt6&amp;_nc_cat=104&amp;ccb=7-5&amp;_nc_sid=18de74&amp;efg=eyJlZmdfdGFnIjoiQ0FST1VTRUxfSVRFTS5iZXN0X2ltYWdlX3VybGdlbi5DMyJ9&amp;_nc_ohc=vW9ECzPKtaQQ7kNvwF5NTIs&amp;_nc_oc=Adqfy0CWyMFA729dzJz6lRb3pregCO84OQ4Fk7st0oKWpDQjApBiLiphbbinZiR49Ke3HS6dIDDQLP2XzJ4L0LSy&amp;_nc_zt=23&amp;_nc_ht=scontent-lhr11-1.cdninstagram.com&amp;edm=ANo9K5cEAAAA&amp;_nc_gid=pC-dG-IBb4kFF0J2ip_BfQ&amp;_nc_tpa=Q5bMBQIUbiVUAF2XiodunL_iF4XVQTtiVGmGt1ug5aA3l0e0JMaz8cAqEAGH1a2fgXXz4ujS5-8OSOiIyg&amp;oh=00_AQIp3PUvvwRVBIlrF6UX84Ob8i0gwNProIaBDLOi0GtHuw&amp;oe=6AA2806A&quot;,&quot;150&quot;:&quot;https:\\\/\\\/scontent-lhr11-1.cdninstagram.com\\\/v\\\/t51.82787-15\\\/774105788_18424135987183318_7002529566893900287_n.webp?stp=dst-jpg_e35_tt6&amp;_nc_cat=104&amp;ccb=7-5&amp;_nc_sid=18de74&amp;efg=eyJlZmdfdGFnIjoiQ0FST1VTRUxfSVRFTS5iZXN0X2ltYWdlX3VybGdlbi5DMyJ9&amp;_nc_ohc=vW9ECzPKtaQQ7kNvwF5NTIs&amp;_nc_oc=Adqfy0CWyMFA729dzJz6lRb3pregCO84OQ4Fk7st0oKWpDQjApBiLiphbbinZiR49Ke3HS6dIDDQLP2XzJ4L0LSy&amp;_nc_zt=23&amp;_nc_ht=scontent-lhr11-1.cdninstagram.com&amp;edm=ANo9K5cEAAAA&amp;_nc_gid=pC-dG-IBb4kFF0J2ip_BfQ&amp;_nc_tpa=Q5bMBQIUbiVUAF2XiodunL_iF4XVQTtiVGmGt1ug5aA3l0e0JMaz8cAqEAGH1a2fgXXz4ujS5-8OSOiIyg&amp;oh=00_AQIp3PUvvwRVBIlrF6UX84Ob8i0gwNProIaBDLOi0GtHuw&amp;oe=6AA2806A&quot;,&quot;320&quot;:&quot;https:\\\/\\\/scontent-lhr11-1.cdninstagram.com\\\/v\\\/t51.82787-15\\\/774105788_18424135987183318_7002529566893900287_n.webp?stp=dst-jpg_e35_tt6&amp;_nc_cat=104&amp;ccb=7-5&amp;_nc_sid=18de74&amp;efg=eyJlZmdfdGFnIjoiQ0FST1VTRUxfSVRFTS5iZXN0X2ltYWdlX3VybGdlbi5DMyJ9&amp;_nc_ohc=vW9ECzPKtaQQ7kNvwF5NTIs&amp;_nc_oc=Adqfy0CWyMFA729dzJz6lRb3pregCO84OQ4Fk7st0oKWpDQjApBiLiphbbinZiR49Ke3HS6dIDDQLP2XzJ4L0LSy&amp;_nc_zt=23&amp;_nc_ht=scontent-lhr11-1.cdninstagram.com&amp;edm=ANo9K5cEAAAA&amp;_nc_gid=pC-dG-IBb4kFF0J2ip_BfQ&amp;_nc_tpa=Q5bMBQIUbiVUAF2XiodunL_iF4XVQTtiVGmGt1ug5aA3l0e0JMaz8cAqEAGH1a2fgXXz4ujS5-8OSOiIyg&amp;oh=00_AQIp3PUvvwRVBIlrF6UX84Ob8i0gwNProIaBDLOi0GtHuw&amp;oe=6AA2806A&quot;,&quot;640&quot;:&quot;https:\\\/\\\/scontent-lhr11-1.cdninstagram.com\\\/v\\\/t51.82787-15\\\/774105788_18424135987183318_7002529566893900287_n.webp?stp=dst-jpg_e35_tt6&amp;_nc_cat=104&amp;ccb=7-5&amp;_nc_sid=18de74&amp;efg=eyJlZmdfdGFnIjoiQ0FST1VTRUxfSVRFTS5iZXN0X2ltYWdlX3VybGdlbi5DMyJ9&amp;_nc_ohc=vW9ECzPKtaQQ7kNvwF5NTIs&amp;_nc_oc=Adqfy0CWyMFA729dzJz6lRb3pregCO84OQ4Fk7st0oKWpDQjApBiLiphbbinZiR49Ke3HS6dIDDQLP2XzJ4L0LSy&amp;_nc_zt=23&amp;_nc_ht=scontent-lhr11-1.cdninstagram.com&amp;edm=ANo9K5cEAAAA&amp;_nc_gid=pC-dG-IBb4kFF0J2ip_BfQ&amp;_nc_tpa=Q5bMBQIUbiVUAF2XiodunL_iF4XVQTtiVGmGt1ug5aA3l0e0JMaz8cAqEAGH1a2fgXXz4ujS5-8OSOiIyg&amp;oh=00_AQIp3PUvvwRVBIlrF6UX84Ob8i0gwNProIaBDLOi0GtHuw&amp;oe=6AA2806A&quot;}\">\n\t\t\t<span class=\"sbi-screenreader\">Another lovely week with a couple of small and int<\/span>\n\t\t\t<svg class=\"svg-inline--fa fa-clone fa-w-16 sbi_lightbox_carousel_icon\" aria-hidden=\"true\" aria-label=\"Clone\" data-fa-pro\u0192cessed=\"\" data-prefix=\"far\" data-icon=\"clone\" role=\"img\" xmlns=\"http:\/\/www.w3.org\/2000\/svg\" viewBox=\"0 0 512 512\">\n                    <path fill=\"currentColor\" d=\"M464 0H144c-26.51 0-48 21.49-48 48v48H48c-26.51 0-48 21.49-48 48v320c0 26.51 21.49 48 48 48h320c26.51 0 48-21.49 48-48v-48h48c26.51 0 48-21.49 48-48V48c0-26.51-21.49-48-48-48zM362 464H54a6 6 0 0 1-6-6V150a6 6 0 0 1 6-6h42v224c0 26.51 21.49 48 48 48h224v42a6 6 0 0 1-6 6zm96-96H150a6 6 0 0 1-6-6V54a6 6 0 0 1 6-6h308a6 6 0 0 1 6 6v308a6 6 0 0 1-6 6z\"><\/path>\n                <\/svg>\t\t\t\t\t\t<img decoding=\"async\" src=\"https:\/\/glynisgermancelebrant.com\/wp-content\/plugins\/instagram-feed\/img\/placeholder.png\" alt=\"Another lovely week with a couple of small and intimate ceremonies.  First, on the beach at Son Serra with a couple and their son who came from Scotland to the island of calm for their special day.  The best part was when they walked into a nearby restaurant for their celebratory meal and the whole restaurant clapped and cheered for them.\ud83d\udc4f\ud83c\udffe\ud83d\udc9d\n\nThe second ceremony this week was celebrating 20 years of marriage.  Hubby had arranged a surprise ceremony for his wife and even the kids didn&#039;t now.  They flew from New York to enjoy discovering Mallorca and for their ceremony, I took them to one of my favourite places on the hotel, which - as usual - did not disappoint.\ud83e\udd42\u2728\ufe0f\n\nThe amount of work I do for the ceremony is the same, whether it&#039;s an elopement for just the couple, a vow renewal for the couple and their family or a big wedding with lots of guests - the ceremony is the heart of the celebration.  I am blessed to be a part of it.\ud83d\ude4f\ud83c\udffe\ud83d\udcab\n\nPS It was great to have Lizzy, a new celebrant, shadowing me, she&#039;s worth her weight in gold!\n\nOtra semana maravillosa con un par de ceremonias peque\u00f1as e \u00edntimas.  En primer lugar, en la playa de Son Serra, con una pareja y su hijo, que vinieron desde Escocia a la \u00abisla de la calma\u00bb para celebrar su d\u00eda especial.  Lo mejor fue cuando entraron en un restaurante cercano para disfrutar de su comida de celebraci\u00f3n y todo el local les aplaudi\u00f3 y les vitore\u00f3.\ud83c\udf89\ud83d\udc96\n\nLa segunda ceremonia de esta semana fue para celebrar 20 a\u00f1os de matrimonio. El marido hab\u00eda organizado una ceremonia sorpresa para su mujer y ni siquiera los hijos lo sab\u00edan. Volaron desde Nueva York para disfrutar descubriendo Mallorca y, para su ceremonia, los llev\u00e9 a uno de mis lugares favoritos del hotel, que, como de costumbre, no defraud\u00f3.\ud83d\udc4f\ud83c\udffe\ud83e\udd42\n\nEl trabajo que dedico a la ceremonia es el mismo, ya sea una boda \u00edntima solo para la pareja, una renovaci\u00f3n de votos para la pareja y su familia o una gran boda con muchos invitados: la ceremonia es el coraz\u00f3n de la celebraci\u00f3n.  Me siento afortunada de formar parte de ello.\ud83d\ude18\ud83d\ude4f\ud83c\udffe\" aria-hidden=\"true\">\n\t\t<\/a>\n\t<\/div>\n<\/div>\t<\/div>\n\n\t<div id=\"sbi_load\" >\n\n\t\n\t\n<\/div>\n\t\t<span class=\"sbi_resized_image_data\" data-feed-id=\"*1\"\n\t\t  data-resized=\"{&quot;18103057273910945&quot;:{&quot;id&quot;:&quot;774105788_18424135987183318_7002529566893900287_n&quot;,&quot;ratio&quot;:&quot;1.00&quot;,&quot;sizes&quot;:{&quot;full&quot;:640,&quot;low&quot;:320,&quot;thumb&quot;:150},&quot;extension&quot;:&quot;.webp&quot;},&quot;18391927195167528&quot;:{&quot;id&quot;:&quot;780748551_18425280871183318_4413606525730061127_n&quot;,&quot;ratio&quot;:&quot;0.75&quot;,&quot;sizes&quot;:{&quot;full&quot;:640,&quot;low&quot;:320,&quot;thumb&quot;:150},&quot;extension&quot;:&quot;.webp&quot;},&quot;18226127236325010&quot;:{&quot;id&quot;:&quot;786656684_18425924308183318_2412248841244960251_n&quot;,&quot;ratio&quot;:&quot;0.75&quot;,&quot;sizes&quot;:{&quot;full&quot;:640,&quot;low&quot;:320,&quot;thumb&quot;:150},&quot;extension&quot;:&quot;.webp&quot;},&quot;17982193179074176&quot;:{&quot;id&quot;:&quot;793337051_18427415209183318_7815406175690054802_n&quot;,&quot;ratio&quot;:&quot;0.75&quot;,&quot;sizes&quot;:{&quot;full&quot;:640,&quot;low&quot;:320,&quot;thumb&quot;:150},&quot;extension&quot;:&quot;.webp&quot;}}\">\n\t<\/span>\n\t<\/div>\n\n\n<p>[\/et_pb_text][\/et_pb_column][\/et_pb_row][\/et_pb_section]<\/p>\n","protected":false},"excerpt":{"rendered":"<p>TestimoniosBoda \u00edntima de Sami y Griffin Glynis fue la oficiante de nuestra boda y fue absolutamente incre\u00edble. Hizo que todo fuera muy especial y personalizado. Fue realmente un d\u00eda perfecto. \u00a1La recomendamos al 100 %!Renovaci\u00f3n Votos de Natalie y Alec Desde la consulta inicial a trav\u00e9s de Zoom hasta el d\u00eda final, todo fue brillante. [&hellip;]<\/p>\n","protected":false},"author":1,"featured_media":0,"parent":0,"menu_order":0,"comment_status":"closed","ping_status":"closed","template":"","meta":{"_et_pb_use_builder":"on","_et_pb_old_content":"","_et_gb_content_width":"","footnotes":""},"yoast_head":"<!-- This site is optimized with the Yoast SEO plugin v22.1 - https:\/\/yoast.com\/wordpress\/plugins\/seo\/ -->\n<title>Testimonios - Glynis German - Mallorca Celebrant Ceremonies<\/title>\n<meta name=\"robots\" content=\"index, follow, max-snippet:-1, max-image-preview:large, max-video-preview:-1\" \/>\n<link rel=\"canonical\" href=\"https:\/\/glynisgermancelebrant.com\/es\/testimonios\/\" \/>\n<meta property=\"og:locale\" content=\"es_ES\" \/>\n<meta property=\"og:type\" content=\"article\" \/>\n<meta property=\"og:title\" content=\"Testimonios - Glynis German - Mallorca Celebrant Ceremonies\" \/>\n<meta property=\"og:description\" content=\"TestimoniosBoda \u00edntima de Sami y Griffin Glynis fue la oficiante de nuestra boda y fue absolutamente incre\u00edble. Hizo que todo fuera muy especial y personalizado. Fue realmente un d\u00eda perfecto. \u00a1La recomendamos al 100 %!Renovaci\u00f3n Votos de Natalie y Alec Desde la consulta inicial a trav\u00e9s de Zoom hasta el d\u00eda final, todo fue brillante. [&hellip;]\" \/>\n<meta property=\"og:url\" content=\"https:\/\/glynisgermancelebrant.com\/es\/testimonios\/\" \/>\n<meta property=\"og:site_name\" content=\"Glynis German - Mallorca Celebrant Ceremonies\" \/>\n<meta property=\"article:modified_time\" content=\"2025-12-31T11:10:36+00:00\" \/>\n<meta property=\"og:image\" content=\"https:\/\/glynisgermancelebrant.com\/wp-content\/uploads\/2019\/10\/mallorca-celebrant-glynis-german.jpg\" \/>\n\t<meta property=\"og:image:width\" content=\"1200\" \/>\n\t<meta property=\"og:image:height\" content=\"630\" \/>\n\t<meta property=\"og:image:type\" content=\"image\/jpeg\" \/>\n<meta name=\"twitter:card\" content=\"summary_large_image\" \/>\n<meta name=\"twitter:label1\" content=\"Tiempo de lectura\" \/>\n\t<meta name=\"twitter:data1\" content=\"6 minutos\" \/>\n<script type=\"application\/ld+json\" class=\"yoast-schema-graph\">{\"@context\":\"https:\/\/schema.org\",\"@graph\":[{\"@type\":\"WebPage\",\"@id\":\"https:\/\/glynisgermancelebrant.com\/es\/testimonios\/\",\"url\":\"https:\/\/glynisgermancelebrant.com\/es\/testimonios\/\",\"name\":\"Testimonios - Glynis German - Mallorca Celebrant Ceremonies\",\"isPartOf\":{\"@id\":\"https:\/\/glynisgermancelebrant.com\/es\/#website\"},\"datePublished\":\"2019-09-13T07:05:55+00:00\",\"dateModified\":\"2025-12-31T11:10:36+00:00\",\"breadcrumb\":{\"@id\":\"https:\/\/glynisgermancelebrant.com\/es\/testimonios\/#breadcrumb\"},\"inLanguage\":\"es\",\"potentialAction\":[{\"@type\":\"ReadAction\",\"target\":[\"https:\/\/glynisgermancelebrant.com\/es\/testimonios\/\"]}]},{\"@type\":\"BreadcrumbList\",\"@id\":\"https:\/\/glynisgermancelebrant.com\/es\/testimonios\/#breadcrumb\",\"itemListElement\":[{\"@type\":\"ListItem\",\"position\":1,\"name\":\"Home\",\"item\":\"https:\/\/glynisgermancelebrant.com\/es\/\"},{\"@type\":\"ListItem\",\"position\":2,\"name\":\"Testimonios\"}]},{\"@type\":\"WebSite\",\"@id\":\"https:\/\/glynisgermancelebrant.com\/es\/#website\",\"url\":\"https:\/\/glynisgermancelebrant.com\/es\/\",\"name\":\"Glynis German - Mallorca Celebrant Ceremonies\",\"description\":\"Making Memorable Ceremonies\",\"potentialAction\":[{\"@type\":\"SearchAction\",\"target\":{\"@type\":\"EntryPoint\",\"urlTemplate\":\"https:\/\/glynisgermancelebrant.com\/es\/?s={search_term_string}\"},\"query-input\":\"required name=search_term_string\"}],\"inLanguage\":\"es\"}]}<\/script>\n<!-- \/ Yoast SEO plugin. -->","yoast_head_json":{"title":"Testimonios - Glynis German - Mallorca Celebrant Ceremonies","robots":{"index":"index","follow":"follow","max-snippet":"max-snippet:-1","max-image-preview":"max-image-preview:large","max-video-preview":"max-video-preview:-1"},"canonical":"https:\/\/glynisgermancelebrant.com\/es\/testimonios\/","og_locale":"es_ES","og_type":"article","og_title":"Testimonios - Glynis German - Mallorca Celebrant Ceremonies","og_description":"TestimoniosBoda \u00edntima de Sami y Griffin Glynis fue la oficiante de nuestra boda y fue absolutamente incre\u00edble. Hizo que todo fuera muy especial y personalizado. Fue realmente un d\u00eda perfecto. \u00a1La recomendamos al 100 %!Renovaci\u00f3n Votos de Natalie y Alec Desde la consulta inicial a trav\u00e9s de Zoom hasta el d\u00eda final, todo fue brillante. [&hellip;]","og_url":"https:\/\/glynisgermancelebrant.com\/es\/testimonios\/","og_site_name":"Glynis German - Mallorca Celebrant Ceremonies","article_modified_time":"2025-12-31T11:10:36+00:00","og_image":[{"width":1200,"height":630,"url":"https:\/\/glynisgermancelebrant.com\/wp-content\/uploads\/2019\/10\/mallorca-celebrant-glynis-german.jpg","type":"image\/jpeg"}],"twitter_card":"summary_large_image","twitter_misc":{"Tiempo de lectura":"6 minutos"},"schema":{"@context":"https:\/\/schema.org","@graph":[{"@type":"WebPage","@id":"https:\/\/glynisgermancelebrant.com\/es\/testimonios\/","url":"https:\/\/glynisgermancelebrant.com\/es\/testimonios\/","name":"Testimonios - Glynis German - Mallorca Celebrant Ceremonies","isPartOf":{"@id":"https:\/\/glynisgermancelebrant.com\/es\/#website"},"datePublished":"2019-09-13T07:05:55+00:00","dateModified":"2025-12-31T11:10:36+00:00","breadcrumb":{"@id":"https:\/\/glynisgermancelebrant.com\/es\/testimonios\/#breadcrumb"},"inLanguage":"es","potentialAction":[{"@type":"ReadAction","target":["https:\/\/glynisgermancelebrant.com\/es\/testimonios\/"]}]},{"@type":"BreadcrumbList","@id":"https:\/\/glynisgermancelebrant.com\/es\/testimonios\/#breadcrumb","itemListElement":[{"@type":"ListItem","position":1,"name":"Home","item":"https:\/\/glynisgermancelebrant.com\/es\/"},{"@type":"ListItem","position":2,"name":"Testimonios"}]},{"@type":"WebSite","@id":"https:\/\/glynisgermancelebrant.com\/es\/#website","url":"https:\/\/glynisgermancelebrant.com\/es\/","name":"Glynis German - Mallorca Celebrant Ceremonies","description":"Making Memorable Ceremonies","potentialAction":[{"@type":"SearchAction","target":{"@type":"EntryPoint","urlTemplate":"https:\/\/glynisgermancelebrant.com\/es\/?s={search_term_string}"},"query-input":"required name=search_term_string"}],"inLanguage":"es"}]}},"_links":{"self":[{"href":"https:\/\/glynisgermancelebrant.com\/es\/wp-json\/wp\/v2\/pages\/3754"}],"collection":[{"href":"https:\/\/glynisgermancelebrant.com\/es\/wp-json\/wp\/v2\/pages"}],"about":[{"href":"https:\/\/glynisgermancelebrant.com\/es\/wp-json\/wp\/v2\/types\/page"}],"author":[{"embeddable":true,"href":"https:\/\/glynisgermancelebrant.com\/es\/wp-json\/wp\/v2\/users\/1"}],"replies":[{"embeddable":true,"href":"https:\/\/glynisgermancelebrant.com\/es\/wp-json\/wp\/v2\/comments?post=3754"}],"version-history":[{"count":25,"href":"https:\/\/glynisgermancelebrant.com\/es\/wp-json\/wp\/v2\/pages\/3754\/revisions"}],"predecessor-version":[{"id":4838,"href":"https:\/\/glynisgermancelebrant.com\/es\/wp-json\/wp\/v2\/pages\/3754\/revisions\/4838"}],"wp:attachment":[{"href":"https:\/\/glynisgermancelebrant.com\/es\/wp-json\/wp\/v2\/media?parent=3754"}],"curies":[{"name":"wp","href":"https:\/\/api.w.org\/{rel}","templated":true}]}}