{"id":3326,"date":"2019-08-08T15:44:27","date_gmt":"2019-08-08T15:44:27","guid":{"rendered":"https:\/\/glynisgermancelebrant.com\/?page_id=3326"},"modified":"2019-08-23T08:46:11","modified_gmt":"2019-08-23T08:46:11","slug":"cuidados-espirituales-en-la-etapa-final-de-la-vida","status":"publish","type":"page","link":"https:\/\/glynisgermancelebrant.com\/es\/cuidados-espirituales-en-la-etapa-final-de-la-vida\/","title":{"rendered":"Cuidados Espirituales en la Etapa Final de la Vida"},"content":{"rendered":"<p>[et_pb_section fb_built=\u00bb1&#8243; _builder_version=\u00bb3.22.4&#8243; background_image=\u00bbhttps:\/\/glynisgermancelebrant.com\/wp-content\/uploads\/2019\/07\/funeral-ceremony-celebrant-mallorca-spain16.jpg\u00bb parallax=\u00bbon\u00bb parallax_method=\u00bboff\u00bb custom_padding=\u00bb150px||100px\u00bb][et_pb_row _builder_version=\u00bb3.22.4&#8243;][et_pb_column type=\u00bb4_4&#8243; _builder_version=\u00bb3.22.4&#8243;][et_pb_text _builder_version=\u00bb3.22.4&#8243; text_font=\u00bb||||||||\u00bb header_font=\u00bb||||||||\u00bb header_text_shadow_style=\u00bbpreset2&#8243; header_2_font=\u00bb||||||||\u00bb header_2_text_shadow_style=\u00bbpreset1&#8243; background_layout=\u00bbdark\u00bb]<\/p>\n<h1>Cuidados Espirituales en la Etapa Final de la Vida<\/h1>\n<p>[\/et_pb_text][\/et_pb_column][\/et_pb_row][\/et_pb_section][et_pb_section fb_built=\u00bb1&#8243; _builder_version=\u00bb3.22.4&#8243; background_color=\u00bbrgba(0,0,0,0)\u00bb custom_margin=\u00bb-200px||\u00bb][et_pb_row make_equal=\u00bbon\u00bb background_color_2=\u00bb#ffffff\u00bb bg_img_1=\u00bbhttps:\/\/glynisgermancelebrant.com\/wp-content\/uploads\/2019\/07\/mallorca-celebrant-death-care6.jpg\u00bb padding_top_bottom_link_2=\u00bbtrue\u00bb padding_left_right_link_2=\u00bbtrue\u00bb padding_top_2=\u00bb50px\u00bb padding_right_2=\u00bb40px\u00bb padding_bottom_2=\u00bb50px\u00bb padding_left_2=\u00bb40px\u00bb module_class=\u00bbcolumn-border\u00bb _builder_version=\u00bb3.22.4&#8243;][et_pb_column type=\u00bb1_2&#8243; _builder_version=\u00bb3.22.4&#8243;][\/et_pb_column][et_pb_column type=\u00bb1_2&#8243; _builder_version=\u00bb3.22.4&#8243;][et_pb_text _builder_version=\u00bb3.22.4&#8243; text_font=\u00bb||||||||\u00bb text_orientation=\u00bbcenter\u00bb]\u201cMuchas gracias por tu ayuda a lo largo de los \u00faltimos d\u00edas. No podr\u00edamos haberlo superado sin ti.\u00bb<\/p>\n<p>D.S[\/et_pb_text][\/et_pb_column][\/et_pb_row][\/et_pb_section][et_pb_section fb_built=\u00bb1&#8243; _builder_version=\u00bb3.22.4&#8243; background_image=\u00bbhttps:\/\/glynisgermancelebrant.com\/wp-content\/uploads\/2019\/07\/mallorca-celebrant-death-care3.jpg\u00bb parallax=\u00bbon\u00bb min_height=\u00bb400px\u00bb][et_pb_row _builder_version=\u00bb3.22.4&#8243;][et_pb_column type=\u00bb4_4&#8243; _builder_version=\u00bb3.22.4&#8243;][et_pb_text _builder_version=\u00bb3.22.4&#8243; text_font=\u00bb||||||||\u00bb text_orientation=\u00bbcenter\u00bb background_layout=\u00bbdark\u00bb]<\/p>\n<h2>Una Oportunidad Para el Di\u00e1logo en Tiempos Dif\u00edciles<\/h2>\n<p>[\/et_pb_text][\/et_pb_column][\/et_pb_row][\/et_pb_section][et_pb_section fb_built=\u00bb1&#8243; _builder_version=\u00bb3.22.4&#8243; background_image=\u00bbhttps:\/\/glynisgermancelebrant.com\/wp-content\/uploads\/2019\/06\/logo03.png\u00bb background_size=\u00bbcontain\u00bb][et_pb_row _builder_version=\u00bb3.22.4&#8243;][et_pb_column type=\u00bb4_4&#8243; _builder_version=\u00bb3.22.4&#8243;][et_pb_text _builder_version=\u00bb3.22.4&#8243; text_font=\u00bb||||||||\u00bb background_color=\u00bbrgba(255,255,255,0.79)\u00bb text_orientation=\u00bbcenter\u00bb custom_padding=\u00bb50px|40px|50px|40px|true|true\u00bb]<\/p>\n<h2>Expr\u00e9sate y Comparte Tu Experiencia<\/h2>\n<p>Todos merecemos una muerte digna y creo que puedo contribuir con mi ofrenda de algunos \u00daltimos Ritos. Si bien estos son una tradici\u00f3n cat\u00f3lica, no puedo imaginar la muerte como una experiencia solitaria, sin sentimiento ni ceremonia. Ofrecer\u00eda algunas palabras de consuelo y gratitud por una vida vivida, adem\u00e1s de un mensaje de paz. Esto a su vez brindar\u00e1 consuelo a la familia y a los seres queridos, y mi experiencia en el desempe\u00f1o de funerales de celebraci\u00f3n de vida me ha demostrado, una y otra vez, que estar presente para apoyar a los necesitados es de grand\u00edsima ayuda.<\/p>\n<p>Hace poco estudi\u00e9 El Acompa\u00f1amiento Espiritual en el Proceso de Morir con la organizaci\u00f3n espa\u00f1ola, Vinyana, y pas\u00e9 muchos fines de semana en Barcelona principalmente con profesionales de los sectores de la salud y los hospitales. Aprend\u00ed que tengo la capacidad de servir a aquellos al final de sus vidas y mi comprensi\u00f3n innata de la naturaleza humana me permitir\u00e1 servir con amor y compasi\u00f3n.<\/p>\n<p>Si te han diagnosticado una enfermedad terminal y deseas hablar en confianza, te aseguro que tendr\u00e1s el espacio necesario para poder expresarte y expresar todo lo que est\u00e1s pasando. No soy terapeuta, pero con mi profundo amor, comprensi\u00f3n y f\u00e9 en que hay algo m\u00e1s grande que todos nosotros, te apoyar\u00e9 con amor y respeto y buscar\u00e9 una perspectiva m\u00e1s amplia de tu dolor.<\/p>\n<p>[\/et_pb_text][\/et_pb_column][\/et_pb_row][\/et_pb_section][et_pb_section fb_built=\u00bb1&#8243; _builder_version=\u00bb3.22.4&#8243; background_image=\u00bbhttps:\/\/glynisgermancelebrant.com\/wp-content\/uploads\/2019\/07\/mallorca-celebrant-death-care8.jpg\u00bb parallax=\u00bbon\u00bb parallax_method=\u00bboff\u00bb custom_padding=\u00bb150px||100px\u00bb][\/et_pb_section][et_pb_section fb_built=\u00bb1&#8243; _builder_version=\u00bb3.22.4&#8243; background_color=\u00bbrgba(0,0,0,0)\u00bb custom_margin=\u00bb-200px||\u00bb][et_pb_row make_equal=\u00bbon\u00bb background_color_1=\u00bb#ffffff\u00bb background_color_2=\u00bb#ffffff\u00bb padding_top_bottom_link_1=\u00bbtrue\u00bb padding_top_bottom_link_2=\u00bbtrue\u00bb padding_left_right_link_1=\u00bbtrue\u00bb padding_left_right_link_2=\u00bbtrue\u00bb padding_top_1=\u00bb50px\u00bb padding_top_2=\u00bb50px\u00bb padding_right_1=\u00bb40px\u00bb padding_right_2=\u00bb40px\u00bb padding_bottom_1=\u00bb50px\u00bb padding_bottom_2=\u00bb50px\u00bb padding_left_1=\u00bb40px\u00bb padding_left_2=\u00bb40px\u00bb module_class=\u00bbcolumn-border\u00bb _builder_version=\u00bb3.22.4&#8243;][et_pb_column type=\u00bb1_2&#8243; _builder_version=\u00bb3.22.4&#8243;][et_pb_text _builder_version=\u00bb3.22.4&#8243; text_font=\u00bb||||||||\u00bb text_orientation=\u00bbcenter\u00bb]<\/p>\n<h2>Mallorca Death Caf\u00e9<\/h2>\n<p>Un espacio reservado para cualquiera interesado en explorar sus esperanzas y sus miedos[\/et_pb_text][et_pb_button button_url=\u00bb\/es\/mallorca-death-cafe\/\u00bb button_text=\u00bbDescubre m\u00e1s\u00bb button_alignment=\u00bbcenter\u00bb _builder_version=\u00bb3.22.4&#8243; custom_button=\u00bbon\u00bb button_bg_color=\u00bb#ffffff\u00bb button_font=\u00bb||||||||\u00bb][\/et_pb_button][\/et_pb_column][et_pb_column type=\u00bb1_2&#8243; _builder_version=\u00bb3.22.4&#8243;][et_pb_text _builder_version=\u00bb3.22.4&#8243; text_font=\u00bb||||||||\u00bb text_orientation=\u00bbcenter\u00bb]<\/p>\n<h2>Funerales<\/h2>\n<p>A la hora de celebrar la vida de tu ser querido querr\u00e9 saberlo todo sobre el o ella. Crearemos una ceremonia totalmente personalizada para celebrar su vida.<\/p>\n<p>[\/et_pb_text][et_pb_button button_url=\u00bb\/es\/funerales-y-celebracion-de-la-vida\/\u00bb button_text=\u00bbDescubre m\u00e1s\u00bb button_alignment=\u00bbcenter\u00bb _builder_version=\u00bb3.22.4&#8243; custom_button=\u00bbon\u00bb button_bg_color=\u00bb#ffffff\u00bb button_font=\u00bb||||||||\u00bb][\/et_pb_button][\/et_pb_column][\/et_pb_row][\/et_pb_section][et_pb_section fb_built=\u00bb1&#8243; _builder_version=\u00bb3.22.4&#8243; background_image=\u00bbhttps:\/\/glynisgermancelebrant.com\/wp-content\/uploads\/2019\/07\/funeral-ceremony-celebrant-mallorca-spain13.jpg\u00bb parallax=\u00bbon\u00bb parallax_method=\u00bboff\u00bb min_height=\u00bb400px\u00bb custom_padding=\u00bb150px||\u00bb][et_pb_row _builder_version=\u00bb3.22.4&#8243; background_color=\u00bbrgba(70,70,70,0.36)\u00bb width=\u00bb60%\u00bb][et_pb_column type=\u00bb4_4&#8243; _builder_version=\u00bb3.22.4&#8243;][et_pb_text _builder_version=\u00bb3.22.4&#8243; text_font=\u00bb||||||||\u00bb text_orientation=\u00bbcenter\u00bb background_layout=\u00bbdark\u00bb]<\/p>\n<h2>Hablemos en Confianza<\/h2>\n<p>[\/et_pb_text][et_pb_button button_url=\u00bbhttps:\/\/calendly.com\/glynisgermancelebrant\/conoce-celebrante\u00bb url_new_window=\u00bbon\u00bb button_text=\u00bbPregunta\u00bb button_alignment=\u00bbcenter\u00bb _builder_version=\u00bb3.22.4&#8243; background_layout=\u00bbdark\u00bb global_module=\u00bb3453&#8243;][\/et_pb_button][\/et_pb_column][\/et_pb_row][\/et_pb_section][et_pb_section fb_built=\u00bb1&#8243; _builder_version=\u00bb3.22.4&#8243;][et_pb_row _builder_version=\u00bb3.22.4&#8243;][et_pb_column type=\u00bb4_4&#8243; _builder_version=\u00bb3.22.4&#8243;][et_pb_text _builder_version=\u00bb3.22.4&#8243; text_font=\u00bb||||||||\u00bb text_orientation=\u00bbcenter\u00bb]<\/p>\n<h2>S\u00edgueme en Instagram<\/h2>\n<p>[\/et_pb_text][et_pb_text admin_label=\u00bbInstagram feed\u00bb _builder_version=\u00bb3.22.4&#8243;]<\/p>\n\n<div id=\"sb_instagram\"  class=\"sbi sbi_mob_col_1 sbi_tab_col_2 sbi_col_4 sbi_disable_mobile\" style=\"padding-bottom: 10px; width: 100%;\"\t data-feedid=\"*1\"  data-res=\"auto\" data-cols=\"4\" data-colsmobile=\"1\" data-colstablet=\"2\" data-num=\"4\" data-nummobile=\"\" data-item-padding=\"5\"\t data-shortcode-atts=\"{}\"  data-postid=\"3326\" data-locatornonce=\"77ba7b2aea\" data-imageaspectratio=\"1:1\" data-sbi-flags=\"favorLocal\">\n\t\n\t<div id=\"sbi_images\"  style=\"gap: 10px;\">\n\t\t<div class=\"sbi_item sbi_type_carousel sbi_new sbi_transition\"\n\tid=\"sbi_17901463194265888\" data-date=\"1777291872\">\n\t<div class=\"sbi_photo_wrap\">\n\t\t<a class=\"sbi_photo\" href=\"https:\/\/www.instagram.com\/p\/DXondfODZGI\/\" target=\"_blank\" rel=\"noopener nofollow\"\n\t\t\tdata-full-res=\"https:\/\/scontent-lhr8-1.cdninstagram.com\/v\/t51.82787-15\/683671247_18406629838183318_7704520403315469866_n.webp?stp=dst-jpg_e35_tt6&#038;_nc_cat=107&#038;ccb=7-5&#038;_nc_sid=18de74&#038;efg=eyJlZmdfdGFnIjoiQ0FST1VTRUxfSVRFTS5iZXN0X2ltYWdlX3VybGdlbi5DMyJ9&#038;_nc_ohc=2JSKSky9KZUQ7kNvwGnf5nP&#038;_nc_oc=Adq9qtPzgtNQBk5ejXPflGXHL_5Q9EOb_MdurgbgLTQ6IpXcE3RH4JGQr0_fBPBreToRUa7E4fn7thG2mDSrhIuI&#038;_nc_zt=23&#038;_nc_ht=scontent-lhr8-1.cdninstagram.com&#038;edm=AM6HXa8EAAAA&#038;_nc_gid=957vA7TsOuRd0rEI5APqNA&#038;oh=00_Af3B475H-eqRu-XDWC5z6p8wxr9t_F9YRRSm3XlMrlYwTQ&#038;oe=69F928CF\"\n\t\t\tdata-img-src-set=\"{&quot;d&quot;:&quot;https:\\\/\\\/scontent-lhr8-1.cdninstagram.com\\\/v\\\/t51.82787-15\\\/683671247_18406629838183318_7704520403315469866_n.webp?stp=dst-jpg_e35_tt6&amp;_nc_cat=107&amp;ccb=7-5&amp;_nc_sid=18de74&amp;efg=eyJlZmdfdGFnIjoiQ0FST1VTRUxfSVRFTS5iZXN0X2ltYWdlX3VybGdlbi5DMyJ9&amp;_nc_ohc=2JSKSky9KZUQ7kNvwGnf5nP&amp;_nc_oc=Adq9qtPzgtNQBk5ejXPflGXHL_5Q9EOb_MdurgbgLTQ6IpXcE3RH4JGQr0_fBPBreToRUa7E4fn7thG2mDSrhIuI&amp;_nc_zt=23&amp;_nc_ht=scontent-lhr8-1.cdninstagram.com&amp;edm=AM6HXa8EAAAA&amp;_nc_gid=957vA7TsOuRd0rEI5APqNA&amp;oh=00_Af3B475H-eqRu-XDWC5z6p8wxr9t_F9YRRSm3XlMrlYwTQ&amp;oe=69F928CF&quot;,&quot;150&quot;:&quot;https:\\\/\\\/scontent-lhr8-1.cdninstagram.com\\\/v\\\/t51.82787-15\\\/683671247_18406629838183318_7704520403315469866_n.webp?stp=dst-jpg_e35_tt6&amp;_nc_cat=107&amp;ccb=7-5&amp;_nc_sid=18de74&amp;efg=eyJlZmdfdGFnIjoiQ0FST1VTRUxfSVRFTS5iZXN0X2ltYWdlX3VybGdlbi5DMyJ9&amp;_nc_ohc=2JSKSky9KZUQ7kNvwGnf5nP&amp;_nc_oc=Adq9qtPzgtNQBk5ejXPflGXHL_5Q9EOb_MdurgbgLTQ6IpXcE3RH4JGQr0_fBPBreToRUa7E4fn7thG2mDSrhIuI&amp;_nc_zt=23&amp;_nc_ht=scontent-lhr8-1.cdninstagram.com&amp;edm=AM6HXa8EAAAA&amp;_nc_gid=957vA7TsOuRd0rEI5APqNA&amp;oh=00_Af3B475H-eqRu-XDWC5z6p8wxr9t_F9YRRSm3XlMrlYwTQ&amp;oe=69F928CF&quot;,&quot;320&quot;:&quot;https:\\\/\\\/scontent-lhr8-1.cdninstagram.com\\\/v\\\/t51.82787-15\\\/683671247_18406629838183318_7704520403315469866_n.webp?stp=dst-jpg_e35_tt6&amp;_nc_cat=107&amp;ccb=7-5&amp;_nc_sid=18de74&amp;efg=eyJlZmdfdGFnIjoiQ0FST1VTRUxfSVRFTS5iZXN0X2ltYWdlX3VybGdlbi5DMyJ9&amp;_nc_ohc=2JSKSky9KZUQ7kNvwGnf5nP&amp;_nc_oc=Adq9qtPzgtNQBk5ejXPflGXHL_5Q9EOb_MdurgbgLTQ6IpXcE3RH4JGQr0_fBPBreToRUa7E4fn7thG2mDSrhIuI&amp;_nc_zt=23&amp;_nc_ht=scontent-lhr8-1.cdninstagram.com&amp;edm=AM6HXa8EAAAA&amp;_nc_gid=957vA7TsOuRd0rEI5APqNA&amp;oh=00_Af3B475H-eqRu-XDWC5z6p8wxr9t_F9YRRSm3XlMrlYwTQ&amp;oe=69F928CF&quot;,&quot;640&quot;:&quot;https:\\\/\\\/scontent-lhr8-1.cdninstagram.com\\\/v\\\/t51.82787-15\\\/683671247_18406629838183318_7704520403315469866_n.webp?stp=dst-jpg_e35_tt6&amp;_nc_cat=107&amp;ccb=7-5&amp;_nc_sid=18de74&amp;efg=eyJlZmdfdGFnIjoiQ0FST1VTRUxfSVRFTS5iZXN0X2ltYWdlX3VybGdlbi5DMyJ9&amp;_nc_ohc=2JSKSky9KZUQ7kNvwGnf5nP&amp;_nc_oc=Adq9qtPzgtNQBk5ejXPflGXHL_5Q9EOb_MdurgbgLTQ6IpXcE3RH4JGQr0_fBPBreToRUa7E4fn7thG2mDSrhIuI&amp;_nc_zt=23&amp;_nc_ht=scontent-lhr8-1.cdninstagram.com&amp;edm=AM6HXa8EAAAA&amp;_nc_gid=957vA7TsOuRd0rEI5APqNA&amp;oh=00_Af3B475H-eqRu-XDWC5z6p8wxr9t_F9YRRSm3XlMrlYwTQ&amp;oe=69F928CF&quot;}\">\n\t\t\t<span class=\"sbi-screenreader\">What a fabulous start to the 2026 season of love a<\/span>\n\t\t\t<svg class=\"svg-inline--fa fa-clone fa-w-16 sbi_lightbox_carousel_icon\" aria-hidden=\"true\" aria-label=\"Clone\" data-fa-pro\u0192cessed=\"\" data-prefix=\"far\" data-icon=\"clone\" role=\"img\" xmlns=\"http:\/\/www.w3.org\/2000\/svg\" viewBox=\"0 0 512 512\">\n                    <path fill=\"currentColor\" d=\"M464 0H144c-26.51 0-48 21.49-48 48v48H48c-26.51 0-48 21.49-48 48v320c0 26.51 21.49 48 48 48h320c26.51 0 48-21.49 48-48v-48h48c26.51 0 48-21.49 48-48V48c0-26.51-21.49-48-48-48zM362 464H54a6 6 0 0 1-6-6V150a6 6 0 0 1 6-6h42v224c0 26.51 21.49 48 48 48h224v42a6 6 0 0 1-6 6zm96-96H150a6 6 0 0 1-6-6V54a6 6 0 0 1 6-6h308a6 6 0 0 1 6 6v308a6 6 0 0 1-6 6z\"><\/path>\n                <\/svg>\t\t\t\t\t\t<img decoding=\"async\" src=\"https:\/\/glynisgermancelebrant.com\/wp-content\/plugins\/instagram-feed\/img\/placeholder.png\" alt=\"What a fabulous start to the 2026 season of love and weddings in Mallorca.  This couple picked the most wonderful of venues to say &quot;I do&quot; and even though the drive up there was scary, I made it and was glad I did!  Then to spend time with their fantastic family and friends was so special.  To top it off, I got to be part of the excellent A team of professionals!  Aren&#039;t I the luckiest woman alive!\ud83d\udc4f\ud83c\udffe\ud83c\udfb6\u2728\ufe0f\ud83e\udd42\ud83d\udc8d\ud83d\udc9d\n\n\u00a1Qu\u00e9 manera tan fabulosa de empezar la temporada 2026 de amor y bodas en Mallorca! Esta pareja eligi\u00f3 el lugar m\u00e1s maravilloso para darse el \u00abs\u00ed, quiero\u00bb y, aunque el camino hasta all\u00ed daba un poco de miedo, \u00a1llegu\u00e9 sin problemas y me alegr\u00e9 de haberlo hecho! Adem\u00e1s, pasar tiempo con su fant\u00e1stica familia y amigos fue muy especial. Y, para coronarlo todo, \u00a1tuve la suerte de formar parte de un excelente equipo de profesionales! \u00a1Soy la mujer m\u00e1s afortunada del mundo!\ud83d\udc8d\ud83e\udd42\ud83d\udc9d\ud83d\udc4f\ud83c\udffe\ud83c\udfb6\ud83d\udcab\n\n#DestinationWeddingsMallorca #WeddingSeason2026 #WeddingCelebrantMallorca #WeddingCeremony #BodasMallorca\" aria-hidden=\"true\">\n\t\t<\/a>\n\t<\/div>\n<\/div><div class=\"sbi_item sbi_type_image sbi_new sbi_transition\"\n\tid=\"sbi_17960033364095205\" data-date=\"1775721619\">\n\t<div class=\"sbi_photo_wrap\">\n\t\t<a class=\"sbi_photo\" href=\"https:\/\/www.instagram.com\/p\/DW50cJ1jVlD\/\" target=\"_blank\" rel=\"noopener nofollow\"\n\t\t\tdata-full-res=\"https:\/\/scontent-lhr6-2.cdninstagram.com\/v\/t51.82787-15\/662540054_18404087092183318_183824340173808519_n.webp?stp=dst-jpg_e35_tt6&#038;_nc_cat=100&#038;ccb=7-5&#038;_nc_sid=18de74&#038;efg=eyJlZmdfdGFnIjoiRkVFRC5iZXN0X2ltYWdlX3VybGdlbi5DMyJ9&#038;_nc_ohc=4qGpbMKmErYQ7kNvwH45jNo&#038;_nc_oc=Adp4feREEHWsM5Bl13N3Q24lYjfNnNIZBzAUClOGa0A0XPRzbOFXJr9X626jPo6MgoJDdcLO1auW8IDGs7Id38oR&#038;_nc_zt=23&#038;_nc_ht=scontent-lhr6-2.cdninstagram.com&#038;edm=AM6HXa8EAAAA&#038;_nc_gid=957vA7TsOuRd0rEI5APqNA&#038;oh=00_Af0N2olRCU6ZtXwQKpvZueabMeLS29hSOCpj06YCHqIOCA&#038;oe=69F91D5F\"\n\t\t\tdata-img-src-set=\"{&quot;d&quot;:&quot;https:\\\/\\\/scontent-lhr6-2.cdninstagram.com\\\/v\\\/t51.82787-15\\\/662540054_18404087092183318_183824340173808519_n.webp?stp=dst-jpg_e35_tt6&amp;_nc_cat=100&amp;ccb=7-5&amp;_nc_sid=18de74&amp;efg=eyJlZmdfdGFnIjoiRkVFRC5iZXN0X2ltYWdlX3VybGdlbi5DMyJ9&amp;_nc_ohc=4qGpbMKmErYQ7kNvwH45jNo&amp;_nc_oc=Adp4feREEHWsM5Bl13N3Q24lYjfNnNIZBzAUClOGa0A0XPRzbOFXJr9X626jPo6MgoJDdcLO1auW8IDGs7Id38oR&amp;_nc_zt=23&amp;_nc_ht=scontent-lhr6-2.cdninstagram.com&amp;edm=AM6HXa8EAAAA&amp;_nc_gid=957vA7TsOuRd0rEI5APqNA&amp;oh=00_Af0N2olRCU6ZtXwQKpvZueabMeLS29hSOCpj06YCHqIOCA&amp;oe=69F91D5F&quot;,&quot;150&quot;:&quot;https:\\\/\\\/scontent-lhr6-2.cdninstagram.com\\\/v\\\/t51.82787-15\\\/662540054_18404087092183318_183824340173808519_n.webp?stp=dst-jpg_e35_tt6&amp;_nc_cat=100&amp;ccb=7-5&amp;_nc_sid=18de74&amp;efg=eyJlZmdfdGFnIjoiRkVFRC5iZXN0X2ltYWdlX3VybGdlbi5DMyJ9&amp;_nc_ohc=4qGpbMKmErYQ7kNvwH45jNo&amp;_nc_oc=Adp4feREEHWsM5Bl13N3Q24lYjfNnNIZBzAUClOGa0A0XPRzbOFXJr9X626jPo6MgoJDdcLO1auW8IDGs7Id38oR&amp;_nc_zt=23&amp;_nc_ht=scontent-lhr6-2.cdninstagram.com&amp;edm=AM6HXa8EAAAA&amp;_nc_gid=957vA7TsOuRd0rEI5APqNA&amp;oh=00_Af0N2olRCU6ZtXwQKpvZueabMeLS29hSOCpj06YCHqIOCA&amp;oe=69F91D5F&quot;,&quot;320&quot;:&quot;https:\\\/\\\/scontent-lhr6-2.cdninstagram.com\\\/v\\\/t51.82787-15\\\/662540054_18404087092183318_183824340173808519_n.webp?stp=dst-jpg_e35_tt6&amp;_nc_cat=100&amp;ccb=7-5&amp;_nc_sid=18de74&amp;efg=eyJlZmdfdGFnIjoiRkVFRC5iZXN0X2ltYWdlX3VybGdlbi5DMyJ9&amp;_nc_ohc=4qGpbMKmErYQ7kNvwH45jNo&amp;_nc_oc=Adp4feREEHWsM5Bl13N3Q24lYjfNnNIZBzAUClOGa0A0XPRzbOFXJr9X626jPo6MgoJDdcLO1auW8IDGs7Id38oR&amp;_nc_zt=23&amp;_nc_ht=scontent-lhr6-2.cdninstagram.com&amp;edm=AM6HXa8EAAAA&amp;_nc_gid=957vA7TsOuRd0rEI5APqNA&amp;oh=00_Af0N2olRCU6ZtXwQKpvZueabMeLS29hSOCpj06YCHqIOCA&amp;oe=69F91D5F&quot;,&quot;640&quot;:&quot;https:\\\/\\\/scontent-lhr6-2.cdninstagram.com\\\/v\\\/t51.82787-15\\\/662540054_18404087092183318_183824340173808519_n.webp?stp=dst-jpg_e35_tt6&amp;_nc_cat=100&amp;ccb=7-5&amp;_nc_sid=18de74&amp;efg=eyJlZmdfdGFnIjoiRkVFRC5iZXN0X2ltYWdlX3VybGdlbi5DMyJ9&amp;_nc_ohc=4qGpbMKmErYQ7kNvwH45jNo&amp;_nc_oc=Adp4feREEHWsM5Bl13N3Q24lYjfNnNIZBzAUClOGa0A0XPRzbOFXJr9X626jPo6MgoJDdcLO1auW8IDGs7Id38oR&amp;_nc_zt=23&amp;_nc_ht=scontent-lhr6-2.cdninstagram.com&amp;edm=AM6HXa8EAAAA&amp;_nc_gid=957vA7TsOuRd0rEI5APqNA&amp;oh=00_Af0N2olRCU6ZtXwQKpvZueabMeLS29hSOCpj06YCHqIOCA&amp;oe=69F91D5F&quot;}\">\n\t\t\t<span class=\"sbi-screenreader\">It was a pleasure to meet up with this couple yest<\/span>\n\t\t\t\t\t\t\t\t\t<img decoding=\"async\" src=\"https:\/\/glynisgermancelebrant.com\/wp-content\/plugins\/instagram-feed\/img\/placeholder.png\" alt=\"It was a pleasure to meet up with this couple yesterday at one of my favourite fincas.  They&#039;ll be getting married later in the year and we spent time discussing the ceremony before they had their food tasting (without me sob).\ud83d\ude09\n\nI love it when couples really invest their time and attention on the ceremony.  This is a key moment of any wedding and sets the tone for the rest of the day.\ud83d\udc8d\n\nI can&#039;t wait for the next time I see this couple - we&#039;ll be standing at the altar together and they&#039;ll be saying &quot;I do&quot;!\ud83d\udc9d\n\nFue un placer reunirme ayer con esta pareja en una de mis fincas favoritas. Se casar\u00e1n este verano y dedicamos un rato a hablar de la ceremonia antes de que se fueran a la cata de comida (sin m\u00ed, \u00a1ay!).\ud83e\udd23\n\nMe encanta cuando las parejas dedican su tiempo y atenci\u00f3n a la ceremonia.  Es un momento clave de cualquier boda y marca el tono del resto del d\u00eda.\ud83e\udd42\n\nEstoy deseando volver a ver a esta pareja: \u00a1estaremos juntos ante el altar y ellos dir\u00e1n \u00abS\u00ed, quiero\u00bb!\ud83d\udc96\n\n#destinationweddings #weddingsmallorca #mallorcaweddings #mallorcacelebrant #bodasendestino\" aria-hidden=\"true\">\n\t\t<\/a>\n\t<\/div>\n<\/div><div class=\"sbi_item sbi_type_image sbi_new sbi_transition\"\n\tid=\"sbi_18107297512676269\" data-date=\"1775462496\">\n\t<div class=\"sbi_photo_wrap\">\n\t\t<a class=\"sbi_photo\" href=\"https:\/\/www.instagram.com\/p\/DWyGMzXjY2W\/\" target=\"_blank\" rel=\"noopener nofollow\"\n\t\t\tdata-full-res=\"https:\/\/scontent-lhr8-2.cdninstagram.com\/v\/t51.82787-15\/659025404_18403503676183318_711521783222227529_n.webp?stp=dst-jpg_e35_tt6&#038;_nc_cat=101&#038;ccb=7-5&#038;_nc_sid=18de74&#038;efg=eyJlZmdfdGFnIjoiRkVFRC5iZXN0X2ltYWdlX3VybGdlbi5DMyJ9&#038;_nc_ohc=cApiBftDcLkQ7kNvwGHMgWl&#038;_nc_oc=AdqJd55g9-dxB9zOJIkiycsWxBE-Opv1h4k1xBeNtphhZaT1d5CPRoHJdhp_e8JRdn_Esdsburn9BIpeDN-m8wB1&#038;_nc_zt=23&#038;_nc_ht=scontent-lhr8-2.cdninstagram.com&#038;edm=AM6HXa8EAAAA&#038;_nc_gid=957vA7TsOuRd0rEI5APqNA&#038;oh=00_Af2nbtKDs8asZ_VgvPc_IiT4pQ3BZ8oPMMNjtHwpKKzuuQ&#038;oe=69F93AEE\"\n\t\t\tdata-img-src-set=\"{&quot;d&quot;:&quot;https:\\\/\\\/scontent-lhr8-2.cdninstagram.com\\\/v\\\/t51.82787-15\\\/659025404_18403503676183318_711521783222227529_n.webp?stp=dst-jpg_e35_tt6&amp;_nc_cat=101&amp;ccb=7-5&amp;_nc_sid=18de74&amp;efg=eyJlZmdfdGFnIjoiRkVFRC5iZXN0X2ltYWdlX3VybGdlbi5DMyJ9&amp;_nc_ohc=cApiBftDcLkQ7kNvwGHMgWl&amp;_nc_oc=AdqJd55g9-dxB9zOJIkiycsWxBE-Opv1h4k1xBeNtphhZaT1d5CPRoHJdhp_e8JRdn_Esdsburn9BIpeDN-m8wB1&amp;_nc_zt=23&amp;_nc_ht=scontent-lhr8-2.cdninstagram.com&amp;edm=AM6HXa8EAAAA&amp;_nc_gid=957vA7TsOuRd0rEI5APqNA&amp;oh=00_Af2nbtKDs8asZ_VgvPc_IiT4pQ3BZ8oPMMNjtHwpKKzuuQ&amp;oe=69F93AEE&quot;,&quot;150&quot;:&quot;https:\\\/\\\/scontent-lhr8-2.cdninstagram.com\\\/v\\\/t51.82787-15\\\/659025404_18403503676183318_711521783222227529_n.webp?stp=dst-jpg_e35_tt6&amp;_nc_cat=101&amp;ccb=7-5&amp;_nc_sid=18de74&amp;efg=eyJlZmdfdGFnIjoiRkVFRC5iZXN0X2ltYWdlX3VybGdlbi5DMyJ9&amp;_nc_ohc=cApiBftDcLkQ7kNvwGHMgWl&amp;_nc_oc=AdqJd55g9-dxB9zOJIkiycsWxBE-Opv1h4k1xBeNtphhZaT1d5CPRoHJdhp_e8JRdn_Esdsburn9BIpeDN-m8wB1&amp;_nc_zt=23&amp;_nc_ht=scontent-lhr8-2.cdninstagram.com&amp;edm=AM6HXa8EAAAA&amp;_nc_gid=957vA7TsOuRd0rEI5APqNA&amp;oh=00_Af2nbtKDs8asZ_VgvPc_IiT4pQ3BZ8oPMMNjtHwpKKzuuQ&amp;oe=69F93AEE&quot;,&quot;320&quot;:&quot;https:\\\/\\\/scontent-lhr8-2.cdninstagram.com\\\/v\\\/t51.82787-15\\\/659025404_18403503676183318_711521783222227529_n.webp?stp=dst-jpg_e35_tt6&amp;_nc_cat=101&amp;ccb=7-5&amp;_nc_sid=18de74&amp;efg=eyJlZmdfdGFnIjoiRkVFRC5iZXN0X2ltYWdlX3VybGdlbi5DMyJ9&amp;_nc_ohc=cApiBftDcLkQ7kNvwGHMgWl&amp;_nc_oc=AdqJd55g9-dxB9zOJIkiycsWxBE-Opv1h4k1xBeNtphhZaT1d5CPRoHJdhp_e8JRdn_Esdsburn9BIpeDN-m8wB1&amp;_nc_zt=23&amp;_nc_ht=scontent-lhr8-2.cdninstagram.com&amp;edm=AM6HXa8EAAAA&amp;_nc_gid=957vA7TsOuRd0rEI5APqNA&amp;oh=00_Af2nbtKDs8asZ_VgvPc_IiT4pQ3BZ8oPMMNjtHwpKKzuuQ&amp;oe=69F93AEE&quot;,&quot;640&quot;:&quot;https:\\\/\\\/scontent-lhr8-2.cdninstagram.com\\\/v\\\/t51.82787-15\\\/659025404_18403503676183318_711521783222227529_n.webp?stp=dst-jpg_e35_tt6&amp;_nc_cat=101&amp;ccb=7-5&amp;_nc_sid=18de74&amp;efg=eyJlZmdfdGFnIjoiRkVFRC5iZXN0X2ltYWdlX3VybGdlbi5DMyJ9&amp;_nc_ohc=cApiBftDcLkQ7kNvwGHMgWl&amp;_nc_oc=AdqJd55g9-dxB9zOJIkiycsWxBE-Opv1h4k1xBeNtphhZaT1d5CPRoHJdhp_e8JRdn_Esdsburn9BIpeDN-m8wB1&amp;_nc_zt=23&amp;_nc_ht=scontent-lhr8-2.cdninstagram.com&amp;edm=AM6HXa8EAAAA&amp;_nc_gid=957vA7TsOuRd0rEI5APqNA&amp;oh=00_Af2nbtKDs8asZ_VgvPc_IiT4pQ3BZ8oPMMNjtHwpKKzuuQ&amp;oe=69F93AEE&quot;}\">\n\t\t\t<span class=\"sbi-screenreader\">I am grateful that my world is a good place and it<\/span>\n\t\t\t\t\t\t\t\t\t<img decoding=\"async\" src=\"https:\/\/glynisgermancelebrant.com\/wp-content\/plugins\/instagram-feed\/img\/placeholder.png\" alt=\"I am grateful that my world is a good place and it brings me joy that I can stop and appreciate my blessings.  After 39 years since we last saw each other, I caught up with a friend I met back in 1982 when we both volunteered at the same kibbutz in Israel.  We stayed in touch for many years and ... as life happens, lost touch.\ud83d\udc96\n\nHe luckily writes a journal and was looking through some from the 1980s towards the end of last year and there I popped up!  Curious, he googled me and I leapt out (thanks internet ha ha) and to Mallorca he and his husband came!\n\nWhat fun memories... now we just have to find the rest of the gang and get them together!\ud83e\udd1e\ud83c\udffc\n\nTras 39 a\u00f1os desde la \u00faltima vez que nos vimos, volv\u00ed a encontrarme con un amigo que conoc\u00ed all\u00e1 por 1982, cuando ambos hac\u00edamos voluntariado en el mismo kibutz de Israel.  Mantuvimos el contacto durante muchos a\u00f1os y... como suele pasar en la vida, perdimos el contacto.\ud83d\udc9d\n\nQu\u00e9 recuerdos tan divertidos... \u00a1Ahora solo tenemos que encontrar al resto de la pandilla y reunirnos todos! \ud83d\ude09\" aria-hidden=\"true\">\n\t\t<\/a>\n\t<\/div>\n<\/div><div class=\"sbi_item sbi_type_image sbi_new sbi_transition\"\n\tid=\"sbi_18183016288335728\" data-date=\"1773856465\">\n\t<div class=\"sbi_photo_wrap\">\n\t\t<a class=\"sbi_photo\" href=\"https:\/\/www.instagram.com\/p\/DWCO8CsDSOE\/\" target=\"_blank\" rel=\"noopener nofollow\"\n\t\t\tdata-full-res=\"https:\/\/scontent-lhr6-2.cdninstagram.com\/v\/t51.82787-15\/654013500_18399879520183318_8295422444835845055_n.webp?stp=dst-jpg_e35_tt6&#038;_nc_cat=104&#038;ccb=7-5&#038;_nc_sid=18de74&#038;efg=eyJlZmdfdGFnIjoiRkVFRC5iZXN0X2ltYWdlX3VybGdlbi5DMyJ9&#038;_nc_ohc=Z7FVw7Z0OjoQ7kNvwHqMVQx&#038;_nc_oc=AdrGhsbzKqQ65wvPrhA9oBAI9OkLLwyk2KjOmmjuC3UpOoyha9XIQzvcTmw5G5kOgVwq6A08zHRbdxiiVCPIN8hz&#038;_nc_zt=23&#038;_nc_ht=scontent-lhr6-2.cdninstagram.com&#038;edm=AM6HXa8EAAAA&#038;_nc_gid=957vA7TsOuRd0rEI5APqNA&#038;oh=00_Af2K-aGwqFpY5s0_A98_VXBp9huJdz21tFWVv1Diz-FtiQ&#038;oe=69F90C83\"\n\t\t\tdata-img-src-set=\"{&quot;d&quot;:&quot;https:\\\/\\\/scontent-lhr6-2.cdninstagram.com\\\/v\\\/t51.82787-15\\\/654013500_18399879520183318_8295422444835845055_n.webp?stp=dst-jpg_e35_tt6&amp;_nc_cat=104&amp;ccb=7-5&amp;_nc_sid=18de74&amp;efg=eyJlZmdfdGFnIjoiRkVFRC5iZXN0X2ltYWdlX3VybGdlbi5DMyJ9&amp;_nc_ohc=Z7FVw7Z0OjoQ7kNvwHqMVQx&amp;_nc_oc=AdrGhsbzKqQ65wvPrhA9oBAI9OkLLwyk2KjOmmjuC3UpOoyha9XIQzvcTmw5G5kOgVwq6A08zHRbdxiiVCPIN8hz&amp;_nc_zt=23&amp;_nc_ht=scontent-lhr6-2.cdninstagram.com&amp;edm=AM6HXa8EAAAA&amp;_nc_gid=957vA7TsOuRd0rEI5APqNA&amp;oh=00_Af2K-aGwqFpY5s0_A98_VXBp9huJdz21tFWVv1Diz-FtiQ&amp;oe=69F90C83&quot;,&quot;150&quot;:&quot;https:\\\/\\\/scontent-lhr6-2.cdninstagram.com\\\/v\\\/t51.82787-15\\\/654013500_18399879520183318_8295422444835845055_n.webp?stp=dst-jpg_e35_tt6&amp;_nc_cat=104&amp;ccb=7-5&amp;_nc_sid=18de74&amp;efg=eyJlZmdfdGFnIjoiRkVFRC5iZXN0X2ltYWdlX3VybGdlbi5DMyJ9&amp;_nc_ohc=Z7FVw7Z0OjoQ7kNvwHqMVQx&amp;_nc_oc=AdrGhsbzKqQ65wvPrhA9oBAI9OkLLwyk2KjOmmjuC3UpOoyha9XIQzvcTmw5G5kOgVwq6A08zHRbdxiiVCPIN8hz&amp;_nc_zt=23&amp;_nc_ht=scontent-lhr6-2.cdninstagram.com&amp;edm=AM6HXa8EAAAA&amp;_nc_gid=957vA7TsOuRd0rEI5APqNA&amp;oh=00_Af2K-aGwqFpY5s0_A98_VXBp9huJdz21tFWVv1Diz-FtiQ&amp;oe=69F90C83&quot;,&quot;320&quot;:&quot;https:\\\/\\\/scontent-lhr6-2.cdninstagram.com\\\/v\\\/t51.82787-15\\\/654013500_18399879520183318_8295422444835845055_n.webp?stp=dst-jpg_e35_tt6&amp;_nc_cat=104&amp;ccb=7-5&amp;_nc_sid=18de74&amp;efg=eyJlZmdfdGFnIjoiRkVFRC5iZXN0X2ltYWdlX3VybGdlbi5DMyJ9&amp;_nc_ohc=Z7FVw7Z0OjoQ7kNvwHqMVQx&amp;_nc_oc=AdrGhsbzKqQ65wvPrhA9oBAI9OkLLwyk2KjOmmjuC3UpOoyha9XIQzvcTmw5G5kOgVwq6A08zHRbdxiiVCPIN8hz&amp;_nc_zt=23&amp;_nc_ht=scontent-lhr6-2.cdninstagram.com&amp;edm=AM6HXa8EAAAA&amp;_nc_gid=957vA7TsOuRd0rEI5APqNA&amp;oh=00_Af2K-aGwqFpY5s0_A98_VXBp9huJdz21tFWVv1Diz-FtiQ&amp;oe=69F90C83&quot;,&quot;640&quot;:&quot;https:\\\/\\\/scontent-lhr6-2.cdninstagram.com\\\/v\\\/t51.82787-15\\\/654013500_18399879520183318_8295422444835845055_n.webp?stp=dst-jpg_e35_tt6&amp;_nc_cat=104&amp;ccb=7-5&amp;_nc_sid=18de74&amp;efg=eyJlZmdfdGFnIjoiRkVFRC5iZXN0X2ltYWdlX3VybGdlbi5DMyJ9&amp;_nc_ohc=Z7FVw7Z0OjoQ7kNvwHqMVQx&amp;_nc_oc=AdrGhsbzKqQ65wvPrhA9oBAI9OkLLwyk2KjOmmjuC3UpOoyha9XIQzvcTmw5G5kOgVwq6A08zHRbdxiiVCPIN8hz&amp;_nc_zt=23&amp;_nc_ht=scontent-lhr6-2.cdninstagram.com&amp;edm=AM6HXa8EAAAA&amp;_nc_gid=957vA7TsOuRd0rEI5APqNA&amp;oh=00_Af2K-aGwqFpY5s0_A98_VXBp9huJdz21tFWVv1Diz-FtiQ&amp;oe=69F90C83&quot;}\">\n\t\t\t<span class=\"sbi-screenreader\">The season is starting and how great that feels! \ud83d\ude07<\/span>\n\t\t\t\t\t\t\t\t\t<img decoding=\"async\" src=\"https:\/\/glynisgermancelebrant.com\/wp-content\/plugins\/instagram-feed\/img\/placeholder.png\" alt=\"The season is starting and how great that feels! \ud83d\ude07\n\nThis gorgeous couple popped over for a couple of days to meet with suppliers, enjoy a menu tasting and have a hair and make up trial - well, the bride at least!\ud83d\udc84\n\nI managed to catch up with them alongside one of my favourite wedding planners too!\n\nI can&#039;t wait to see you in the summer R&amp;R - till then... be excited!\ud83e\udd42\n\nLa temporada est\u00e1 a punto de empezar y \u00a1qu\u00e9 maravilla poder conocer por fin en persona a una de mis encantadoras parejas!\n\nSe pasaron un par de d\u00edas aqu\u00ed para dar los \u00faltimos retoques a su boda y pude ponerme al d\u00eda con ellos, \u00a1junto con mi \u00abwedding planner\u00bb favorita!\ud83d\udc4f\ud83c\udffe\n\nHasta muy pronto guapos\ud83d\udc9d\n\n#destinationweddings #mallorca #wedmin #couples2026 #celebrantmallorca\" aria-hidden=\"true\">\n\t\t<\/a>\n\t<\/div>\n<\/div>\t<\/div>\n\n\t<div id=\"sbi_load\" >\n\n\t\n\t\n<\/div>\n\t\t<span class=\"sbi_resized_image_data\" data-feed-id=\"*1\"\n\t\t  data-resized=\"{&quot;18183016288335728&quot;:{&quot;id&quot;:&quot;654013500_18399879520183318_8295422444835845055_n&quot;,&quot;ratio&quot;:&quot;1.00&quot;,&quot;sizes&quot;:{&quot;full&quot;:640,&quot;low&quot;:320,&quot;thumb&quot;:150},&quot;extension&quot;:&quot;.webp&quot;},&quot;18107297512676269&quot;:{&quot;id&quot;:&quot;659025404_18403503676183318_711521783222227529_n&quot;,&quot;ratio&quot;:&quot;0.75&quot;,&quot;sizes&quot;:{&quot;full&quot;:640,&quot;low&quot;:320,&quot;thumb&quot;:150},&quot;extension&quot;:&quot;.webp&quot;},&quot;17960033364095205&quot;:{&quot;id&quot;:&quot;662540054_18404087092183318_183824340173808519_n&quot;,&quot;ratio&quot;:&quot;0.75&quot;,&quot;sizes&quot;:{&quot;full&quot;:640,&quot;low&quot;:320,&quot;thumb&quot;:150},&quot;extension&quot;:&quot;.webp&quot;},&quot;17901463194265888&quot;:{&quot;id&quot;:&quot;683671247_18406629838183318_7704520403315469866_n&quot;,&quot;ratio&quot;:&quot;1.00&quot;,&quot;sizes&quot;:{&quot;full&quot;:640,&quot;low&quot;:320,&quot;thumb&quot;:150},&quot;extension&quot;:&quot;.webp&quot;}}\">\n\t<\/span>\n\t<\/div>\n\n\n<p>[\/et_pb_text][\/et_pb_column][\/et_pb_row][\/et_pb_section]<\/p>\n","protected":false},"excerpt":{"rendered":"<p>Cuidados Espirituales en la Etapa Final de la Vida\u201cMuchas gracias por tu ayuda a lo largo de los \u00faltimos d\u00edas. No podr\u00edamos haberlo superado sin ti.\u00bb D.SUna Oportunidad Para el Di\u00e1logo en Tiempos Dif\u00edcilesExpr\u00e9sate y Comparte Tu Experiencia Todos merecemos una muerte digna y creo que puedo contribuir con mi ofrenda de algunos \u00daltimos Ritos. [&hellip;]<\/p>\n","protected":false},"author":1,"featured_media":0,"parent":0,"menu_order":0,"comment_status":"closed","ping_status":"closed","template":"","meta":{"_et_pb_use_builder":"on","_et_pb_old_content":"","_et_gb_content_width":"","footnotes":""},"yoast_head":"<!-- This site is optimized with the Yoast SEO plugin v22.1 - https:\/\/yoast.com\/wordpress\/plugins\/seo\/ -->\n<title>Cuidados Espirituales en la Etapa Final de la Vida - Glynis German - Mallorca Celebrant Ceremonies<\/title>\n<meta name=\"robots\" content=\"index, follow, max-snippet:-1, max-image-preview:large, max-video-preview:-1\" \/>\n<link rel=\"canonical\" href=\"https:\/\/glynisgermancelebrant.com\/es\/cuidados-espirituales-en-la-etapa-final-de-la-vida\/\" \/>\n<meta property=\"og:locale\" content=\"es_ES\" \/>\n<meta property=\"og:type\" content=\"article\" \/>\n<meta property=\"og:title\" content=\"Cuidados Espirituales en la Etapa Final de la Vida - Glynis German - Mallorca Celebrant Ceremonies\" \/>\n<meta property=\"og:description\" content=\"Cuidados Espirituales en la Etapa Final de la Vida\u201cMuchas gracias por tu ayuda a lo largo de los \u00faltimos d\u00edas. No podr\u00edamos haberlo superado sin ti.&quot; D.SUna Oportunidad Para el Di\u00e1logo en Tiempos Dif\u00edcilesExpr\u00e9sate y Comparte Tu Experiencia Todos merecemos una muerte digna y creo que puedo contribuir con mi ofrenda de algunos \u00daltimos Ritos. [&hellip;]\" \/>\n<meta property=\"og:url\" content=\"https:\/\/glynisgermancelebrant.com\/es\/cuidados-espirituales-en-la-etapa-final-de-la-vida\/\" \/>\n<meta property=\"og:site_name\" content=\"Glynis German - Mallorca Celebrant Ceremonies\" \/>\n<meta property=\"article:modified_time\" content=\"2019-08-23T08:46:11+00:00\" \/>\n<meta property=\"og:image\" content=\"https:\/\/glynisgermancelebrant.com\/wp-content\/uploads\/2019\/10\/mallorca-celebrant-glynis-german.jpg\" \/>\n\t<meta property=\"og:image:width\" content=\"1200\" \/>\n\t<meta property=\"og:image:height\" content=\"630\" \/>\n\t<meta property=\"og:image:type\" content=\"image\/jpeg\" \/>\n<meta name=\"twitter:card\" content=\"summary_large_image\" \/>\n<meta name=\"twitter:label1\" content=\"Tiempo de lectura\" \/>\n\t<meta name=\"twitter:data1\" content=\"5 minutos\" \/>\n<script type=\"application\/ld+json\" class=\"yoast-schema-graph\">{\"@context\":\"https:\/\/schema.org\",\"@graph\":[{\"@type\":\"WebPage\",\"@id\":\"https:\/\/glynisgermancelebrant.com\/es\/cuidados-espirituales-en-la-etapa-final-de-la-vida\/\",\"url\":\"https:\/\/glynisgermancelebrant.com\/es\/cuidados-espirituales-en-la-etapa-final-de-la-vida\/\",\"name\":\"Cuidados Espirituales en la Etapa Final de la Vida - Glynis German - Mallorca Celebrant Ceremonies\",\"isPartOf\":{\"@id\":\"https:\/\/glynisgermancelebrant.com\/es\/#website\"},\"datePublished\":\"2019-08-08T15:44:27+00:00\",\"dateModified\":\"2019-08-23T08:46:11+00:00\",\"breadcrumb\":{\"@id\":\"https:\/\/glynisgermancelebrant.com\/es\/cuidados-espirituales-en-la-etapa-final-de-la-vida\/#breadcrumb\"},\"inLanguage\":\"es\",\"potentialAction\":[{\"@type\":\"ReadAction\",\"target\":[\"https:\/\/glynisgermancelebrant.com\/es\/cuidados-espirituales-en-la-etapa-final-de-la-vida\/\"]}]},{\"@type\":\"BreadcrumbList\",\"@id\":\"https:\/\/glynisgermancelebrant.com\/es\/cuidados-espirituales-en-la-etapa-final-de-la-vida\/#breadcrumb\",\"itemListElement\":[{\"@type\":\"ListItem\",\"position\":1,\"name\":\"Home\",\"item\":\"https:\/\/glynisgermancelebrant.com\/es\/\"},{\"@type\":\"ListItem\",\"position\":2,\"name\":\"Cuidados Espirituales en la Etapa Final de la Vida\"}]},{\"@type\":\"WebSite\",\"@id\":\"https:\/\/glynisgermancelebrant.com\/es\/#website\",\"url\":\"https:\/\/glynisgermancelebrant.com\/es\/\",\"name\":\"Glynis German - Mallorca Celebrant Ceremonies\",\"description\":\"Making Memorable Ceremonies\",\"potentialAction\":[{\"@type\":\"SearchAction\",\"target\":{\"@type\":\"EntryPoint\",\"urlTemplate\":\"https:\/\/glynisgermancelebrant.com\/es\/?s={search_term_string}\"},\"query-input\":\"required name=search_term_string\"}],\"inLanguage\":\"es\"}]}<\/script>\n<!-- \/ Yoast SEO plugin. -->","yoast_head_json":{"title":"Cuidados Espirituales en la Etapa Final de la Vida - Glynis German - Mallorca Celebrant Ceremonies","robots":{"index":"index","follow":"follow","max-snippet":"max-snippet:-1","max-image-preview":"max-image-preview:large","max-video-preview":"max-video-preview:-1"},"canonical":"https:\/\/glynisgermancelebrant.com\/es\/cuidados-espirituales-en-la-etapa-final-de-la-vida\/","og_locale":"es_ES","og_type":"article","og_title":"Cuidados Espirituales en la Etapa Final de la Vida - Glynis German - Mallorca Celebrant Ceremonies","og_description":"Cuidados Espirituales en la Etapa Final de la Vida\u201cMuchas gracias por tu ayuda a lo largo de los \u00faltimos d\u00edas. No podr\u00edamos haberlo superado sin ti.\" D.SUna Oportunidad Para el Di\u00e1logo en Tiempos Dif\u00edcilesExpr\u00e9sate y Comparte Tu Experiencia Todos merecemos una muerte digna y creo que puedo contribuir con mi ofrenda de algunos \u00daltimos Ritos. [&hellip;]","og_url":"https:\/\/glynisgermancelebrant.com\/es\/cuidados-espirituales-en-la-etapa-final-de-la-vida\/","og_site_name":"Glynis German - Mallorca Celebrant Ceremonies","article_modified_time":"2019-08-23T08:46:11+00:00","og_image":[{"width":1200,"height":630,"url":"https:\/\/glynisgermancelebrant.com\/wp-content\/uploads\/2019\/10\/mallorca-celebrant-glynis-german.jpg","type":"image\/jpeg"}],"twitter_card":"summary_large_image","twitter_misc":{"Tiempo de lectura":"5 minutos"},"schema":{"@context":"https:\/\/schema.org","@graph":[{"@type":"WebPage","@id":"https:\/\/glynisgermancelebrant.com\/es\/cuidados-espirituales-en-la-etapa-final-de-la-vida\/","url":"https:\/\/glynisgermancelebrant.com\/es\/cuidados-espirituales-en-la-etapa-final-de-la-vida\/","name":"Cuidados Espirituales en la Etapa Final de la Vida - Glynis German - Mallorca Celebrant Ceremonies","isPartOf":{"@id":"https:\/\/glynisgermancelebrant.com\/es\/#website"},"datePublished":"2019-08-08T15:44:27+00:00","dateModified":"2019-08-23T08:46:11+00:00","breadcrumb":{"@id":"https:\/\/glynisgermancelebrant.com\/es\/cuidados-espirituales-en-la-etapa-final-de-la-vida\/#breadcrumb"},"inLanguage":"es","potentialAction":[{"@type":"ReadAction","target":["https:\/\/glynisgermancelebrant.com\/es\/cuidados-espirituales-en-la-etapa-final-de-la-vida\/"]}]},{"@type":"BreadcrumbList","@id":"https:\/\/glynisgermancelebrant.com\/es\/cuidados-espirituales-en-la-etapa-final-de-la-vida\/#breadcrumb","itemListElement":[{"@type":"ListItem","position":1,"name":"Home","item":"https:\/\/glynisgermancelebrant.com\/es\/"},{"@type":"ListItem","position":2,"name":"Cuidados Espirituales en la Etapa Final de la Vida"}]},{"@type":"WebSite","@id":"https:\/\/glynisgermancelebrant.com\/es\/#website","url":"https:\/\/glynisgermancelebrant.com\/es\/","name":"Glynis German - Mallorca Celebrant Ceremonies","description":"Making Memorable Ceremonies","potentialAction":[{"@type":"SearchAction","target":{"@type":"EntryPoint","urlTemplate":"https:\/\/glynisgermancelebrant.com\/es\/?s={search_term_string}"},"query-input":"required name=search_term_string"}],"inLanguage":"es"}]}},"_links":{"self":[{"href":"https:\/\/glynisgermancelebrant.com\/es\/wp-json\/wp\/v2\/pages\/3326"}],"collection":[{"href":"https:\/\/glynisgermancelebrant.com\/es\/wp-json\/wp\/v2\/pages"}],"about":[{"href":"https:\/\/glynisgermancelebrant.com\/es\/wp-json\/wp\/v2\/types\/page"}],"author":[{"embeddable":true,"href":"https:\/\/glynisgermancelebrant.com\/es\/wp-json\/wp\/v2\/users\/1"}],"replies":[{"embeddable":true,"href":"https:\/\/glynisgermancelebrant.com\/es\/wp-json\/wp\/v2\/comments?post=3326"}],"version-history":[{"count":9,"href":"https:\/\/glynisgermancelebrant.com\/es\/wp-json\/wp\/v2\/pages\/3326\/revisions"}],"predecessor-version":[{"id":3578,"href":"https:\/\/glynisgermancelebrant.com\/es\/wp-json\/wp\/v2\/pages\/3326\/revisions\/3578"}],"wp:attachment":[{"href":"https:\/\/glynisgermancelebrant.com\/es\/wp-json\/wp\/v2\/media?parent=3326"}],"curies":[{"name":"wp","href":"https:\/\/api.w.org\/{rel}","templated":true}]}}