{"id":3303,"date":"2019-08-08T07:56:18","date_gmt":"2019-08-08T07:56:18","guid":{"rendered":"https:\/\/glynisgermancelebrant.com\/?page_id=3303"},"modified":"2019-10-14T05:38:52","modified_gmt":"2019-10-14T05:38:52","slug":"bodas-mallorca","status":"publish","type":"page","link":"https:\/\/glynisgermancelebrant.com\/es\/bodas-mallorca\/","title":{"rendered":"Bodas en Mallorca"},"content":{"rendered":"<p>[et_pb_section fb_built=\u00bb1&#8243; _builder_version=\u00bb3.22.4&#8243; background_image=\u00bbhttps:\/\/glynisgermancelebrant.com\/wp-content\/uploads\/2019\/07\/wedding-ceremonies-celebrant-mallorca-spain64.jpg\u00bb parallax=\u00bbon\u00bb custom_padding=\u00bb150px||100px\u00bb fb_built=\u00bb1&#8243; _i=\u00bb0&#8243; _address=\u00bb0&#8243;][et_pb_row _builder_version=\u00bb3.25&#8243; _i=\u00bb0&#8243; _address=\u00bb0.0&#8243;][et_pb_column type=\u00bb4_4&#8243; _builder_version=\u00bb3.25&#8243; custom_padding=\u00bb|||\u00bb _i=\u00bb0&#8243; _address=\u00bb0.0.0&#8243; custom_padding__hover=\u00bb|||\u00bb][et_pb_text _builder_version=\u00bb3.27.4&#8243; text_font=\u00bb||||||||\u00bb header_font=\u00bb||||||||\u00bb header_text_color=\u00bb#464646&#8243; header_2_font=\u00bb||||||||\u00bb header_2_text_shadow_style=\u00bbpreset1&#8243; background_layout=\u00bbdark\u00bb hover_enabled=\u00bb0&#8243; _i=\u00bb0&#8243; _address=\u00bb0.0.0.0&#8243; header_text_shadow_style=\u00bbpreset3&#8243; header_text_shadow_color=\u00bb#ffffff\u00bb]<\/p>\n<h1>Bodas en Mallorca<\/h1>\n<p>[\/et_pb_text][\/et_pb_column][\/et_pb_row][\/et_pb_section][et_pb_section fb_built=\u00bb1&#8243; _builder_version=\u00bb3.22.4&#8243; background_color=\u00bbrgba(0,0,0,0)\u00bb custom_margin=\u00bb-200px||\u00bb fb_built=\u00bb1&#8243; _i=\u00bb1&#8243; _address=\u00bb1&#8243;][et_pb_row column_structure=\u00bb1_2,1_2&#8243; make_equal=\u00bbon\u00bb padding_top_bottom_link_2=\u00bbtrue\u00bb padding_left_right_link_2=\u00bbtrue\u00bb module_class=\u00bbcolumn-border\u00bb _builder_version=\u00bb3.25&#8243; _i=\u00bb0&#8243; _address=\u00bb1.0&#8243;][et_pb_column type=\u00bb1_2&#8243; _builder_version=\u00bb3.25&#8243; background_image=\u00bbhttps:\/\/glynisgermancelebrant.com\/wp-content\/uploads\/2019\/07\/wedding-celebrant-ceremonies-mallorca-spain.jpg\u00bb custom_padding=\u00bb|||\u00bb _i=\u00bb0&#8243; _address=\u00bb1.0.0&#8243; custom_padding__hover=\u00bb|||\u00bb][\/et_pb_column][et_pb_column type=\u00bb1_2&#8243; _builder_version=\u00bb3.25&#8243; background_color=\u00bb#ffffff\u00bb custom_padding=\u00bb50px|40px|50px|40px\u00bb _i=\u00bb1&#8243; _address=\u00bb1.0.1&#8243; custom_padding__hover=\u00bb|||\u00bb][et_pb_text _builder_version=\u00bb3.27.4&#8243; text_font=\u00bb||||||||\u00bb text_orientation=\u00bbcenter\u00bb _i=\u00bb0&#8243; _address=\u00bb1.0.1.0&#8243;]<\/p>\n<p>\u201cEres la mujer m\u00e1s dulce que hemos tenido el placer de conocer. Estoy realmente abatido porque no nos vamos a casar este a\u00f1o, \u00a1y as\u00ed poder hacerlo todo de nuevo contigo! Nos encant\u00f3 compartir nuestro gran d\u00eda contigo y todav\u00eda hablamos de ti con la familia \u00ab<\/p>\n<p>Sam &amp; Danny, mayo 2018\u200b<\/p>\n<p>[\/et_pb_text][\/et_pb_column][\/et_pb_row][\/et_pb_section][et_pb_section fb_built=\u00bb1&#8243; _builder_version=\u00bb3.22.4&#8243; background_image=\u00bbhttps:\/\/glynisgermancelebrant.com\/wp-content\/uploads\/2019\/07\/CREDIT-Shadha-Agliata-.jpg\u00bb parallax=\u00bbon\u00bb min_height=\u00bb400px\u00bb fb_built=\u00bb1&#8243; _i=\u00bb2&#8243; _address=\u00bb2&#8243;][et_pb_row _builder_version=\u00bb3.25&#8243; _i=\u00bb0&#8243; _address=\u00bb2.0&#8243;][et_pb_column type=\u00bb4_4&#8243; _builder_version=\u00bb3.25&#8243; custom_padding=\u00bb|||\u00bb _i=\u00bb0&#8243; _address=\u00bb2.0.0&#8243; custom_padding__hover=\u00bb|||\u00bb][et_pb_text _builder_version=\u00bb3.27.4&#8243; text_font=\u00bb||||||||\u00bb text_orientation=\u00bbcenter\u00bb background_layout=\u00bbdark\u00bb _i=\u00bb0&#8243; _address=\u00bb2.0.0.0&#8243;]<\/p>\n<h2>\u00a1D\u00ed \u00a8S\u00ed, Quiero\u00a8 en Mallorca!<\/h2>\n<p>[\/et_pb_text][\/et_pb_column][\/et_pb_row][\/et_pb_section][et_pb_section fb_built=\u00bb1&#8243; _builder_version=\u00bb3.22.4&#8243; background_image=\u00bbhttps:\/\/glynisgermancelebrant.com\/wp-content\/uploads\/2019\/06\/logo03.png\u00bb background_size=\u00bbcontain\u00bb fb_built=\u00bb1&#8243; _i=\u00bb3&#8243; _address=\u00bb3&#8243;][et_pb_row _builder_version=\u00bb3.25&#8243; _i=\u00bb0&#8243; _address=\u00bb3.0&#8243;][et_pb_column type=\u00bb4_4&#8243; _builder_version=\u00bb3.25&#8243; custom_padding=\u00bb|||\u00bb _i=\u00bb0&#8243; _address=\u00bb3.0.0&#8243; custom_padding__hover=\u00bb|||\u00bb][et_pb_text _builder_version=\u00bb3.27.4&#8243; text_font=\u00bb||||||||\u00bb background_color=\u00bbrgba(255,255,255,0.79)\u00bb text_orientation=\u00bbcenter\u00bb custom_padding=\u00bb50px|40px|50px|40px|true|true\u00bb _i=\u00bb0&#8243; _address=\u00bb3.0.0.0&#8243;]<\/p>\n<h2>Mira lo que est\u00e1 incluido cuando me eliges como tu celebrante:<\/h2>\n<p>\u2022 \u00a1UNA \tCEREMONIA REALMENTE MEMORABLE! \u00a1Y aunque se os asignar\u00e1n deberes, os dar\u00e9 un 10+ el d\u00eda de vuestra boda, o sea que tanto vosotros como vuestros invitados seguir\u00e9is hablando de vuestra boda durante largos a\u00f1os!<\/p>\n<p>\u2022 PRESENTACI\u00d3N PODEROSA: Llena de energ\u00eda, \u00a1hasta con diversi\u00f3n garantizada! Nadie se quedar\u00e1 dormido en esta ceremonia y con mi experiencia en presentaciones de radio y voces en off, todos me escuchar\u00e1n, \u00a1palabra por palabra!<\/p>\n<p>\u2022 A LO LARGO DEL VIAJE: Estar\u00e9 disponible todo el camino hasta vuestro gran d\u00eda, preferiblemente con muchas tazas de t\u00e9 cuando nos pongamos al d\u00eda, aunque vosotros, por otro lado, \u00a1quiz\u00e1s prefir\u00e1is algo m\u00e1s fuerte!<\/p>\n<p>\u2022 REUNI\u00d3N FINAL: lo pod\u00e9is llamar ensayo, pero reun\u00e1monos en el lugar del \tevento, \u00a1y traed a la gente que ser\u00e1n vuestras figuras clave! Repasaremos qui\u00e9n har\u00e1 qu\u00e9 y cu\u00e1ndo, y luego necesitar\u00e9 un momento final con vosotros antes de la pr\u00f3xima vez que nos veamos \u00a1en el altar!<\/p>\n<p>\u2022 ETIQUETA: lo siento si me conocisteis a trav\u00e9s del chat de video, \u00a1mi excusa para no ir siempre arreglada es que trabajo desde casa! No os preocup\u00e9is,os preguntar\u00e9 por las flores y qu\u00e9 colores llevar\u00e1n las damas de honor para no desentonar con nadie ese d\u00eda. Tambi\u00e9n pasar\u00e9 por lo menos una hora en peluquer\u00eda y maquillaje antes de llegar resplandeciente, \u00a1pero no tanto como la novia!<\/p>\n<p>\u2022 CONSEJOS PRINCIPALES: no solo para poder sacar el m\u00e1ximo provecho de vuestro gran d\u00eda, sino que adem\u00e1s pod\u00e9is aprender de mis propios errores y tener el mejor matrimonio posible \u00a1de ah\u00ed la raz\u00f3n de los deberes!<\/p>\n<p>\u2022 DESCONECTADOS: Este es vuestro d\u00eda especial, y si veo un dispositivo m\u00f3vil apunt\u00e1ndoos cuando dig\u00e1is vuestro \u00a8s\u00ed, quiero\u00a8 ser\u00e1 confiscado \t(digamos que estoy en tr\u00e1mites de actualizar el m\u00edo). Trabajar\u00e9 estrechamente con vuestro fot\u00f3grafo para que obteng\u00e1is las mejores fotos \u00a1y har\u00e9 que vuestros invitados est\u00e9n sintonizados tanto con vosotros como con vuestra ceremonia! <\/p>\n<p>\u2022 S.O.S:  Stop, (Detente) Observe (Observa tus pensamientos) and Steer (Dir\u00edgelos de manera positiva) &#8211; Tambi\u00e9n llevo pa\u00f1uelos de papel y remedio de rescate, y soy la eterna optimista de sonrisa deslumbrante \u00a1No existen crisis de nervios suficientemente grandes como para resistir mi positividad!<\/p>\n<p>\u2022 EL MEJOR MOMENTO: Ser\u00e9is el centro de vuestra boda en cada momento, \u00a1y yo estar\u00e9 all\u00ed asegur\u00e1ndome de que el foco de atenci\u00f3n recae en vosotros y tan solo vosotros! Llegar\u00e9 antes de tiempo y me quedar\u00e9 \tdespu\u00e9s de la ceremonia para echar una mano. \u00a1Me lo agradecer\u00e9is, ya que ser\u00e9 yo quien se asegure de que tom\u00e9is ese vaso de cava y algo de picar mientras vuestros invitados se divierten!<\/p>\n<p>\u2022 VALORES: \u00a1No solo tendr\u00e9is buena relaci\u00f3n calidad precio conmigo a vuestro lado en este viaje de asombro y admiraci\u00f3n! Los valores son mi caracter\u00edstica principal, \u00a1los valores hacen al hombre, y a la mujer! Valores, los amo, los vivo y \u00a1no podr\u00e9is equivocaros nunca con cualquiera de ellos a vuestro lado!<\/p>\n<p>[\/et_pb_text][\/et_pb_column][\/et_pb_row][\/et_pb_section][et_pb_section fb_built=\u00bb1&#8243; _builder_version=\u00bb3.22.4&#8243; background_image=\u00bbhttps:\/\/glynisgermancelebrant.com\/wp-content\/uploads\/2019\/07\/wedding-ceremonies-celebrant-mallorca-spain66.jpg\u00bb parallax=\u00bbon\u00bb parallax_method=\u00bboff\u00bb min_height=\u00bb400px\u00bb custom_padding=\u00bb150px||\u00bb fb_built=\u00bb1&#8243; _i=\u00bb4&#8243; _address=\u00bb4&#8243;][et_pb_row _builder_version=\u00bb3.25&#8243; background_color=\u00bbrgba(70,70,70,0.36)\u00bb width=\u00bb60%\u00bb _i=\u00bb0&#8243; _address=\u00bb4.0&#8243;][et_pb_column type=\u00bb4_4&#8243; _builder_version=\u00bb3.25&#8243; custom_padding=\u00bb|||\u00bb _i=\u00bb0&#8243; _address=\u00bb4.0.0&#8243; custom_padding__hover=\u00bb|||\u00bb][et_pb_text _builder_version=\u00bb3.27.4&#8243; text_font=\u00bb||||||||\u00bb text_orientation=\u00bbcenter\u00bb background_layout=\u00bbdark\u00bb _i=\u00bb0&#8243; _address=\u00bb4.0.0.0&#8243;]<\/p>\n<h2>\u00bfListos para crear una ceremonia completamente \u00fanica?<\/h2>\n<p>[\/et_pb_text][et_pb_button button_url=\u00bbhttps:\/\/calendly.com\/glynisgermancelebrant\/lets-talk\u00bb url_new_window=\u00bbon\u00bb button_text=\u00bbPregunta\u00bb button_alignment=\u00bbcenter\u00bb _builder_version=\u00bb3.27.4&#8243; background_layout=\u00bbdark\u00bb _i=\u00bb1&#8243; _address=\u00bb4.0.0.1&#8243;][\/et_pb_button][\/et_pb_column][\/et_pb_row][\/et_pb_section][et_pb_section fb_built=\u00bb1&#8243; _builder_version=\u00bb3.22.4&#8243; fb_built=\u00bb1&#8243; _i=\u00bb5&#8243; _address=\u00bb5&#8243;][et_pb_row _builder_version=\u00bb3.25&#8243; _i=\u00bb0&#8243; _address=\u00bb5.0&#8243;][et_pb_column type=\u00bb4_4&#8243; _builder_version=\u00bb3.25&#8243; custom_padding=\u00bb|||\u00bb _i=\u00bb0&#8243; _address=\u00bb5.0.0&#8243; custom_padding__hover=\u00bb|||\u00bb][et_pb_text _builder_version=\u00bb3.27.4&#8243; text_font=\u00bb||||||||\u00bb text_orientation=\u00bbcenter\u00bb _i=\u00bb0&#8243; _address=\u00bb5.0.0.0&#8243;]<\/p>\n<h2><span>S\u00edgueme en Instagram<\/span><\/h2>\n<p>[\/et_pb_text][et_pb_text admin_label=\u00bbInstagram feed\u00bb _builder_version=\u00bb3.27.4&#8243; _i=\u00bb1&#8243; _address=\u00bb5.0.0.1&#8243;]<\/p>\n\n<div id=\"sb_instagram\"  class=\"sbi sbi_mob_col_1 sbi_tab_col_2 sbi_col_4 sbi_disable_mobile\" style=\"padding-bottom: 10px; width: 100%;\"\t data-feedid=\"*1\"  data-res=\"auto\" data-cols=\"4\" data-colsmobile=\"1\" data-colstablet=\"2\" data-num=\"4\" data-nummobile=\"\" data-item-padding=\"5\"\t data-shortcode-atts=\"{}\"  data-postid=\"3303\" data-locatornonce=\"90e177a2db\" data-imageaspectratio=\"1:1\" data-sbi-flags=\"favorLocal\">\n\t\n\t<div id=\"sbi_images\"  style=\"gap: 10px;\">\n\t\t<div class=\"sbi_item sbi_type_carousel sbi_new sbi_transition\"\n\tid=\"sbi_17982193179074176\" data-date=\"1788513680\">\n\t<div class=\"sbi_photo_wrap\">\n\t\t<a class=\"sbi_photo\" href=\"https:\/\/www.instagram.com\/p\/Dc3DXHQjeAL\/\" target=\"_blank\" rel=\"noopener nofollow\"\n\t\t\tdata-full-res=\"https:\/\/scontent-lhr11-1.cdninstagram.com\/v\/t51.82787-15\/793337051_18427415209183318_7815406175690054802_n.webp?stp=dst-jpg_e35_tt6&#038;_nc_cat=106&#038;ccb=7-5&#038;_nc_sid=18de74&#038;efg=eyJlZmdfdGFnIjoiQ0FST1VTRUxfSVRFTS5iZXN0X2ltYWdlX3VybGdlbi5DMyJ9&#038;_nc_ohc=VSLeyMgNYakQ7kNvwG0yFFy&#038;_nc_oc=AdpHYxgeuy8qSooC7Hj9AsdLRxPgYYYjU5TIe-_jvAvLnmjcUY0Ke6xTtd6kCaqIq1nak1HHR5TSpf5cenK-w2wH&#038;_nc_zt=23&#038;_nc_ht=scontent-lhr11-1.cdninstagram.com&#038;edm=ANo9K5cEAAAA&#038;_nc_gid=pC-dG-IBb4kFF0J2ip_BfQ&#038;_nc_tpa=Q5bMBQLMk76LtEMrX6cNDQHk94seHaXdNYz-Ah4qx6A4CEEYU_OU301DpaJs1kGNpSWPxPLgJ3sNRCfWlw&#038;oh=00_AQICSs9WxQSLPQHKKWRKqF8DHSYdgLx5dvr31xITmw4UCg&#038;oe=6AA27599\"\n\t\t\tdata-img-src-set=\"{&quot;d&quot;:&quot;https:\\\/\\\/scontent-lhr11-1.cdninstagram.com\\\/v\\\/t51.82787-15\\\/793337051_18427415209183318_7815406175690054802_n.webp?stp=dst-jpg_e35_tt6&amp;_nc_cat=106&amp;ccb=7-5&amp;_nc_sid=18de74&amp;efg=eyJlZmdfdGFnIjoiQ0FST1VTRUxfSVRFTS5iZXN0X2ltYWdlX3VybGdlbi5DMyJ9&amp;_nc_ohc=VSLeyMgNYakQ7kNvwG0yFFy&amp;_nc_oc=AdpHYxgeuy8qSooC7Hj9AsdLRxPgYYYjU5TIe-_jvAvLnmjcUY0Ke6xTtd6kCaqIq1nak1HHR5TSpf5cenK-w2wH&amp;_nc_zt=23&amp;_nc_ht=scontent-lhr11-1.cdninstagram.com&amp;edm=ANo9K5cEAAAA&amp;_nc_gid=pC-dG-IBb4kFF0J2ip_BfQ&amp;_nc_tpa=Q5bMBQLMk76LtEMrX6cNDQHk94seHaXdNYz-Ah4qx6A4CEEYU_OU301DpaJs1kGNpSWPxPLgJ3sNRCfWlw&amp;oh=00_AQICSs9WxQSLPQHKKWRKqF8DHSYdgLx5dvr31xITmw4UCg&amp;oe=6AA27599&quot;,&quot;150&quot;:&quot;https:\\\/\\\/scontent-lhr11-1.cdninstagram.com\\\/v\\\/t51.82787-15\\\/793337051_18427415209183318_7815406175690054802_n.webp?stp=dst-jpg_e35_tt6&amp;_nc_cat=106&amp;ccb=7-5&amp;_nc_sid=18de74&amp;efg=eyJlZmdfdGFnIjoiQ0FST1VTRUxfSVRFTS5iZXN0X2ltYWdlX3VybGdlbi5DMyJ9&amp;_nc_ohc=VSLeyMgNYakQ7kNvwG0yFFy&amp;_nc_oc=AdpHYxgeuy8qSooC7Hj9AsdLRxPgYYYjU5TIe-_jvAvLnmjcUY0Ke6xTtd6kCaqIq1nak1HHR5TSpf5cenK-w2wH&amp;_nc_zt=23&amp;_nc_ht=scontent-lhr11-1.cdninstagram.com&amp;edm=ANo9K5cEAAAA&amp;_nc_gid=pC-dG-IBb4kFF0J2ip_BfQ&amp;_nc_tpa=Q5bMBQLMk76LtEMrX6cNDQHk94seHaXdNYz-Ah4qx6A4CEEYU_OU301DpaJs1kGNpSWPxPLgJ3sNRCfWlw&amp;oh=00_AQICSs9WxQSLPQHKKWRKqF8DHSYdgLx5dvr31xITmw4UCg&amp;oe=6AA27599&quot;,&quot;320&quot;:&quot;https:\\\/\\\/scontent-lhr11-1.cdninstagram.com\\\/v\\\/t51.82787-15\\\/793337051_18427415209183318_7815406175690054802_n.webp?stp=dst-jpg_e35_tt6&amp;_nc_cat=106&amp;ccb=7-5&amp;_nc_sid=18de74&amp;efg=eyJlZmdfdGFnIjoiQ0FST1VTRUxfSVRFTS5iZXN0X2ltYWdlX3VybGdlbi5DMyJ9&amp;_nc_ohc=VSLeyMgNYakQ7kNvwG0yFFy&amp;_nc_oc=AdpHYxgeuy8qSooC7Hj9AsdLRxPgYYYjU5TIe-_jvAvLnmjcUY0Ke6xTtd6kCaqIq1nak1HHR5TSpf5cenK-w2wH&amp;_nc_zt=23&amp;_nc_ht=scontent-lhr11-1.cdninstagram.com&amp;edm=ANo9K5cEAAAA&amp;_nc_gid=pC-dG-IBb4kFF0J2ip_BfQ&amp;_nc_tpa=Q5bMBQLMk76LtEMrX6cNDQHk94seHaXdNYz-Ah4qx6A4CEEYU_OU301DpaJs1kGNpSWPxPLgJ3sNRCfWlw&amp;oh=00_AQICSs9WxQSLPQHKKWRKqF8DHSYdgLx5dvr31xITmw4UCg&amp;oe=6AA27599&quot;,&quot;640&quot;:&quot;https:\\\/\\\/scontent-lhr11-1.cdninstagram.com\\\/v\\\/t51.82787-15\\\/793337051_18427415209183318_7815406175690054802_n.webp?stp=dst-jpg_e35_tt6&amp;_nc_cat=106&amp;ccb=7-5&amp;_nc_sid=18de74&amp;efg=eyJlZmdfdGFnIjoiQ0FST1VTRUxfSVRFTS5iZXN0X2ltYWdlX3VybGdlbi5DMyJ9&amp;_nc_ohc=VSLeyMgNYakQ7kNvwG0yFFy&amp;_nc_oc=AdpHYxgeuy8qSooC7Hj9AsdLRxPgYYYjU5TIe-_jvAvLnmjcUY0Ke6xTtd6kCaqIq1nak1HHR5TSpf5cenK-w2wH&amp;_nc_zt=23&amp;_nc_ht=scontent-lhr11-1.cdninstagram.com&amp;edm=ANo9K5cEAAAA&amp;_nc_gid=pC-dG-IBb4kFF0J2ip_BfQ&amp;_nc_tpa=Q5bMBQLMk76LtEMrX6cNDQHk94seHaXdNYz-Ah4qx6A4CEEYU_OU301DpaJs1kGNpSWPxPLgJ3sNRCfWlw&amp;oh=00_AQICSs9WxQSLPQHKKWRKqF8DHSYdgLx5dvr31xITmw4UCg&amp;oe=6AA27599&quot;}\">\n\t\t\t<span class=\"sbi-screenreader\">What a wedding!  The couple were of Jamaican and I<\/span>\n\t\t\t<svg class=\"svg-inline--fa fa-clone fa-w-16 sbi_lightbox_carousel_icon\" aria-hidden=\"true\" aria-label=\"Clone\" data-fa-pro\u0192cessed=\"\" data-prefix=\"far\" data-icon=\"clone\" role=\"img\" xmlns=\"http:\/\/www.w3.org\/2000\/svg\" viewBox=\"0 0 512 512\">\n                    <path fill=\"currentColor\" d=\"M464 0H144c-26.51 0-48 21.49-48 48v48H48c-26.51 0-48 21.49-48 48v320c0 26.51 21.49 48 48 48h320c26.51 0 48-21.49 48-48v-48h48c26.51 0 48-21.49 48-48V48c0-26.51-21.49-48-48-48zM362 464H54a6 6 0 0 1-6-6V150a6 6 0 0 1 6-6h42v224c0 26.51 21.49 48 48 48h224v42a6 6 0 0 1-6 6zm96-96H150a6 6 0 0 1-6-6V54a6 6 0 0 1 6-6h308a6 6 0 0 1 6 6v308a6 6 0 0 1-6 6z\"><\/path>\n                <\/svg>\t\t\t\t\t\t<img decoding=\"async\" src=\"https:\/\/glynisgermancelebrant.com\/wp-content\/plugins\/instagram-feed\/img\/placeholder.png\" alt=\"What a wedding!  The couple were of Jamaican and Irish heritage and that was where we gelled, sharing a cultural background which made our journey so much fun over this past year of preparing their ceremony.\ud83e\udd42\n\nAnd what a team of vendors they chose to celebrate their special day at the wonderful Finca Son Termes!  I was filled with such emotion and moved to tears by the Upper Room Gospel Choir who sang in the ceremony and afterwards too - book them!  You won&#039;t be disappointed.\ud83c\udfb6\n\nCongratulations Sarah and Richard, I miss you already and hope to see you again soon.\ud83d\udc96\n\n\u00a1Qu\u00e9 boda!\n\nLa pareja tiene ra\u00edces jamaicanas e irlandesas, y ah\u00ed fue donde conectamos desde el principio, compartiendo un trasfondo cultural que hizo que nuestro viaje juntos durante este \u00faltimo a\u00f1o, preparando su ceremonia, fuera tan divertido y especial.\ud83d\udc4f\ud83c\udffe\n\n\u00a1Y qu\u00e9 equipo de profesionales eligieron para celebrar su gran d\u00eda en la fant\u00e1stica Finca Son Termes! Me emocion\u00e9 much\u00edsimo y hasta se me escaparon las l\u00e1grimas con el Upper Room Gospel Choir, que cant\u00f3 durante la ceremonia y tambi\u00e9n despu\u00e9s. \u00a1Contratadlos! No os decepcionar\u00e1n.\ud83c\udfb6\n\nEnhorabuena, Sarah y Richard. Ya os echo de menos y espero volver a veros muy pronto.\ud83d\udc9d\n\n#mallorcaweddingcelebrant #weddingsmallorca #mallorcaweddingvendors #bodasendestinomallorca\" aria-hidden=\"true\">\n\t\t<\/a>\n\t<\/div>\n<\/div><div class=\"sbi_item sbi_type_carousel sbi_new sbi_transition\"\n\tid=\"sbi_18226127236325010\" data-date=\"1787744111\">\n\t<div class=\"sbi_photo_wrap\">\n\t\t<a class=\"sbi_photo\" href=\"https:\/\/www.instagram.com\/p\/DcgHhqujXim\/\" target=\"_blank\" rel=\"noopener nofollow\"\n\t\t\tdata-full-res=\"https:\/\/scontent-lhr11-1.cdninstagram.com\/v\/t51.82787-15\/786656684_18425924308183318_2412248841244960251_n.webp?stp=dst-jpg_e35_tt6&#038;_nc_cat=110&#038;ccb=7-5&#038;_nc_sid=18de74&#038;efg=eyJlZmdfdGFnIjoiQ0FST1VTRUxfSVRFTS5iZXN0X2ltYWdlX3VybGdlbi5DMyJ9&#038;_nc_ohc=361emTIxB5gQ7kNvwHBETgW&#038;_nc_oc=AdoDG1qejNBnZRdU61MTt93wX9qwDVjqI5WIJ67WBENtRviqIpQvyhxcK8XG5Dj-0r4CE0vEJTv3j8ktOZh0MatO&#038;_nc_zt=23&#038;_nc_ht=scontent-lhr11-1.cdninstagram.com&#038;edm=ANo9K5cEAAAA&#038;_nc_gid=pC-dG-IBb4kFF0J2ip_BfQ&#038;_nc_tpa=Q5bMBQJyuWgn4I77O6463clDJ_-KDbRHLMCO3PleyANER9YeVt87Rv_JsKqhLeNFbQ4uWPHTgSnmvSUMVQ&#038;oh=00_AQIwVQS25xeL4ELHuUnfM54ea64TtmT1_CjhYJVhYM2ClQ&#038;oe=6AA272FD\"\n\t\t\tdata-img-src-set=\"{&quot;d&quot;:&quot;https:\\\/\\\/scontent-lhr11-1.cdninstagram.com\\\/v\\\/t51.82787-15\\\/786656684_18425924308183318_2412248841244960251_n.webp?stp=dst-jpg_e35_tt6&amp;_nc_cat=110&amp;ccb=7-5&amp;_nc_sid=18de74&amp;efg=eyJlZmdfdGFnIjoiQ0FST1VTRUxfSVRFTS5iZXN0X2ltYWdlX3VybGdlbi5DMyJ9&amp;_nc_ohc=361emTIxB5gQ7kNvwHBETgW&amp;_nc_oc=AdoDG1qejNBnZRdU61MTt93wX9qwDVjqI5WIJ67WBENtRviqIpQvyhxcK8XG5Dj-0r4CE0vEJTv3j8ktOZh0MatO&amp;_nc_zt=23&amp;_nc_ht=scontent-lhr11-1.cdninstagram.com&amp;edm=ANo9K5cEAAAA&amp;_nc_gid=pC-dG-IBb4kFF0J2ip_BfQ&amp;_nc_tpa=Q5bMBQJyuWgn4I77O6463clDJ_-KDbRHLMCO3PleyANER9YeVt87Rv_JsKqhLeNFbQ4uWPHTgSnmvSUMVQ&amp;oh=00_AQIwVQS25xeL4ELHuUnfM54ea64TtmT1_CjhYJVhYM2ClQ&amp;oe=6AA272FD&quot;,&quot;150&quot;:&quot;https:\\\/\\\/scontent-lhr11-1.cdninstagram.com\\\/v\\\/t51.82787-15\\\/786656684_18425924308183318_2412248841244960251_n.webp?stp=dst-jpg_e35_tt6&amp;_nc_cat=110&amp;ccb=7-5&amp;_nc_sid=18de74&amp;efg=eyJlZmdfdGFnIjoiQ0FST1VTRUxfSVRFTS5iZXN0X2ltYWdlX3VybGdlbi5DMyJ9&amp;_nc_ohc=361emTIxB5gQ7kNvwHBETgW&amp;_nc_oc=AdoDG1qejNBnZRdU61MTt93wX9qwDVjqI5WIJ67WBENtRviqIpQvyhxcK8XG5Dj-0r4CE0vEJTv3j8ktOZh0MatO&amp;_nc_zt=23&amp;_nc_ht=scontent-lhr11-1.cdninstagram.com&amp;edm=ANo9K5cEAAAA&amp;_nc_gid=pC-dG-IBb4kFF0J2ip_BfQ&amp;_nc_tpa=Q5bMBQJyuWgn4I77O6463clDJ_-KDbRHLMCO3PleyANER9YeVt87Rv_JsKqhLeNFbQ4uWPHTgSnmvSUMVQ&amp;oh=00_AQIwVQS25xeL4ELHuUnfM54ea64TtmT1_CjhYJVhYM2ClQ&amp;oe=6AA272FD&quot;,&quot;320&quot;:&quot;https:\\\/\\\/scontent-lhr11-1.cdninstagram.com\\\/v\\\/t51.82787-15\\\/786656684_18425924308183318_2412248841244960251_n.webp?stp=dst-jpg_e35_tt6&amp;_nc_cat=110&amp;ccb=7-5&amp;_nc_sid=18de74&amp;efg=eyJlZmdfdGFnIjoiQ0FST1VTRUxfSVRFTS5iZXN0X2ltYWdlX3VybGdlbi5DMyJ9&amp;_nc_ohc=361emTIxB5gQ7kNvwHBETgW&amp;_nc_oc=AdoDG1qejNBnZRdU61MTt93wX9qwDVjqI5WIJ67WBENtRviqIpQvyhxcK8XG5Dj-0r4CE0vEJTv3j8ktOZh0MatO&amp;_nc_zt=23&amp;_nc_ht=scontent-lhr11-1.cdninstagram.com&amp;edm=ANo9K5cEAAAA&amp;_nc_gid=pC-dG-IBb4kFF0J2ip_BfQ&amp;_nc_tpa=Q5bMBQJyuWgn4I77O6463clDJ_-KDbRHLMCO3PleyANER9YeVt87Rv_JsKqhLeNFbQ4uWPHTgSnmvSUMVQ&amp;oh=00_AQIwVQS25xeL4ELHuUnfM54ea64TtmT1_CjhYJVhYM2ClQ&amp;oe=6AA272FD&quot;,&quot;640&quot;:&quot;https:\\\/\\\/scontent-lhr11-1.cdninstagram.com\\\/v\\\/t51.82787-15\\\/786656684_18425924308183318_2412248841244960251_n.webp?stp=dst-jpg_e35_tt6&amp;_nc_cat=110&amp;ccb=7-5&amp;_nc_sid=18de74&amp;efg=eyJlZmdfdGFnIjoiQ0FST1VTRUxfSVRFTS5iZXN0X2ltYWdlX3VybGdlbi5DMyJ9&amp;_nc_ohc=361emTIxB5gQ7kNvwHBETgW&amp;_nc_oc=AdoDG1qejNBnZRdU61MTt93wX9qwDVjqI5WIJ67WBENtRviqIpQvyhxcK8XG5Dj-0r4CE0vEJTv3j8ktOZh0MatO&amp;_nc_zt=23&amp;_nc_ht=scontent-lhr11-1.cdninstagram.com&amp;edm=ANo9K5cEAAAA&amp;_nc_gid=pC-dG-IBb4kFF0J2ip_BfQ&amp;_nc_tpa=Q5bMBQJyuWgn4I77O6463clDJ_-KDbRHLMCO3PleyANER9YeVt87Rv_JsKqhLeNFbQ4uWPHTgSnmvSUMVQ&amp;oh=00_AQIwVQS25xeL4ELHuUnfM54ea64TtmT1_CjhYJVhYM2ClQ&amp;oe=6AA272FD&quot;}\">\n\t\t\t<span class=\"sbi-screenreader\">What can I say but... what a wedding!  A gorgeous<\/span>\n\t\t\t<svg class=\"svg-inline--fa fa-clone fa-w-16 sbi_lightbox_carousel_icon\" aria-hidden=\"true\" aria-label=\"Clone\" data-fa-pro\u0192cessed=\"\" data-prefix=\"far\" data-icon=\"clone\" role=\"img\" xmlns=\"http:\/\/www.w3.org\/2000\/svg\" viewBox=\"0 0 512 512\">\n                    <path fill=\"currentColor\" d=\"M464 0H144c-26.51 0-48 21.49-48 48v48H48c-26.51 0-48 21.49-48 48v320c0 26.51 21.49 48 48 48h320c26.51 0 48-21.49 48-48v-48h48c26.51 0 48-21.49 48-48V48c0-26.51-21.49-48-48-48zM362 464H54a6 6 0 0 1-6-6V150a6 6 0 0 1 6-6h42v224c0 26.51 21.49 48 48 48h224v42a6 6 0 0 1-6 6zm96-96H150a6 6 0 0 1-6-6V54a6 6 0 0 1 6-6h308a6 6 0 0 1 6 6v308a6 6 0 0 1-6 6z\"><\/path>\n                <\/svg>\t\t\t\t\t\t<img decoding=\"async\" src=\"https:\/\/glynisgermancelebrant.com\/wp-content\/plugins\/instagram-feed\/img\/placeholder.png\" alt=\"What can I say but... what a wedding!  A gorgeous couple, fabulous guests, exquisite planning and all in all, it was a wonderful wedding celebrated at the lovely Finca Son Sampol - and in the little woods to boot!\n\nCongratulations Gemma and Rob, you did a great wedding, and Rob&#039;s brother&#039;s debut with a standing ovation was awesome too!  You have so many beautiful memories to last a lifetime, well done!\ud83d\udc4f\ud83c\udffe\ud83d\udc9d\ud83e\udd42\ud83d\udc8d\ud83c\udf89\n\n\u00bfQu\u00e9 puedo decir salvo\u2026 \u00a1menuda boda! Una pareja preciosa, unos invitados fabulosos, una organizaci\u00f3n exquisita y, en definitiva, una boda maravillosa celebrada en la encantadora Finca Son Sampol\u2026 \u00a1y, para rematar, tambi\u00e9n en el peque\u00f1o bosque!\n\n\u00a1Enhorabuena, Gemma y Rob! Hicisteis una boda fant\u00e1stica, y el debut del hermano de Rob, con ovaci\u00f3n de pie incluida, \u00a1fue incre\u00edble!\n\nTen\u00e9is por delante toda una vida llena de recuerdos preciosos. \u00a1Enhorabuena y bravo por vosotros!\u2728\ufe0f\ud83d\udc8d\ud83c\udfb6\ud83d\ude18\" aria-hidden=\"true\">\n\t\t<\/a>\n\t<\/div>\n<\/div><div class=\"sbi_item sbi_type_image sbi_new sbi_transition\"\n\tid=\"sbi_18391927195167528\" data-date=\"1787400161\">\n\t<div class=\"sbi_photo_wrap\">\n\t\t<a class=\"sbi_photo\" href=\"https:\/\/www.instagram.com\/p\/DcV3fD9t7gN\/\" target=\"_blank\" rel=\"noopener nofollow\"\n\t\t\tdata-full-res=\"https:\/\/scontent-lhr6-1.cdninstagram.com\/v\/t51.82787-15\/780748551_18425280871183318_4413606525730061127_n.webp?stp=dst-jpg_e35_tt6&#038;_nc_cat=103&#038;ccb=7-5&#038;_nc_sid=18de74&#038;efg=eyJlZmdfdGFnIjoiRkVFRC5iZXN0X2ltYWdlX3VybGdlbi5DMyJ9&#038;_nc_ohc=mqsw4p4yPyYQ7kNvwFFzRQ7&#038;_nc_oc=AdqImc1Ea2Rw0leyhuvyjw7Ae72zvdNiQHtBMGKy_2Nlpr4XLJ_f8QbNA2Gh4shPPA_-opkyB4rOdEgDAaPF6181&#038;_nc_zt=23&#038;_nc_ht=scontent-lhr6-1.cdninstagram.com&#038;edm=ANo9K5cEAAAA&#038;_nc_gid=pC-dG-IBb4kFF0J2ip_BfQ&#038;_nc_tpa=Q5bMBQK8EW6RT0g-Em-OZkOl3CKvoc2bTC0GVs851Hj5aVudq13ehciduHKs4sjv4ARzv3SPtcnOYa10jA&#038;oh=00_AQL6AIMMeJK907XTHa4EE3jMfE-0ojGzlh-oXcMsekaFaA&#038;oe=6AA275EA\"\n\t\t\tdata-img-src-set=\"{&quot;d&quot;:&quot;https:\\\/\\\/scontent-lhr6-1.cdninstagram.com\\\/v\\\/t51.82787-15\\\/780748551_18425280871183318_4413606525730061127_n.webp?stp=dst-jpg_e35_tt6&amp;_nc_cat=103&amp;ccb=7-5&amp;_nc_sid=18de74&amp;efg=eyJlZmdfdGFnIjoiRkVFRC5iZXN0X2ltYWdlX3VybGdlbi5DMyJ9&amp;_nc_ohc=mqsw4p4yPyYQ7kNvwFFzRQ7&amp;_nc_oc=AdqImc1Ea2Rw0leyhuvyjw7Ae72zvdNiQHtBMGKy_2Nlpr4XLJ_f8QbNA2Gh4shPPA_-opkyB4rOdEgDAaPF6181&amp;_nc_zt=23&amp;_nc_ht=scontent-lhr6-1.cdninstagram.com&amp;edm=ANo9K5cEAAAA&amp;_nc_gid=pC-dG-IBb4kFF0J2ip_BfQ&amp;_nc_tpa=Q5bMBQK8EW6RT0g-Em-OZkOl3CKvoc2bTC0GVs851Hj5aVudq13ehciduHKs4sjv4ARzv3SPtcnOYa10jA&amp;oh=00_AQL6AIMMeJK907XTHa4EE3jMfE-0ojGzlh-oXcMsekaFaA&amp;oe=6AA275EA&quot;,&quot;150&quot;:&quot;https:\\\/\\\/scontent-lhr6-1.cdninstagram.com\\\/v\\\/t51.82787-15\\\/780748551_18425280871183318_4413606525730061127_n.webp?stp=dst-jpg_e35_tt6&amp;_nc_cat=103&amp;ccb=7-5&amp;_nc_sid=18de74&amp;efg=eyJlZmdfdGFnIjoiRkVFRC5iZXN0X2ltYWdlX3VybGdlbi5DMyJ9&amp;_nc_ohc=mqsw4p4yPyYQ7kNvwFFzRQ7&amp;_nc_oc=AdqImc1Ea2Rw0leyhuvyjw7Ae72zvdNiQHtBMGKy_2Nlpr4XLJ_f8QbNA2Gh4shPPA_-opkyB4rOdEgDAaPF6181&amp;_nc_zt=23&amp;_nc_ht=scontent-lhr6-1.cdninstagram.com&amp;edm=ANo9K5cEAAAA&amp;_nc_gid=pC-dG-IBb4kFF0J2ip_BfQ&amp;_nc_tpa=Q5bMBQK8EW6RT0g-Em-OZkOl3CKvoc2bTC0GVs851Hj5aVudq13ehciduHKs4sjv4ARzv3SPtcnOYa10jA&amp;oh=00_AQL6AIMMeJK907XTHa4EE3jMfE-0ojGzlh-oXcMsekaFaA&amp;oe=6AA275EA&quot;,&quot;320&quot;:&quot;https:\\\/\\\/scontent-lhr6-1.cdninstagram.com\\\/v\\\/t51.82787-15\\\/780748551_18425280871183318_4413606525730061127_n.webp?stp=dst-jpg_e35_tt6&amp;_nc_cat=103&amp;ccb=7-5&amp;_nc_sid=18de74&amp;efg=eyJlZmdfdGFnIjoiRkVFRC5iZXN0X2ltYWdlX3VybGdlbi5DMyJ9&amp;_nc_ohc=mqsw4p4yPyYQ7kNvwFFzRQ7&amp;_nc_oc=AdqImc1Ea2Rw0leyhuvyjw7Ae72zvdNiQHtBMGKy_2Nlpr4XLJ_f8QbNA2Gh4shPPA_-opkyB4rOdEgDAaPF6181&amp;_nc_zt=23&amp;_nc_ht=scontent-lhr6-1.cdninstagram.com&amp;edm=ANo9K5cEAAAA&amp;_nc_gid=pC-dG-IBb4kFF0J2ip_BfQ&amp;_nc_tpa=Q5bMBQK8EW6RT0g-Em-OZkOl3CKvoc2bTC0GVs851Hj5aVudq13ehciduHKs4sjv4ARzv3SPtcnOYa10jA&amp;oh=00_AQL6AIMMeJK907XTHa4EE3jMfE-0ojGzlh-oXcMsekaFaA&amp;oe=6AA275EA&quot;,&quot;640&quot;:&quot;https:\\\/\\\/scontent-lhr6-1.cdninstagram.com\\\/v\\\/t51.82787-15\\\/780748551_18425280871183318_4413606525730061127_n.webp?stp=dst-jpg_e35_tt6&amp;_nc_cat=103&amp;ccb=7-5&amp;_nc_sid=18de74&amp;efg=eyJlZmdfdGFnIjoiRkVFRC5iZXN0X2ltYWdlX3VybGdlbi5DMyJ9&amp;_nc_ohc=mqsw4p4yPyYQ7kNvwFFzRQ7&amp;_nc_oc=AdqImc1Ea2Rw0leyhuvyjw7Ae72zvdNiQHtBMGKy_2Nlpr4XLJ_f8QbNA2Gh4shPPA_-opkyB4rOdEgDAaPF6181&amp;_nc_zt=23&amp;_nc_ht=scontent-lhr6-1.cdninstagram.com&amp;edm=ANo9K5cEAAAA&amp;_nc_gid=pC-dG-IBb4kFF0J2ip_BfQ&amp;_nc_tpa=Q5bMBQK8EW6RT0g-Em-OZkOl3CKvoc2bTC0GVs851Hj5aVudq13ehciduHKs4sjv4ARzv3SPtcnOYa10jA&amp;oh=00_AQL6AIMMeJK907XTHa4EE3jMfE-0ojGzlh-oXcMsekaFaA&amp;oe=6AA275EA&quot;}\">\n\t\t\t<span class=\"sbi-screenreader\">Whilst I am an independent celebrant in Mallorca o<\/span>\n\t\t\t\t\t\t\t\t\t<img decoding=\"async\" src=\"https:\/\/glynisgermancelebrant.com\/wp-content\/plugins\/instagram-feed\/img\/placeholder.png\" alt=\"Whilst I am an independent celebrant in Mallorca offering weddings and funerals, I do have a lovely past!  I was the singer for a London ska band who are still going strong, long after I left them at the end of the 80s!\ud83c\udfb6\n\nThanks to Maroon Town, I fell in love with Spain after gigging here in 1986.  I went back to university in the autumn and asked to combine Spanish with the theatre studies I was already doing.\n\nI left with a BA Honours degree in Drama and Spanish, hoping to be a Spanish actress but instead becoming a mother to Spanish kids, which is almost the same kind of drama!\ud83c\uddea\ud83c\udde6\n\nThis autumn, I am treating myself by signing up to do an intensive course in &quot;clown&quot;. I feel a pull towards this figure and I&#039;m sure this will end up taking me on another journey, deeper within.\ud83e\udd21\n\nAunque ahora soy una celebrante independiente en Mallorca, donde oficio bodas y funerales, \u00a1tengo una historia estupenda detr\u00e1s! Fui la cantante de un grupo de ska londinense que sigue en plena forma, \u00a1mucho despu\u00e9s de que yo lo dejara a finales de los 80!\ud83c\udfa4\n\nGracias a Maroon Town, me enamor\u00e9 de Espa\u00f1a despu\u00e9s de dar unos conciertos aqu\u00ed en 1986. Volv\u00ed a la universidad aquel oto\u00f1o y ped\u00ed poder combinar mis estudios de espa\u00f1ol con los de teatro que ya estaba cursando.\ud83d\ude4f\ud83c\udffe\n\nMe licenci\u00e9 con honores en Arte Dram\u00e1tico y Espa\u00f1ol, con la esperanza de convertirme en actriz en Espa\u00f1a, pero en su lugar acab\u00e9 siendo madre de unos ni\u00f1os espa\u00f1oles, \u00a1lo cual es casi el mismo tipo de drama!\ud83d\ude01\n\nEste oto\u00f1o, me voy a dar un capricho apunt\u00e1ndome a un curso intensivo de clown. Siento una gran atracci\u00f3n por este personaje y estoy segura de que esto acabar\u00e1 llev\u00e1ndome a otro viaje, a\u00fan m\u00e1s profundo hacia mi interior.\ud83c\udf89\n\n#CelebranteMallorca #MallorcaCelebrant #Clown #TheatreLife #SkaMusic.\" aria-hidden=\"true\">\n\t\t<\/a>\n\t<\/div>\n<\/div><div class=\"sbi_item sbi_type_carousel sbi_new sbi_transition\"\n\tid=\"sbi_18103057273910945\" data-date=\"1786874022\">\n\t<div class=\"sbi_photo_wrap\">\n\t\t<a class=\"sbi_photo\" href=\"https:\/\/www.instagram.com\/p\/DcGL9nUjdZi\/\" target=\"_blank\" rel=\"noopener nofollow\"\n\t\t\tdata-full-res=\"https:\/\/scontent-lhr11-1.cdninstagram.com\/v\/t51.82787-15\/774105788_18424135987183318_7002529566893900287_n.webp?stp=dst-jpg_e35_tt6&#038;_nc_cat=104&#038;ccb=7-5&#038;_nc_sid=18de74&#038;efg=eyJlZmdfdGFnIjoiQ0FST1VTRUxfSVRFTS5iZXN0X2ltYWdlX3VybGdlbi5DMyJ9&#038;_nc_ohc=vW9ECzPKtaQQ7kNvwF5NTIs&#038;_nc_oc=Adqfy0CWyMFA729dzJz6lRb3pregCO84OQ4Fk7st0oKWpDQjApBiLiphbbinZiR49Ke3HS6dIDDQLP2XzJ4L0LSy&#038;_nc_zt=23&#038;_nc_ht=scontent-lhr11-1.cdninstagram.com&#038;edm=ANo9K5cEAAAA&#038;_nc_gid=pC-dG-IBb4kFF0J2ip_BfQ&#038;_nc_tpa=Q5bMBQIUbiVUAF2XiodunL_iF4XVQTtiVGmGt1ug5aA3l0e0JMaz8cAqEAGH1a2fgXXz4ujS5-8OSOiIyg&#038;oh=00_AQIp3PUvvwRVBIlrF6UX84Ob8i0gwNProIaBDLOi0GtHuw&#038;oe=6AA2806A\"\n\t\t\tdata-img-src-set=\"{&quot;d&quot;:&quot;https:\\\/\\\/scontent-lhr11-1.cdninstagram.com\\\/v\\\/t51.82787-15\\\/774105788_18424135987183318_7002529566893900287_n.webp?stp=dst-jpg_e35_tt6&amp;_nc_cat=104&amp;ccb=7-5&amp;_nc_sid=18de74&amp;efg=eyJlZmdfdGFnIjoiQ0FST1VTRUxfSVRFTS5iZXN0X2ltYWdlX3VybGdlbi5DMyJ9&amp;_nc_ohc=vW9ECzPKtaQQ7kNvwF5NTIs&amp;_nc_oc=Adqfy0CWyMFA729dzJz6lRb3pregCO84OQ4Fk7st0oKWpDQjApBiLiphbbinZiR49Ke3HS6dIDDQLP2XzJ4L0LSy&amp;_nc_zt=23&amp;_nc_ht=scontent-lhr11-1.cdninstagram.com&amp;edm=ANo9K5cEAAAA&amp;_nc_gid=pC-dG-IBb4kFF0J2ip_BfQ&amp;_nc_tpa=Q5bMBQIUbiVUAF2XiodunL_iF4XVQTtiVGmGt1ug5aA3l0e0JMaz8cAqEAGH1a2fgXXz4ujS5-8OSOiIyg&amp;oh=00_AQIp3PUvvwRVBIlrF6UX84Ob8i0gwNProIaBDLOi0GtHuw&amp;oe=6AA2806A&quot;,&quot;150&quot;:&quot;https:\\\/\\\/scontent-lhr11-1.cdninstagram.com\\\/v\\\/t51.82787-15\\\/774105788_18424135987183318_7002529566893900287_n.webp?stp=dst-jpg_e35_tt6&amp;_nc_cat=104&amp;ccb=7-5&amp;_nc_sid=18de74&amp;efg=eyJlZmdfdGFnIjoiQ0FST1VTRUxfSVRFTS5iZXN0X2ltYWdlX3VybGdlbi5DMyJ9&amp;_nc_ohc=vW9ECzPKtaQQ7kNvwF5NTIs&amp;_nc_oc=Adqfy0CWyMFA729dzJz6lRb3pregCO84OQ4Fk7st0oKWpDQjApBiLiphbbinZiR49Ke3HS6dIDDQLP2XzJ4L0LSy&amp;_nc_zt=23&amp;_nc_ht=scontent-lhr11-1.cdninstagram.com&amp;edm=ANo9K5cEAAAA&amp;_nc_gid=pC-dG-IBb4kFF0J2ip_BfQ&amp;_nc_tpa=Q5bMBQIUbiVUAF2XiodunL_iF4XVQTtiVGmGt1ug5aA3l0e0JMaz8cAqEAGH1a2fgXXz4ujS5-8OSOiIyg&amp;oh=00_AQIp3PUvvwRVBIlrF6UX84Ob8i0gwNProIaBDLOi0GtHuw&amp;oe=6AA2806A&quot;,&quot;320&quot;:&quot;https:\\\/\\\/scontent-lhr11-1.cdninstagram.com\\\/v\\\/t51.82787-15\\\/774105788_18424135987183318_7002529566893900287_n.webp?stp=dst-jpg_e35_tt6&amp;_nc_cat=104&amp;ccb=7-5&amp;_nc_sid=18de74&amp;efg=eyJlZmdfdGFnIjoiQ0FST1VTRUxfSVRFTS5iZXN0X2ltYWdlX3VybGdlbi5DMyJ9&amp;_nc_ohc=vW9ECzPKtaQQ7kNvwF5NTIs&amp;_nc_oc=Adqfy0CWyMFA729dzJz6lRb3pregCO84OQ4Fk7st0oKWpDQjApBiLiphbbinZiR49Ke3HS6dIDDQLP2XzJ4L0LSy&amp;_nc_zt=23&amp;_nc_ht=scontent-lhr11-1.cdninstagram.com&amp;edm=ANo9K5cEAAAA&amp;_nc_gid=pC-dG-IBb4kFF0J2ip_BfQ&amp;_nc_tpa=Q5bMBQIUbiVUAF2XiodunL_iF4XVQTtiVGmGt1ug5aA3l0e0JMaz8cAqEAGH1a2fgXXz4ujS5-8OSOiIyg&amp;oh=00_AQIp3PUvvwRVBIlrF6UX84Ob8i0gwNProIaBDLOi0GtHuw&amp;oe=6AA2806A&quot;,&quot;640&quot;:&quot;https:\\\/\\\/scontent-lhr11-1.cdninstagram.com\\\/v\\\/t51.82787-15\\\/774105788_18424135987183318_7002529566893900287_n.webp?stp=dst-jpg_e35_tt6&amp;_nc_cat=104&amp;ccb=7-5&amp;_nc_sid=18de74&amp;efg=eyJlZmdfdGFnIjoiQ0FST1VTRUxfSVRFTS5iZXN0X2ltYWdlX3VybGdlbi5DMyJ9&amp;_nc_ohc=vW9ECzPKtaQQ7kNvwF5NTIs&amp;_nc_oc=Adqfy0CWyMFA729dzJz6lRb3pregCO84OQ4Fk7st0oKWpDQjApBiLiphbbinZiR49Ke3HS6dIDDQLP2XzJ4L0LSy&amp;_nc_zt=23&amp;_nc_ht=scontent-lhr11-1.cdninstagram.com&amp;edm=ANo9K5cEAAAA&amp;_nc_gid=pC-dG-IBb4kFF0J2ip_BfQ&amp;_nc_tpa=Q5bMBQIUbiVUAF2XiodunL_iF4XVQTtiVGmGt1ug5aA3l0e0JMaz8cAqEAGH1a2fgXXz4ujS5-8OSOiIyg&amp;oh=00_AQIp3PUvvwRVBIlrF6UX84Ob8i0gwNProIaBDLOi0GtHuw&amp;oe=6AA2806A&quot;}\">\n\t\t\t<span class=\"sbi-screenreader\">Another lovely week with a couple of small and int<\/span>\n\t\t\t<svg class=\"svg-inline--fa fa-clone fa-w-16 sbi_lightbox_carousel_icon\" aria-hidden=\"true\" aria-label=\"Clone\" data-fa-pro\u0192cessed=\"\" data-prefix=\"far\" data-icon=\"clone\" role=\"img\" xmlns=\"http:\/\/www.w3.org\/2000\/svg\" viewBox=\"0 0 512 512\">\n                    <path fill=\"currentColor\" d=\"M464 0H144c-26.51 0-48 21.49-48 48v48H48c-26.51 0-48 21.49-48 48v320c0 26.51 21.49 48 48 48h320c26.51 0 48-21.49 48-48v-48h48c26.51 0 48-21.49 48-48V48c0-26.51-21.49-48-48-48zM362 464H54a6 6 0 0 1-6-6V150a6 6 0 0 1 6-6h42v224c0 26.51 21.49 48 48 48h224v42a6 6 0 0 1-6 6zm96-96H150a6 6 0 0 1-6-6V54a6 6 0 0 1 6-6h308a6 6 0 0 1 6 6v308a6 6 0 0 1-6 6z\"><\/path>\n                <\/svg>\t\t\t\t\t\t<img decoding=\"async\" src=\"https:\/\/glynisgermancelebrant.com\/wp-content\/plugins\/instagram-feed\/img\/placeholder.png\" alt=\"Another lovely week with a couple of small and intimate ceremonies.  First, on the beach at Son Serra with a couple and their son who came from Scotland to the island of calm for their special day.  The best part was when they walked into a nearby restaurant for their celebratory meal and the whole restaurant clapped and cheered for them.\ud83d\udc4f\ud83c\udffe\ud83d\udc9d\n\nThe second ceremony this week was celebrating 20 years of marriage.  Hubby had arranged a surprise ceremony for his wife and even the kids didn&#039;t now.  They flew from New York to enjoy discovering Mallorca and for their ceremony, I took them to one of my favourite places on the hotel, which - as usual - did not disappoint.\ud83e\udd42\u2728\ufe0f\n\nThe amount of work I do for the ceremony is the same, whether it&#039;s an elopement for just the couple, a vow renewal for the couple and their family or a big wedding with lots of guests - the ceremony is the heart of the celebration.  I am blessed to be a part of it.\ud83d\ude4f\ud83c\udffe\ud83d\udcab\n\nPS It was great to have Lizzy, a new celebrant, shadowing me, she&#039;s worth her weight in gold!\n\nOtra semana maravillosa con un par de ceremonias peque\u00f1as e \u00edntimas.  En primer lugar, en la playa de Son Serra, con una pareja y su hijo, que vinieron desde Escocia a la \u00abisla de la calma\u00bb para celebrar su d\u00eda especial.  Lo mejor fue cuando entraron en un restaurante cercano para disfrutar de su comida de celebraci\u00f3n y todo el local les aplaudi\u00f3 y les vitore\u00f3.\ud83c\udf89\ud83d\udc96\n\nLa segunda ceremonia de esta semana fue para celebrar 20 a\u00f1os de matrimonio. El marido hab\u00eda organizado una ceremonia sorpresa para su mujer y ni siquiera los hijos lo sab\u00edan. Volaron desde Nueva York para disfrutar descubriendo Mallorca y, para su ceremonia, los llev\u00e9 a uno de mis lugares favoritos del hotel, que, como de costumbre, no defraud\u00f3.\ud83d\udc4f\ud83c\udffe\ud83e\udd42\n\nEl trabajo que dedico a la ceremonia es el mismo, ya sea una boda \u00edntima solo para la pareja, una renovaci\u00f3n de votos para la pareja y su familia o una gran boda con muchos invitados: la ceremonia es el coraz\u00f3n de la celebraci\u00f3n.  Me siento afortunada de formar parte de ello.\ud83d\ude18\ud83d\ude4f\ud83c\udffe\" aria-hidden=\"true\">\n\t\t<\/a>\n\t<\/div>\n<\/div>\t<\/div>\n\n\t<div id=\"sbi_load\" >\n\n\t\n\t\n<\/div>\n\t\t<span class=\"sbi_resized_image_data\" data-feed-id=\"*1\"\n\t\t  data-resized=\"{&quot;18103057273910945&quot;:{&quot;id&quot;:&quot;774105788_18424135987183318_7002529566893900287_n&quot;,&quot;ratio&quot;:&quot;1.00&quot;,&quot;sizes&quot;:{&quot;full&quot;:640,&quot;low&quot;:320,&quot;thumb&quot;:150},&quot;extension&quot;:&quot;.webp&quot;},&quot;18391927195167528&quot;:{&quot;id&quot;:&quot;780748551_18425280871183318_4413606525730061127_n&quot;,&quot;ratio&quot;:&quot;0.75&quot;,&quot;sizes&quot;:{&quot;full&quot;:640,&quot;low&quot;:320,&quot;thumb&quot;:150},&quot;extension&quot;:&quot;.webp&quot;},&quot;18226127236325010&quot;:{&quot;id&quot;:&quot;786656684_18425924308183318_2412248841244960251_n&quot;,&quot;ratio&quot;:&quot;0.75&quot;,&quot;sizes&quot;:{&quot;full&quot;:640,&quot;low&quot;:320,&quot;thumb&quot;:150},&quot;extension&quot;:&quot;.webp&quot;},&quot;17982193179074176&quot;:{&quot;id&quot;:&quot;793337051_18427415209183318_7815406175690054802_n&quot;,&quot;ratio&quot;:&quot;0.75&quot;,&quot;sizes&quot;:{&quot;full&quot;:640,&quot;low&quot;:320,&quot;thumb&quot;:150},&quot;extension&quot;:&quot;.webp&quot;}}\">\n\t<\/span>\n\t<\/div>\n\n\n<p>[\/et_pb_text][\/et_pb_column][\/et_pb_row][\/et_pb_section]<\/p>\n","protected":false},"excerpt":{"rendered":"<p>Bodas en Mallorca\u201cEres la mujer m\u00e1s dulce que hemos tenido el placer de conocer. Estoy realmente abatido porque no nos vamos a casar este a\u00f1o, \u00a1y as\u00ed poder hacerlo todo de nuevo contigo! Nos encant\u00f3 compartir nuestro gran d\u00eda contigo y todav\u00eda hablamos de ti con la familia \u00bb Sam &amp; Danny, mayo 2018\u200b\u00a1D\u00ed \u00a8S\u00ed, [&hellip;]<\/p>\n","protected":false},"author":1,"featured_media":0,"parent":0,"menu_order":0,"comment_status":"closed","ping_status":"closed","template":"","meta":{"_et_pb_use_builder":"on","_et_pb_old_content":"","_et_gb_content_width":"","footnotes":""},"yoast_head":"<!-- This site is optimized with the Yoast SEO plugin v22.1 - https:\/\/yoast.com\/wordpress\/plugins\/seo\/ -->\n<title>Bodas en Mallorca - Glynis German - Mallorca Celebrant Ceremonies<\/title>\n<meta name=\"robots\" content=\"index, follow, max-snippet:-1, max-image-preview:large, max-video-preview:-1\" \/>\n<link rel=\"canonical\" href=\"https:\/\/glynisgermancelebrant.com\/es\/bodas-mallorca\/\" \/>\n<meta property=\"og:locale\" content=\"es_ES\" \/>\n<meta property=\"og:type\" content=\"article\" \/>\n<meta property=\"og:title\" content=\"Bodas en Mallorca - Glynis German - Mallorca Celebrant Ceremonies\" \/>\n<meta property=\"og:description\" content=\"Bodas en Mallorca\u201cEres la mujer m\u00e1s dulce que hemos tenido el placer de conocer. Estoy realmente abatido porque no nos vamos a casar este a\u00f1o, \u00a1y as\u00ed poder hacerlo todo de nuevo contigo! Nos encant\u00f3 compartir nuestro gran d\u00eda contigo y todav\u00eda hablamos de ti con la familia &quot; Sam &amp; Danny, mayo 2018\u200b\u00a1D\u00ed \u00a8S\u00ed, [&hellip;]\" \/>\n<meta property=\"og:url\" content=\"https:\/\/glynisgermancelebrant.com\/es\/bodas-mallorca\/\" \/>\n<meta property=\"og:site_name\" content=\"Glynis German - Mallorca Celebrant Ceremonies\" \/>\n<meta property=\"article:modified_time\" content=\"2019-10-14T05:38:52+00:00\" \/>\n<meta property=\"og:image\" content=\"https:\/\/glynisgermancelebrant.com\/wp-content\/uploads\/2019\/10\/mallorca-celebrant-glynis-german.jpg\" \/>\n\t<meta property=\"og:image:width\" content=\"1200\" \/>\n\t<meta property=\"og:image:height\" content=\"630\" \/>\n\t<meta property=\"og:image:type\" content=\"image\/jpeg\" \/>\n<meta name=\"twitter:card\" content=\"summary_large_image\" \/>\n<meta name=\"twitter:label1\" content=\"Tiempo de lectura\" \/>\n\t<meta name=\"twitter:data1\" content=\"6 minutos\" \/>\n<script type=\"application\/ld+json\" class=\"yoast-schema-graph\">{\"@context\":\"https:\/\/schema.org\",\"@graph\":[{\"@type\":\"WebPage\",\"@id\":\"https:\/\/glynisgermancelebrant.com\/es\/bodas-mallorca\/\",\"url\":\"https:\/\/glynisgermancelebrant.com\/es\/bodas-mallorca\/\",\"name\":\"Bodas en Mallorca - Glynis German - Mallorca Celebrant Ceremonies\",\"isPartOf\":{\"@id\":\"https:\/\/glynisgermancelebrant.com\/es\/#website\"},\"datePublished\":\"2019-08-08T07:56:18+00:00\",\"dateModified\":\"2019-10-14T05:38:52+00:00\",\"breadcrumb\":{\"@id\":\"https:\/\/glynisgermancelebrant.com\/es\/bodas-mallorca\/#breadcrumb\"},\"inLanguage\":\"es\",\"potentialAction\":[{\"@type\":\"ReadAction\",\"target\":[\"https:\/\/glynisgermancelebrant.com\/es\/bodas-mallorca\/\"]}]},{\"@type\":\"BreadcrumbList\",\"@id\":\"https:\/\/glynisgermancelebrant.com\/es\/bodas-mallorca\/#breadcrumb\",\"itemListElement\":[{\"@type\":\"ListItem\",\"position\":1,\"name\":\"Home\",\"item\":\"https:\/\/glynisgermancelebrant.com\/es\/\"},{\"@type\":\"ListItem\",\"position\":2,\"name\":\"Bodas en Mallorca\"}]},{\"@type\":\"WebSite\",\"@id\":\"https:\/\/glynisgermancelebrant.com\/es\/#website\",\"url\":\"https:\/\/glynisgermancelebrant.com\/es\/\",\"name\":\"Glynis German - Mallorca Celebrant Ceremonies\",\"description\":\"Making Memorable Ceremonies\",\"potentialAction\":[{\"@type\":\"SearchAction\",\"target\":{\"@type\":\"EntryPoint\",\"urlTemplate\":\"https:\/\/glynisgermancelebrant.com\/es\/?s={search_term_string}\"},\"query-input\":\"required name=search_term_string\"}],\"inLanguage\":\"es\"}]}<\/script>\n<!-- \/ Yoast SEO plugin. -->","yoast_head_json":{"title":"Bodas en Mallorca - Glynis German - Mallorca Celebrant Ceremonies","robots":{"index":"index","follow":"follow","max-snippet":"max-snippet:-1","max-image-preview":"max-image-preview:large","max-video-preview":"max-video-preview:-1"},"canonical":"https:\/\/glynisgermancelebrant.com\/es\/bodas-mallorca\/","og_locale":"es_ES","og_type":"article","og_title":"Bodas en Mallorca - Glynis German - Mallorca Celebrant Ceremonies","og_description":"Bodas en Mallorca\u201cEres la mujer m\u00e1s dulce que hemos tenido el placer de conocer. Estoy realmente abatido porque no nos vamos a casar este a\u00f1o, \u00a1y as\u00ed poder hacerlo todo de nuevo contigo! Nos encant\u00f3 compartir nuestro gran d\u00eda contigo y todav\u00eda hablamos de ti con la familia \" Sam &amp; Danny, mayo 2018\u200b\u00a1D\u00ed \u00a8S\u00ed, [&hellip;]","og_url":"https:\/\/glynisgermancelebrant.com\/es\/bodas-mallorca\/","og_site_name":"Glynis German - Mallorca Celebrant Ceremonies","article_modified_time":"2019-10-14T05:38:52+00:00","og_image":[{"width":1200,"height":630,"url":"https:\/\/glynisgermancelebrant.com\/wp-content\/uploads\/2019\/10\/mallorca-celebrant-glynis-german.jpg","type":"image\/jpeg"}],"twitter_card":"summary_large_image","twitter_misc":{"Tiempo de lectura":"6 minutos"},"schema":{"@context":"https:\/\/schema.org","@graph":[{"@type":"WebPage","@id":"https:\/\/glynisgermancelebrant.com\/es\/bodas-mallorca\/","url":"https:\/\/glynisgermancelebrant.com\/es\/bodas-mallorca\/","name":"Bodas en Mallorca - Glynis German - Mallorca Celebrant Ceremonies","isPartOf":{"@id":"https:\/\/glynisgermancelebrant.com\/es\/#website"},"datePublished":"2019-08-08T07:56:18+00:00","dateModified":"2019-10-14T05:38:52+00:00","breadcrumb":{"@id":"https:\/\/glynisgermancelebrant.com\/es\/bodas-mallorca\/#breadcrumb"},"inLanguage":"es","potentialAction":[{"@type":"ReadAction","target":["https:\/\/glynisgermancelebrant.com\/es\/bodas-mallorca\/"]}]},{"@type":"BreadcrumbList","@id":"https:\/\/glynisgermancelebrant.com\/es\/bodas-mallorca\/#breadcrumb","itemListElement":[{"@type":"ListItem","position":1,"name":"Home","item":"https:\/\/glynisgermancelebrant.com\/es\/"},{"@type":"ListItem","position":2,"name":"Bodas en Mallorca"}]},{"@type":"WebSite","@id":"https:\/\/glynisgermancelebrant.com\/es\/#website","url":"https:\/\/glynisgermancelebrant.com\/es\/","name":"Glynis German - Mallorca Celebrant Ceremonies","description":"Making Memorable Ceremonies","potentialAction":[{"@type":"SearchAction","target":{"@type":"EntryPoint","urlTemplate":"https:\/\/glynisgermancelebrant.com\/es\/?s={search_term_string}"},"query-input":"required name=search_term_string"}],"inLanguage":"es"}]}},"_links":{"self":[{"href":"https:\/\/glynisgermancelebrant.com\/es\/wp-json\/wp\/v2\/pages\/3303"}],"collection":[{"href":"https:\/\/glynisgermancelebrant.com\/es\/wp-json\/wp\/v2\/pages"}],"about":[{"href":"https:\/\/glynisgermancelebrant.com\/es\/wp-json\/wp\/v2\/types\/page"}],"author":[{"embeddable":true,"href":"https:\/\/glynisgermancelebrant.com\/es\/wp-json\/wp\/v2\/users\/1"}],"replies":[{"embeddable":true,"href":"https:\/\/glynisgermancelebrant.com\/es\/wp-json\/wp\/v2\/comments?post=3303"}],"version-history":[{"count":10,"href":"https:\/\/glynisgermancelebrant.com\/es\/wp-json\/wp\/v2\/pages\/3303\/revisions"}],"predecessor-version":[{"id":3987,"href":"https:\/\/glynisgermancelebrant.com\/es\/wp-json\/wp\/v2\/pages\/3303\/revisions\/3987"}],"wp:attachment":[{"href":"https:\/\/glynisgermancelebrant.com\/es\/wp-json\/wp\/v2\/media?parent=3303"}],"curies":[{"name":"wp","href":"https:\/\/api.w.org\/{rel}","templated":true}]}}